{"id":93,"date":"2021-11-21T16:10:56","date_gmt":"2021-11-21T15:10:56","guid":{"rendered":"https:\/\/www.efie-erlangen.de\/WP\/?page_id=93"},"modified":"2024-04-14T12:03:22","modified_gmt":"2024-04-14T10:03:22","slug":"netzwerk","status":"publish","type":"page","link":"https:\/\/www.efie-erlangen.de\/WP\/netzwerk\/","title":{"rendered":"Netzwerk"},"content":{"rendered":"\n<p>EFIE arbeitet vernetzt mit anderen Organisationen, Institutionen, Helferkreisen und Vereinen. Hier sind unsere Partner:<\/p>\n\n\n\n<div class=\"wp-block-media-text alignwide is-stacked-on-mobile is-vertically-aligned-center\" style=\"padding-top:0px;padding-right:0;padding-bottom:0px;padding-left:0;grid-template-columns:17% auto\"><figure class=\"wp-block-media-text__media\"><img loading=\"lazy\" decoding=\"async\" width=\"512\" height=\"958\" src=\"https:\/\/www.efie-erlangen.de\/WP\/wp-content\/uploads\/2023\/03\/500_Erlangen_AWO.jpg\" alt=\"\" class=\"wp-image-2351 size-full\" srcset=\"https:\/\/www.efie-erlangen.de\/WP\/wp-content\/uploads\/2023\/03\/500_Erlangen_AWO.jpg 512w, https:\/\/www.efie-erlangen.de\/WP\/wp-content\/uploads\/2023\/03\/500_Erlangen_AWO-160x300.jpg 160w\" sizes=\"auto, (max-width: 512px) 100vw, 512px\" \/><\/figure><div class=\"wp-block-media-text__content\">\n<p class=\"has-large-font-size\"><a rel=\"noreferrer noopener\" href=\"https:\/\/erlangen.de\/aktuelles\/beratung-flucht-integration\" data-type=\"URL\" data-id=\"https:\/\/erlangen.de\/aktuelles\/beratung-flucht-integration\" target=\"_blank\">Fl\u00fcchtlings- und Integrationsberatung bei der Stadt Erlangen<\/a><\/p>\n\n\n\n<p>Die Fl\u00fcchtlings- &amp; Integrationsberatung und die Migrationsberatung der Arbeiterwohlfahrt bieten zusammen mit der Stadt Erlangen Beratung und Unterst\u00fctzung f\u00fcr Migrantinnen und Migranten unabh\u00e4ngig von Religion, Geschlecht, sexueller Orientierung oder Nationalit\u00e4t an.<\/p>\n\n\n\n<p>Sie unterst\u00fctzen den Integrationsprozess von Menschen mit Migrationshintergrund und ihrer Familienangeh\u00f6rigen nach dem Grundsatz \u201eF\u00f6rdern und Fordern\u201c, um einerseits die Teilhabechancen der Migrantinnen \/Migranten und andererseits das gelebte Miteinander der Menschen mit und ohne Migrationshintergrund in der deutschen Gesellschaft zu st\u00e4rken.<\/p>\n\n\n\n<p>Dabei beraten sie Asylbewerber, Geduldete, anerkannte Fl\u00fcchtlinge sowie Unionsb\u00fcrger, Sp\u00e4taussiedler und Zuwanderer aus Drittstaaten mit Aufenthaltserlaubnis, die in der Stadt Erlangen wohnen bei Fragen zum Integrationskurs, zu sozial- und aufenthaltsrechtlichen Belangen, zur Ausbildung, beruflichen Integration und zu vielen anderen Lebensbereichen. Bei Asylbewerbern und Geduldeten zu dem \u00fcber den Inhalt und Ablauf des Asylverfahrens sowie zu R\u00fcckkehr und Weiterwanderung.&nbsp;<\/p>\n\n\n\n<p>Sie bieten Orientierungshilfe und Informationen zu verschiedenen Lebensbereichen, wie Bildung, Arbeit, Familie, Gesundheit, Freizeit, etc. in Deutsch, Englisch, T\u00fcrkisch, Griechisch und Arabisch<\/p>\n<\/div><\/div>\n\n\n\n<div class=\"wp-block-media-text alignwide is-stacked-on-mobile is-vertically-aligned-center\" style=\"padding-top:0px;grid-template-columns:17% auto\"><figure class=\"wp-block-media-text__media\"><img loading=\"lazy\" decoding=\"async\" width=\"500\" height=\"500\" src=\"https:\/\/www.efie-erlangen.de\/WP\/wp-content\/uploads\/2022\/01\/500_KHG.jpg\" alt=\"\" class=\"wp-image-556 size-full\" srcset=\"https:\/\/www.efie-erlangen.de\/WP\/wp-content\/uploads\/2022\/01\/500_KHG.jpg 500w, https:\/\/www.efie-erlangen.de\/WP\/wp-content\/uploads\/2022\/01\/500_KHG-300x300.jpg 300w, https:\/\/www.efie-erlangen.de\/WP\/wp-content\/uploads\/2022\/01\/500_KHG-150x150.jpg 150w, https:\/\/www.efie-erlangen.de\/WP\/wp-content\/uploads\/2022\/01\/500_KHG-70x70.jpg 70w\" sizes=\"auto, (max-width: 500px) 100vw, 500px\" \/><\/figure><div class=\"wp-block-media-text__content\">\n<p class=\"has-large-font-size\"><a rel=\"noreferrer noopener\" href=\"http:\/\/www.khg-erlangen.de\/hausaufgabenbetreuung-fuer-fluechtlinge-oeku.html\" target=\"_blank\">Katholische Hochschulgemeinde<\/a><\/p>\n\n\n\n<p>Die Katholische Hochschulgemeinde (KHG) ist eine internationale Gemeinschaft aus Studierenden und jungen Akademikerinnen und Akademikern.<\/p>\n\n\n\n<p>Der Arbeitskreis Hausaufgabenbetreuung f\u00fcr Fl\u00fcchtlinge bieten in Kooperation mit EFIE, Hausaufgabenbetreuung und Nachhilfe f\u00fcr Gefl\u00fcchtete in Erlangen an. Ziel ist es, Gefl\u00fcchtete in der Schule und bei der Ausbildung zu unterst\u00fctzen. Nebenbei gibt dies aber auch die M\u00f6glichkeit, die Gefl\u00fcchteten besser kennenzulernen. Viele Teams, die lange zusammenarbeiten, entwickeln echte Freundschaften, die \u00fcber das Nachhilfe geben und nehmen hinaus gehen. Besonders oft wird Nachhilfe in Deutsch gesucht, aber auch Leute, die lieber in Mathe, Englisch oder anderen F\u00e4chern unterst\u00fctzen m\u00f6chten, sind bei uns willkommen. Bestimmte Voraussetzungen braucht man nicht, nur Offenheit und Lust auf Menschen aus anderen Kulturen und etwas Flexibilit\u00e4t. Wenn Du Interesse hast, Dich zu engagieren, dann schreib uns am Besten eine E-Mail an <a href=\"https:\/\/www.efie-erlangen.de\/WP\/kontakt-hausaufgabenbetreuung\/\" data-type=\"page\" data-id=\"388\" target=\"_blank\" rel=\"noreferrer noopener\">Kontakt Hausaufgabenbetreuung<\/a><\/p>\n<\/div><\/div>\n\n\n\n<div class=\"wp-block-media-text alignwide is-stacked-on-mobile is-vertically-aligned-center\" style=\"grid-template-columns:17% auto\"><figure class=\"wp-block-media-text__media\"><img loading=\"lazy\" decoding=\"async\" width=\"500\" height=\"500\" src=\"https:\/\/www.efie-erlangen.de\/WP\/wp-content\/uploads\/2022\/01\/500_CafeAsyl.jpg\" alt=\"\" class=\"wp-image-548 size-full\" srcset=\"https:\/\/www.efie-erlangen.de\/WP\/wp-content\/uploads\/2022\/01\/500_CafeAsyl.jpg 500w, https:\/\/www.efie-erlangen.de\/WP\/wp-content\/uploads\/2022\/01\/500_CafeAsyl-300x300.jpg 300w, https:\/\/www.efie-erlangen.de\/WP\/wp-content\/uploads\/2022\/01\/500_CafeAsyl-150x150.jpg 150w, https:\/\/www.efie-erlangen.de\/WP\/wp-content\/uploads\/2022\/01\/500_CafeAsyl-70x70.jpg 70w\" sizes=\"auto, (max-width: 500px) 100vw, 500px\" \/><\/figure><div class=\"wp-block-media-text__content\">\n<p class=\"has-large-font-size\"><a href=\"https:\/\/stadtteilarbeit-erlangen.de\/die-villa\/cafe-asyl\/\" data-type=\"URL\" data-id=\"https:\/\/stadtteilarbeit-erlangen.de\/die-villa\/cafe-asyl\/\" target=\"_blank\" rel=\"noreferrer noopener\">Caf\u00e9 Villa Erlangen<\/a><\/p>\n\n\n\n<p>Das Caf\u00e9 Villa (ehemals Caf\u00e9 Asyl) m\u00f6chte Gefl\u00fcchteten und Erlanger*innen die Gelegenheit bieten, sich bei Kaffee\/Tee und Kuchen kennenzulernen und in lockerer Atmosph\u00e4re miteinander ins Gespr\u00e4ch zu kommen. Damit soll f\u00fcr etwas Abwechslung und Unterst\u00fctzung im Alltag gesorgt werden. Erwachsene und ihre Kinder sind herzlich willkommen!<\/p>\n\n\n\n<p>Mehr Infos auf der <a rel=\"noreferrer noopener\" href=\"https:\/\/de-de.facebook.com\/CafeAsylErlangen\/\" target=\"_blank\">Facebook<\/a> oder <a rel=\"noreferrer noopener\" href=\"https:\/\/www.instagram.com\/cafe_asyl_erlangen\/?hl=de\" target=\"_blank\">Instagram<\/a> Seite des Caf\u00e9 Villa.<\/p>\n<\/div><\/div>\n\n\n\n<div class=\"wp-block-media-text alignwide is-stacked-on-mobile is-vertically-aligned-center\" style=\"grid-template-columns:17% auto\"><figure class=\"wp-block-media-text__media\"><img loading=\"lazy\" decoding=\"async\" width=\"161\" height=\"225\" src=\"https:\/\/www.efie-erlangen.de\/WP\/wp-content\/uploads\/2023\/03\/AIB.jpg\" alt=\"\" class=\"wp-image-2383 size-full\"\/><\/figure><div class=\"wp-block-media-text__content\">\n<p class=\"has-large-font-size\"><a href=\"https:\/\/erlangen.de\/themenseite\/mitgestalten\/politik-mitgestalten\/aib\" data-type=\"URL\" data-id=\"https:\/\/erlangen.de\/themenseite\/mitgestalten\/politik-mitgestalten\/aib\" target=\"_blank\" rel=\"noreferrer noopener\">Ausl\u00e4nder- und Integrationsbeirat (AIB)<\/a><\/p>\n\n\n\n<p>Der AIB ist ein Gremium von Mitgliedern mit Migrationsgeschichte. Der Beirat gestaltet seit 1974 die Politik und die Angebote f\u00fcr Migrantinnen in Erlangen mit.  Dabei setzen sie sich f\u00fcr die Interessen von Menschen mit Migrationsgeschichte ein &#8211; 30 Prozent aller B\u00fcrgerinnen in Erlangen.<\/p>\n<\/div><\/div>\n\n\n\n<div class=\"wp-block-media-text alignwide is-stacked-on-mobile is-vertically-aligned-center\" style=\"grid-template-columns:17% auto\"><figure class=\"wp-block-media-text__media\"><img loading=\"lazy\" decoding=\"async\" width=\"448\" height=\"500\" src=\"https:\/\/www.efie-erlangen.de\/WP\/wp-content\/uploads\/2022\/01\/500_Landkreis.jpg\" alt=\"\" class=\"wp-image-557 size-full\" srcset=\"https:\/\/www.efie-erlangen.de\/WP\/wp-content\/uploads\/2022\/01\/500_Landkreis.jpg 448w, https:\/\/www.efie-erlangen.de\/WP\/wp-content\/uploads\/2022\/01\/500_Landkreis-269x300.jpg 269w\" sizes=\"auto, (max-width: 448px) 100vw, 448px\" \/><\/figure><div class=\"wp-block-media-text__content\">\n<p class=\"has-large-font-size\"><a href=\"https:\/\/www.erlangen-hoechstadt.de\/leben-in-erh\/fluechtlinge\/helferkreise\/\" target=\"_blank\" rel=\"noreferrer noopener\">Erlangen-H\u00f6chstadt<\/a><\/p>\n\n\n\n<p>FiERH \u2013 Fl\u00fcchtlingsinitiative im Landkreis Erlangen-H\u00f6chstadt &#8211; Ein Zusammenschluss der Helferkreise im Landkreis Erlangen-H\u00f6chstadt.<\/p>\n<\/div><\/div>\n\n\n\n<div class=\"wp-block-media-text alignwide is-stacked-on-mobile is-vertically-aligned-center\" style=\"grid-template-columns:17% auto\"><figure class=\"wp-block-media-text__media\"><img loading=\"lazy\" decoding=\"async\" width=\"500\" height=\"500\" src=\"https:\/\/www.efie-erlangen.de\/WP\/wp-content\/uploads\/2022\/01\/500_LawClinic.jpg\" alt=\"\" class=\"wp-image-558 size-full\" srcset=\"https:\/\/www.efie-erlangen.de\/WP\/wp-content\/uploads\/2022\/01\/500_LawClinic.jpg 500w, https:\/\/www.efie-erlangen.de\/WP\/wp-content\/uploads\/2022\/01\/500_LawClinic-300x300.jpg 300w, https:\/\/www.efie-erlangen.de\/WP\/wp-content\/uploads\/2022\/01\/500_LawClinic-150x150.jpg 150w, https:\/\/www.efie-erlangen.de\/WP\/wp-content\/uploads\/2022\/01\/500_LawClinic-70x70.jpg 70w\" sizes=\"auto, (max-width: 500px) 100vw, 500px\" \/><\/figure><div class=\"wp-block-media-text__content\">\n<p class=\"has-large-font-size\"><a href=\"http:\/\/www.rlc-erlangen.de\/\" target=\"_blank\" rel=\"noreferrer noopener\">Refugee Law Clinic<\/a><\/p>\n\n\n\n<p>Das Asylverfahren in Deutschland ist umfangreich und f\u00fcr den Laien kaum \u00fcberblickbar. Die Refugee Law Clinic Erlangen-Nuremberg e.V. hat es sich zur Aufgabe gemacht, Gefl\u00fcchteten bei dem Durchlaufen des Asylverfahren zu unters\u00fctzen und zu beraten. Dabei werden Fragen gekl\u00e4rt, wie z.B. eine Anh\u00f6rung vor dem BAMF abl\u00e4uft und welche Voraussetzungen vorliegen m\u00fcssen, um die Zuerkennung von Fl\u00fcchtlingsschutz zu erhalten.<\/p>\n<\/div><\/div>\n\n\n\n<div class=\"wp-block-media-text alignwide is-stacked-on-mobile is-vertically-aligned-center\" style=\"grid-template-columns:17% auto\"><figure class=\"wp-block-media-text__media\"><img loading=\"lazy\" decoding=\"async\" width=\"500\" height=\"500\" src=\"https:\/\/www.efie-erlangen.de\/WP\/wp-content\/uploads\/2022\/01\/500_ESG.jpg\" alt=\"\" class=\"wp-image-551 size-full\" srcset=\"https:\/\/www.efie-erlangen.de\/WP\/wp-content\/uploads\/2022\/01\/500_ESG.jpg 500w, https:\/\/www.efie-erlangen.de\/WP\/wp-content\/uploads\/2022\/01\/500_ESG-300x300.jpg 300w, https:\/\/www.efie-erlangen.de\/WP\/wp-content\/uploads\/2022\/01\/500_ESG-150x150.jpg 150w, https:\/\/www.efie-erlangen.de\/WP\/wp-content\/uploads\/2022\/01\/500_ESG-70x70.jpg 70w\" sizes=\"auto, (max-width: 500px) 100vw, 500px\" \/><\/figure><div class=\"wp-block-media-text__content\">\n<p class=\"has-large-font-size\"><a href=\"https:\/\/www.esg-erlangen.de\/aktivitaeten\/mitmachen\/hausaufgabenbetreuung\" target=\"_blank\" rel=\"noreferrer noopener\">Evangelische Studierendengemeinde<\/a><\/p>\n\n\n\n<p>Schon seit vielen Semestern ist das Thema Asyl in der ESG pr\u00e4sent. Zwei Arbeitskreise haben sich mittlerweile herausgebildet.<br><strong>Der AK Asyl <\/strong>besch\u00e4ftigt sich mit der politschen Situation von Gefl\u00fcchteten, h\u00e4lt Kontakte zu den Gesamtunterk\u00fcnften in He\u00dfdorf und plant Projekte mit Asylbewerber*innen.<br><strong>Die Sprachpaten <\/strong>treffen sich regelm\u00e4\u00dfig mit Asylsuchenden aus Erlangen und vor allem He\u00dfdorf, um mit ihnen Deutsch zu lernen und zu \u00fcben.<\/p>\n<\/div><\/div>\n\n\n\n<div class=\"wp-block-media-text alignwide is-stacked-on-mobile is-vertically-aligned-center\" style=\"grid-template-columns:17% auto\"><figure class=\"wp-block-media-text__media\"><img loading=\"lazy\" decoding=\"async\" width=\"500\" height=\"500\" src=\"https:\/\/www.efie-erlangen.de\/WP\/wp-content\/uploads\/2022\/01\/500_DekanatErl-1.jpg\" alt=\"\" class=\"wp-image-568 size-full\" srcset=\"https:\/\/www.efie-erlangen.de\/WP\/wp-content\/uploads\/2022\/01\/500_DekanatErl-1.jpg 500w, https:\/\/www.efie-erlangen.de\/WP\/wp-content\/uploads\/2022\/01\/500_DekanatErl-1-300x300.jpg 300w, https:\/\/www.efie-erlangen.de\/WP\/wp-content\/uploads\/2022\/01\/500_DekanatErl-1-150x150.jpg 150w, https:\/\/www.efie-erlangen.de\/WP\/wp-content\/uploads\/2022\/01\/500_DekanatErl-1-70x70.jpg 70w\" sizes=\"auto, (max-width: 500px) 100vw, 500px\" \/><\/figure><div class=\"wp-block-media-text__content\">\n<p class=\"has-large-font-size\"><a href=\"https:\/\/www.erlangen-evangelisch.de\/Flucht\" target=\"_blank\" rel=\"noreferrer noopener\">Evang.-Luth. Dekanat Erlangen<\/a><\/p>\n\n\n\n<p>Aus christlich-j\u00fcdischen \u00dcberlieferung und \u00dcberzeugung heraus ist es dem Dekanat Erlangen ernst, sich f\u00fcr die Rechte und die W\u00fcrde von Gefl\u00fcchteten einzusetzen. Viele Ehren- und Hauptamtliche sind in Unterst\u00fctzer*innen-Kreisen vor Ort aktiv oder haben diese ins Leben gerufen.<br>Es ist gut, dass mehrere hundert Christ*innen und Nicht-Christ*innen im Dekanatsbezirk aktiv sind und Gefl\u00fcchteten bef\u00e4higen, hier in und um Erlangen anzukommen und ihre Selbst\u00e4ndigkeit wiederzugewinnen.<\/p>\n<\/div><\/div>\n\n\n\n<div class=\"wp-block-media-text alignwide is-stacked-on-mobile is-vertically-aligned-center\" style=\"grid-template-columns:17% auto\"><figure class=\"wp-block-media-text__media\"><img loading=\"lazy\" decoding=\"async\" width=\"500\" height=\"110\" src=\"https:\/\/www.efie-erlangen.de\/WP\/wp-content\/uploads\/2022\/01\/500_MedizinMenschenrechte.jpg\" alt=\"\" class=\"wp-image-559 size-full\" srcset=\"https:\/\/www.efie-erlangen.de\/WP\/wp-content\/uploads\/2022\/01\/500_MedizinMenschenrechte.jpg 500w, https:\/\/www.efie-erlangen.de\/WP\/wp-content\/uploads\/2022\/01\/500_MedizinMenschenrechte-300x66.jpg 300w\" sizes=\"auto, (max-width: 500px) 100vw, 500px\" \/><\/figure><div class=\"wp-block-media-text__content\">\n<p class=\"has-large-font-size\"><a href=\"https:\/\/blogs.fau.de\/medmensch\/\" target=\"_blank\" rel=\"noreferrer noopener\">Netzwerk medizinische Fl\u00fcchtlingshilfe Erlangen<\/a><\/p>\n\n\n\n<p>Ziel der Medizinischen Fl\u00fcchtlingshilfe Erlangen ist es, Menschen ohne Papiere und Asylberwerber*innen den Zugang zur medizinischen Versorgung zu erleichtern. Menschen, die sich ohne Papiere, also &#8222;illegal&#8220; in Deutschland aufhalten, droht oft die Abschiebung, wenn sie sich in medizinische Behandlung begeben und bei Asylberwerber*innen reicht die medizinische Behandlung nach dem Asylbewerberleistungsgesetz h\u00e4ufig nicht aus. Es wird eine Anlaufstelle geboten, an die sich Hilfesuchende wenden k\u00f6nnen, um dann nach einem pers\u00f6nlichen Beratungsgespr\u00e4ch an eine entsprechende Arztpraxis vermittelt zu werden. Je nach Bedarf wird eine Begleitung oder ein*e \u00dcbersetzer*in f\u00fcr die Hilfesuchenden gesucht, die sie\/ihn zur Praxis begleitet.<\/p>\n<\/div><\/div>\n\n\n\n<div class=\"wp-block-media-text alignwide is-stacked-on-mobile is-vertically-aligned-center\" style=\"grid-template-columns:17% auto\"><figure class=\"wp-block-media-text__media\"><img loading=\"lazy\" decoding=\"async\" width=\"500\" height=\"260\" src=\"https:\/\/www.efie-erlangen.de\/WP\/wp-content\/uploads\/2022\/01\/500_Flib.jpg\" alt=\"\" class=\"wp-image-553 size-full\" srcset=\"https:\/\/www.efie-erlangen.de\/WP\/wp-content\/uploads\/2022\/01\/500_Flib.jpg 500w, https:\/\/www.efie-erlangen.de\/WP\/wp-content\/uploads\/2022\/01\/500_Flib-300x156.jpg 300w\" sizes=\"auto, (max-width: 500px) 100vw, 500px\" \/><\/figure><div class=\"wp-block-media-text__content\">\n<p class=\"has-large-font-size\"><a href=\"http:\/\/fluechtlingsbetreuung-buckenhof.de\/\" target=\"_blank\" rel=\"noreferrer noopener\">Flib e.V.<\/a><\/p>\n\n\n\n<p>Die FliB in Buckenhof h\u00e4lt es f\u00fcr eine wichtige gesellschaftliche Aufgabe, Schutz suchenden Menschen, die Eingew\u00f6hnung in die neue Umgebung zu erleichtern und sie wirkungsvoll zu betreuen.<br>Offen sind sie dabei zugleich f\u00fcr Anliegen, die von Buckenhofer*innen mit Blick auf den Aufenthalt von hier wohnenden Asylbewerbern*innen vorgetragen werden.<\/p>\n<\/div><\/div>\n\n\n\n<div class=\"wp-block-media-text alignwide is-stacked-on-mobile is-vertically-aligned-center\" style=\"grid-template-columns:17% auto\"><figure class=\"wp-block-media-text__media\"><img loading=\"lazy\" decoding=\"async\" width=\"500\" height=\"211\" src=\"https:\/\/www.efie-erlangen.de\/WP\/wp-content\/uploads\/2022\/01\/500_Fuge.jpg\" alt=\"\" class=\"wp-image-555 size-full\" srcset=\"https:\/\/www.efie-erlangen.de\/WP\/wp-content\/uploads\/2022\/01\/500_Fuge.jpg 500w, https:\/\/www.efie-erlangen.de\/WP\/wp-content\/uploads\/2022\/01\/500_Fuge-300x127.jpg 300w\" sizes=\"auto, (max-width: 500px) 100vw, 500px\" \/><\/figure><div class=\"wp-block-media-text__content\">\n<p class=\"has-large-font-size\"><a href=\"http:\/\/fuge-uttenreuth.de\/\" target=\"_blank\" rel=\"noreferrer noopener\">Fuge e.V.<\/a><\/p>\n\n\n\n<p>FUGE e.V. bietet Gefl\u00fcchteten, die in Uttenreuth leben, Unterst\u00fctzung an. Dies kann unter anderem bedeuten, die Bereitschaft zum pers\u00f6nlichen Gespr\u00e4ch, Unterst\u00fctzung beim Deutschlernen, Begleitung bei Beh\u00f6rdeng\u00e4ngen und Unterst\u00fctzung bei der Korrespondenz mit Beh\u00f6rden, Begleitung bei Arztbesuchen, Unterst\u00fctzung bei der Integration in das Gemeindeleben, Guidelines f\u00fcr das Zusammenleben.<br>FUGe e.V. m\u00f6chte den Informationsaustausch zwischen den B\u00fcrger*innen in Uttenreuth und den Gefl\u00fcchteten f\u00f6rdern.<\/p>\n<\/div><\/div>\n\n\n\n<div class=\"wp-block-media-text alignwide is-stacked-on-mobile is-vertically-aligned-center\" style=\"grid-template-columns:17% auto\"><figure class=\"wp-block-media-text__media\"><img loading=\"lazy\" decoding=\"async\" width=\"500\" height=\"500\" src=\"https:\/\/www.efie-erlangen.de\/WP\/wp-content\/uploads\/2022\/01\/500_Amnesty.jpg\" alt=\"\" class=\"wp-image-543 size-full\" srcset=\"https:\/\/www.efie-erlangen.de\/WP\/wp-content\/uploads\/2022\/01\/500_Amnesty.jpg 500w, https:\/\/www.efie-erlangen.de\/WP\/wp-content\/uploads\/2022\/01\/500_Amnesty-300x300.jpg 300w, https:\/\/www.efie-erlangen.de\/WP\/wp-content\/uploads\/2022\/01\/500_Amnesty-150x150.jpg 150w, https:\/\/www.efie-erlangen.de\/WP\/wp-content\/uploads\/2022\/01\/500_Amnesty-70x70.jpg 70w\" sizes=\"auto, (max-width: 500px) 100vw, 500px\" \/><\/figure><div class=\"wp-block-media-text__content\">\n<p class=\"has-large-font-size\"><a rel=\"noreferrer noopener\" href=\"http:\/\/www.amnesty-erlangen.de\/\" target=\"_blank\">Amnesty International Gruppe 1070 Erlangen<\/a><\/p>\n\n\n\n<p>Amnesty bietet Gefl\u00fcchteten eine kompetente Asylberatung durch Mitarbeiter*innen, die speziell im aktuellen Asylrecht geschult sind. Wir beraten nach vorheriger Terminvereinbarung am Dienstag von 19 bis 20 Uhr im B\u00fcrgertreff &#8222;Die Villa&#8220;, \u00c4u\u00dfere Brucker Stra\u00dfe 49 in Erlangen. Per E-Mail erreicht man die Gruppe Erlangen unter <a href=\"mailto:asylberatung@amnesty-erlangen.de\" target=\"_blank\" rel=\"noreferrer noopener\">asylberatung@amnesty-erlangen.de<\/a><\/p>\n<\/div><\/div>\n\n\n\n<div class=\"wp-block-media-text alignwide is-stacked-on-mobile is-vertically-aligned-center\" style=\"grid-template-columns:17% auto\"><figure class=\"wp-block-media-text__media\"><img loading=\"lazy\" decoding=\"async\" width=\"500\" height=\"500\" src=\"https:\/\/www.efie-erlangen.de\/WP\/wp-content\/uploads\/2022\/01\/500_ProAsyl.jpg\" alt=\"\" class=\"wp-image-561 size-full\" srcset=\"https:\/\/www.efie-erlangen.de\/WP\/wp-content\/uploads\/2022\/01\/500_ProAsyl.jpg 500w, https:\/\/www.efie-erlangen.de\/WP\/wp-content\/uploads\/2022\/01\/500_ProAsyl-300x300.jpg 300w, https:\/\/www.efie-erlangen.de\/WP\/wp-content\/uploads\/2022\/01\/500_ProAsyl-150x150.jpg 150w, https:\/\/www.efie-erlangen.de\/WP\/wp-content\/uploads\/2022\/01\/500_ProAsyl-70x70.jpg 70w\" sizes=\"auto, (max-width: 500px) 100vw, 500px\" \/><\/figure><div class=\"wp-block-media-text__content\">\n<p class=\"has-large-font-size\"><a rel=\"noreferrer noopener\" href=\"https:\/\/www.proasyl.de\/\" target=\"_blank\">Pro Asyl<\/a> <\/p>\n\n\n\n<p>PRO ASYL ist die unabh\u00e4ngige Stimme f\u00fcr die Menschenrechte und den Schutz von Gefl\u00fcchteten in Deutschland und Europa. Die Arbeit der Organisation wird durch Mitgliedsbeitr\u00e4ge, Spenden und Stiftungszuwendungen finanziert.<\/p>\n\n\n\n<p>Gegr\u00fcndet wurde PRO ASYL 1986 von Mitarbeitenden aus Fl\u00fcchtlingsr\u00e4ten, Kirchen, Gewerkschaften, Wohlfahrts- und Menschenrechtsorganisationen, um der sich damals ausbreitenden rechten und rassistischen Hetze gegen\u00fcber Asylsuchenden entgegenzutreten und f\u00fcr den Schutz von verfolgten Menschen zu k\u00e4mpfen. Eine Aufgabe, die an Dringlichkeit bis heute nichts verloren hat.<\/p>\n<\/div><\/div>\n\n\n\n<div class=\"wp-block-media-text alignwide is-stacked-on-mobile is-vertically-aligned-center\" style=\"grid-template-columns:17% auto\"><figure class=\"wp-block-media-text__media\"><img loading=\"lazy\" decoding=\"async\" width=\"500\" height=\"500\" src=\"https:\/\/www.efie-erlangen.de\/WP\/wp-content\/uploads\/2022\/01\/500_BayFluechtlingsrat.jpg\" alt=\"\" class=\"wp-image-547 size-full\" srcset=\"https:\/\/www.efie-erlangen.de\/WP\/wp-content\/uploads\/2022\/01\/500_BayFluechtlingsrat.jpg 500w, https:\/\/www.efie-erlangen.de\/WP\/wp-content\/uploads\/2022\/01\/500_BayFluechtlingsrat-300x300.jpg 300w, https:\/\/www.efie-erlangen.de\/WP\/wp-content\/uploads\/2022\/01\/500_BayFluechtlingsrat-150x150.jpg 150w, https:\/\/www.efie-erlangen.de\/WP\/wp-content\/uploads\/2022\/01\/500_BayFluechtlingsrat-70x70.jpg 70w\" sizes=\"auto, (max-width: 500px) 100vw, 500px\" \/><\/figure><div class=\"wp-block-media-text__content\">\n<p class=\"has-large-font-size\"><a href=\"http:\/\/www.fluechtlingsrat-bayern.de\/\" target=\"_blank\" rel=\"noreferrer noopener\">Bayerischer Fl\u00fcchtlingsrat<\/a><\/p>\n\n\n\n<p>Der Bayerische Fl\u00fcchtlingsrat ist eine Organisation der Gefl\u00fcchtetensolidarit\u00e4t. Als Menschenrechtsorganisation macht er sich stark f\u00fcr die Rechte von Gefl\u00fcchteten und Migrant*innen. Er ist der festen \u00dcberzeugung, dass die Geltung von Menschenrechten Vorrang haben muss vor einer Politik der Fl\u00fcchtlingsabwehr. Dabei k\u00e4mpft der Bayerische Fl\u00fcchtlingsrat f\u00fcr ein echtes Bleiberecht, f\u00fcr alle Gefl\u00fcchteten und Migrant*innen.<\/p>\n\n\n\n<p>Durch \u00d6ffentlichkeitsarbeit tr\u00e4gt er dazu bei, dass die gesellschaftliche Akzeptanz gegen\u00fcber Gefl\u00fcchteten und Migrant*innen w\u00e4chst. Dort, wo individuelles Handeln an seine Grenzen st\u00f6\u00dft, klagt er auf vielf\u00e4ltige Weise menschenunw\u00fcrdige Lebenssituationen an, um strukturelle Verbesserungen f\u00fcr alle Gefl\u00fcchteten zu erlangen.<\/p>\n<\/div><\/div>\n\n\n\n<div class=\"wp-block-media-text alignwide is-stacked-on-mobile is-vertically-aligned-center\" style=\"grid-template-columns:17% auto\"><figure class=\"wp-block-media-text__media\"><img loading=\"lazy\" decoding=\"async\" width=\"500\" height=\"500\" src=\"https:\/\/www.efie-erlangen.de\/WP\/wp-content\/uploads\/2022\/01\/500_UnserVeto.jpg\" alt=\"\" class=\"wp-image-564 size-full\" srcset=\"https:\/\/www.efie-erlangen.de\/WP\/wp-content\/uploads\/2022\/01\/500_UnserVeto.jpg 500w, https:\/\/www.efie-erlangen.de\/WP\/wp-content\/uploads\/2022\/01\/500_UnserVeto-300x300.jpg 300w, https:\/\/www.efie-erlangen.de\/WP\/wp-content\/uploads\/2022\/01\/500_UnserVeto-150x150.jpg 150w, https:\/\/www.efie-erlangen.de\/WP\/wp-content\/uploads\/2022\/01\/500_UnserVeto-70x70.jpg 70w\" sizes=\"auto, (max-width: 500px) 100vw, 500px\" \/><\/figure><div class=\"wp-block-media-text__content\">\n<p class=\"has-large-font-size\"><a rel=\"noreferrer noopener\" href=\"https:\/\/www.unserveto-bayern.de\/\" target=\"_blank\">unserVETO<\/a> <br>Verband der ehrenamtlichen Fl\u00fcchtlingshelfer*innen Bayern<\/p>\n\n\n\n<p><em>unser<strong>VETO<\/strong><\/em> ist eine \u00fcberparteiliche B\u00fcrgerbewegung f\u00fcr alle ehrenamtlichen Fl\u00fcchtlingshelfer*innen.<\/p>\n\n\n\n<p>Das Ziele: Hilfe f\u00fcr Ehrenamtliche in der Fl\u00fcchtlingshilfe und deren Vernetzung, Gespr\u00e4che und Verhandlungen mit Parteien und politischen Entscheidungstr\u00e4ger*innen (z.B. im bayerischen Innenministerium), aktive \u00d6ffentlichkeits- und Pressearbeit, Mit-Gestaltung positiver Fl\u00fcchtlingspolitik, Gespr\u00e4ch mit B\u00fcrger*innen, die sich wegen Zuwanderung Sorgen machen.<\/p>\n<\/div><\/div>\n\n\n\n<div class=\"wp-block-media-text alignwide is-stacked-on-mobile is-vertically-aligned-center\" style=\"grid-template-columns:17% auto\"><figure class=\"wp-block-media-text__media\"><img loading=\"lazy\" decoding=\"async\" width=\"150\" height=\"127\" src=\"https:\/\/www.efie-erlangen.de\/WP\/wp-content\/uploads\/2022\/02\/asylkreis.png\" alt=\"\" class=\"wp-image-881 size-full\"\/><\/figure><div class=\"wp-block-media-text__content\">\n<p class=\"has-large-font-size\"><a href=\"http:\/\/www.asylhelfer.bayern\/\" target=\"_blank\" rel=\"noreferrer noopener\">Asylhelfer Bayern<\/a><\/p>\n\n\n\n<p>Die Portalseite bietet einen gro\u00dfz\u00fcgigen \u00dcberblick, \u00fcber alle Arbeits- und Helferkreise mit dem Thema Asyl in Bayern.<\/p>\n<\/div><\/div>\n\n\n\n<div class=\"wp-block-media-text alignwide is-stacked-on-mobile is-vertically-aligned-center\" style=\"grid-template-columns:17% auto\"><figure class=\"wp-block-media-text__media\"><img loading=\"lazy\" decoding=\"async\" width=\"500\" height=\"500\" src=\"https:\/\/www.efie-erlangen.de\/WP\/wp-content\/uploads\/2022\/01\/500_Asylnet.jpg\" alt=\"\" class=\"wp-image-545 size-full\" srcset=\"https:\/\/www.efie-erlangen.de\/WP\/wp-content\/uploads\/2022\/01\/500_Asylnet.jpg 500w, https:\/\/www.efie-erlangen.de\/WP\/wp-content\/uploads\/2022\/01\/500_Asylnet-300x300.jpg 300w, https:\/\/www.efie-erlangen.de\/WP\/wp-content\/uploads\/2022\/01\/500_Asylnet-150x150.jpg 150w, https:\/\/www.efie-erlangen.de\/WP\/wp-content\/uploads\/2022\/01\/500_Asylnet-70x70.jpg 70w\" sizes=\"auto, (max-width: 500px) 100vw, 500px\" \/><\/figure><div class=\"wp-block-media-text__content\">\n<p class=\"has-large-font-size\"><a href=\"https:\/\/www.asyl.net\/\" target=\"_blank\" rel=\"noreferrer noopener\">Informationsverbund Asyl &amp; Migration<\/a><\/p>\n\n\n\n<p>Der Informationsverbund Asyl und Migration e.V. ist ein Zusammenschluss von in der Fl\u00fcchtlings- und Migrationsarbeit aktiven Organisationen. Gemeinsames Ziel ist es, f\u00fcr die Beratungs- und Entscheidungspraxis relevante Informationen zug\u00e4nglich zu machen. Insbesondere sieht es der Verein als seine Aufgabe an, \u00f6ffentlich verf\u00fcgbare Entscheidungen und Berichte so aufzubereiten, dass ein unkomplizierter und niedrigschwelliger Zugang f\u00fcr die an asyl- und aufenthaltsrechtlichen Verfahren beteiligten Personen und Institutionen gew\u00e4hrleistet wird.<\/p>\n<\/div><\/div>\n\n\n\n<div class=\"wp-block-media-text alignwide is-stacked-on-mobile is-vertically-aligned-center\" style=\"grid-template-columns:17% auto\"><figure class=\"wp-block-media-text__media\"><img loading=\"lazy\" decoding=\"async\" width=\"500\" height=\"500\" src=\"https:\/\/www.efie-erlangen.de\/WP\/wp-content\/uploads\/2022\/01\/500_SJR.jpg\" alt=\"\" class=\"wp-image-562 size-full\" srcset=\"https:\/\/www.efie-erlangen.de\/WP\/wp-content\/uploads\/2022\/01\/500_SJR.jpg 500w, https:\/\/www.efie-erlangen.de\/WP\/wp-content\/uploads\/2022\/01\/500_SJR-300x300.jpg 300w, https:\/\/www.efie-erlangen.de\/WP\/wp-content\/uploads\/2022\/01\/500_SJR-150x150.jpg 150w, https:\/\/www.efie-erlangen.de\/WP\/wp-content\/uploads\/2022\/01\/500_SJR-70x70.jpg 70w\" sizes=\"auto, (max-width: 500px) 100vw, 500px\" \/><\/figure><div class=\"wp-block-media-text__content\">\n<p class=\"has-large-font-size\"><a href=\"https:\/\/www.sjr-erlangen.de\/WP\/\" data-type=\"URL\" data-id=\"https:\/\/www.sjr-erlangen.de\/WP\/\" target=\"_blank\" rel=\"noreferrer noopener\">Stadtjugendring Erlangen<\/a><\/p>\n\n\n\n<p>Der Stadtjugendring Erlangen (SJR) ist die Arbeitsgemeinschaft der Erlanger Jugendverb\u00e4nde und Gemeinschaften. Er bietet auch fachliche Hilfe bei schulischen Fragen an.<\/p>\n<\/div><\/div>\n\n\n\n<div class=\"wp-block-media-text alignwide is-stacked-on-mobile is-vertically-aligned-center\" style=\"grid-template-columns:17% auto\"><figure class=\"wp-block-media-text__media\"><img loading=\"lazy\" decoding=\"async\" width=\"500\" height=\"500\" src=\"https:\/\/www.efie-erlangen.de\/WP\/wp-content\/uploads\/2022\/01\/500_UNHCR.jpg\" alt=\"\" class=\"wp-image-563 size-full\" srcset=\"https:\/\/www.efie-erlangen.de\/WP\/wp-content\/uploads\/2022\/01\/500_UNHCR.jpg 500w, https:\/\/www.efie-erlangen.de\/WP\/wp-content\/uploads\/2022\/01\/500_UNHCR-300x300.jpg 300w, https:\/\/www.efie-erlangen.de\/WP\/wp-content\/uploads\/2022\/01\/500_UNHCR-150x150.jpg 150w, https:\/\/www.efie-erlangen.de\/WP\/wp-content\/uploads\/2022\/01\/500_UNHCR-70x70.jpg 70w\" sizes=\"auto, (max-width: 500px) 100vw, 500px\" \/><\/figure><div class=\"wp-block-media-text__content\">\n<p class=\"has-large-font-size\"><a href=\"https:\/\/www.uno-fluechtlingshilfe.de\/hilfe-weltweit\/fluechtlingsschutz\/\" target=\"_blank\" rel=\"noreferrer noopener\">UNHCR<\/a><\/p>\n\n\n\n<p>Normalerweise garantieren Staaten die Sicherheit und die Rechte ihrer B\u00fcrger*innen. Doch Gefl\u00fcchtete haben diesen Schutz durch Krieg und Verfolgung verloren. Ihr &#8222;Ersatz&#8220; ist die <a rel=\"noreferrer noopener\" href=\"https:\/\/www.uno-fluechtlingshilfe.de\/hilfe-weltweit\/fluechtlingsschutz\/#c62687\" target=\"_blank\">Genfer Fl\u00fcchtlingskonvention<\/a>. Sie ist internationales V\u00f6lkerrecht und die Grundlage f\u00fcr den weltweiten Fl\u00fcchtlingsschutz. Die Aufgabe der UNO Fl\u00fcchtlingshilfe ist es, daf\u00fcr zu sorgen, dass Gefl\u00fcchtete die darin geregelten Rechte wahrnehmen k\u00f6nnen und den Schutz erhalten, der ihnen zusteht.<\/p>\n<\/div><\/div>\n\n\n\n<div class=\"wp-block-media-text alignwide is-stacked-on-mobile is-vertically-aligned-center\" style=\"grid-template-columns:17% auto\"><figure class=\"wp-block-media-text__media\"><img loading=\"lazy\" decoding=\"async\" width=\"500\" height=\"500\" src=\"https:\/\/www.efie-erlangen.de\/WP\/wp-content\/uploads\/2022\/01\/500_Allianz.jpg\" alt=\"\" class=\"wp-image-542 size-full\" srcset=\"https:\/\/www.efie-erlangen.de\/WP\/wp-content\/uploads\/2022\/01\/500_Allianz.jpg 500w, https:\/\/www.efie-erlangen.de\/WP\/wp-content\/uploads\/2022\/01\/500_Allianz-300x300.jpg 300w, https:\/\/www.efie-erlangen.de\/WP\/wp-content\/uploads\/2022\/01\/500_Allianz-150x150.jpg 150w, https:\/\/www.efie-erlangen.de\/WP\/wp-content\/uploads\/2022\/01\/500_Allianz-70x70.jpg 70w\" sizes=\"auto, (max-width: 500px) 100vw, 500px\" \/><\/figure><div class=\"wp-block-media-text__content\">\n<p class=\"has-large-font-size\"><a href=\"https:\/\/www.allianz-gegen-rechtsextremismus.de\/\" target=\"_blank\" rel=\"noreferrer noopener\">Allianz gegen Rechtsextremismus in der Metropolregion N\u00fcrnberg<\/a><\/p>\n\n\n\n<p>Die Allianz versteht sich als unabh\u00e4ngiges und solidarisches Netzwerk. Egal welchen politischen, sozialen, religi\u00f6sen, nationalen oder rechtlichen Hintergrund die einzelnen Mitglieder haben, geht es in der Allianz gegen Rechtsextremismus darum, allen Formen von gruppenbezogener Menschenfeindlichkeit, insbesondere Rassismus, Antisemitismus, Antiziganismus, Islamfeindlichkeit sowie Menschenverachtung und Demokratiefeindlichkeit entschieden entgegenzutreten.<\/p>\n<\/div><\/div>\n\n\n\n<div class=\"wp-block-media-text alignwide is-stacked-on-mobile is-vertically-aligned-center\" style=\"grid-template-columns:17% auto\"><figure class=\"wp-block-media-text__media\"><img loading=\"lazy\" decoding=\"async\" width=\"500\" height=\"500\" src=\"https:\/\/www.efie-erlangen.de\/WP\/wp-content\/uploads\/2022\/01\/500_FsF.jpg\" alt=\"\" class=\"wp-image-554 size-full\" srcset=\"https:\/\/www.efie-erlangen.de\/WP\/wp-content\/uploads\/2022\/01\/500_FsF.jpg 500w, https:\/\/www.efie-erlangen.de\/WP\/wp-content\/uploads\/2022\/01\/500_FsF-300x300.jpg 300w, https:\/\/www.efie-erlangen.de\/WP\/wp-content\/uploads\/2022\/01\/500_FsF-150x150.jpg 150w, https:\/\/www.efie-erlangen.de\/WP\/wp-content\/uploads\/2022\/01\/500_FsF-70x70.jpg 70w\" sizes=\"auto, (max-width: 500px) 100vw, 500px\" \/><\/figure><div class=\"wp-block-media-text__content\">\n<p class=\"has-large-font-size\"><a href=\"https:\/\/freundstattfremd.de\/\" target=\"_blank\" rel=\"noreferrer noopener\">Freund statt fremd<\/a><\/p>\n\n\n\n<p>Der Verein Freund statt fremd e.V. dient der ehrenamtlichen zivilgesellschaftlichen Unterst\u00fctzung von Asylsuchenden und Gefl\u00fcchteten in Bamberg und Umgebung.<\/p>\n<\/div><\/div>\n","protected":false},"excerpt":{"rendered":"<p>EFIE arbeitet vernetzt mit anderen Organisationen, Institutionen, Helferkreisen und Vereinen. Hier sind unsere Partner: Fl\u00fcchtlings- und Integrationsberatung bei der Stadt Erlangen Die Fl\u00fcchtlings- &amp; Integrationsberatung und die Migrationsberatung der Arbeiterwohlfahrt bieten zusammen mit der Stadt&hellip;<\/p>\n","protected":false},"author":6,"featured_media":0,"parent":0,"menu_order":0,"comment_status":"closed","ping_status":"closed","template":"templates\/template-full-width.php","meta":{"footnotes":""},"coauthors":[42],"class_list":["post-93","page","type-page","status-publish","hentry"],"yoast_head":"<!-- This site is optimized with the Yoast SEO plugin v27.4 - https:\/\/yoast.com\/product\/yoast-seo-wordpress\/ -->\n<title>Netzwerk - EFIE<\/title>\n<meta name=\"robots\" content=\"index, follow, max-snippet:-1, max-image-preview:large, max-video-preview:-1\" \/>\n<link rel=\"canonical\" href=\"https:\/\/www.efie-erlangen.de\/WP\/netzwerk\/\" \/>\n<meta property=\"og:locale\" content=\"de_DE\" \/>\n<meta property=\"og:type\" content=\"article\" \/>\n<meta property=\"og:title\" content=\"Netzwerk - EFIE\" \/>\n<meta property=\"og:description\" content=\"EFIE arbeitet vernetzt mit anderen Organisationen, Institutionen, Helferkreisen und Vereinen. Hier sind unsere Partner: Fl\u00fcchtlings- und Integrationsberatung bei der Stadt Erlangen Die Fl\u00fcchtlings- &amp; Integrationsberatung und die Migrationsberatung der Arbeiterwohlfahrt bieten zusammen mit der Stadt&hellip;\" \/>\n<meta property=\"og:url\" content=\"https:\/\/www.efie-erlangen.de\/WP\/netzwerk\/\" \/>\n<meta property=\"og:site_name\" content=\"EFIE\" \/>\n<meta property=\"article:modified_time\" content=\"2024-04-14T10:03:22+00:00\" \/>\n<meta property=\"og:image\" content=\"https:\/\/www.efie-erlangen.de\/WP\/wp-content\/uploads\/2023\/03\/500_Erlangen_AWO.jpg\" \/>\n<meta name=\"twitter:card\" content=\"summary_large_image\" \/>\n<meta name=\"twitter:label1\" content=\"Gesch\u00e4tzte Lesezeit\" \/>\n\t<meta name=\"twitter:data1\" content=\"12\u00a0Minuten\" \/>\n\t<meta name=\"twitter:label2\" content=\"Written by\" \/>\n\t<meta name=\"twitter:data2\" content=\"Philipp\" \/>\n<script type=\"application\/ld+json\" class=\"yoast-schema-graph\">{\"@context\":\"https:\\\/\\\/schema.org\",\"@graph\":[{\"@type\":\"WebPage\",\"@id\":\"https:\\\/\\\/www.efie-erlangen.de\\\/WP\\\/netzwerk\\\/\",\"url\":\"https:\\\/\\\/www.efie-erlangen.de\\\/WP\\\/netzwerk\\\/\",\"name\":\"Netzwerk - EFIE\",\"isPartOf\":{\"@id\":\"https:\\\/\\\/www.efie-erlangen.de\\\/WP\\\/#website\"},\"primaryImageOfPage\":{\"@id\":\"https:\\\/\\\/www.efie-erlangen.de\\\/WP\\\/netzwerk\\\/#primaryimage\"},\"image\":{\"@id\":\"https:\\\/\\\/www.efie-erlangen.de\\\/WP\\\/netzwerk\\\/#primaryimage\"},\"thumbnailUrl\":\"https:\\\/\\\/www.efie-erlangen.de\\\/WP\\\/wp-content\\\/uploads\\\/2023\\\/03\\\/500_Erlangen_AWO.jpg\",\"datePublished\":\"2021-11-21T15:10:56+00:00\",\"dateModified\":\"2024-04-14T10:03:22+00:00\",\"breadcrumb\":{\"@id\":\"https:\\\/\\\/www.efie-erlangen.de\\\/WP\\\/netzwerk\\\/#breadcrumb\"},\"inLanguage\":\"de\",\"potentialAction\":[{\"@type\":\"ReadAction\",\"target\":[\"https:\\\/\\\/www.efie-erlangen.de\\\/WP\\\/netzwerk\\\/\"]}]},{\"@type\":\"ImageObject\",\"inLanguage\":\"de\",\"@id\":\"https:\\\/\\\/www.efie-erlangen.de\\\/WP\\\/netzwerk\\\/#primaryimage\",\"url\":\"https:\\\/\\\/www.efie-erlangen.de\\\/WP\\\/wp-content\\\/uploads\\\/2023\\\/03\\\/500_Erlangen_AWO.jpg\",\"contentUrl\":\"https:\\\/\\\/www.efie-erlangen.de\\\/WP\\\/wp-content\\\/uploads\\\/2023\\\/03\\\/500_Erlangen_AWO.jpg\",\"width\":512,\"height\":958},{\"@type\":\"BreadcrumbList\",\"@id\":\"https:\\\/\\\/www.efie-erlangen.de\\\/WP\\\/netzwerk\\\/#breadcrumb\",\"itemListElement\":[{\"@type\":\"ListItem\",\"position\":1,\"name\":\"Startseite\",\"item\":\"https:\\\/\\\/www.efie-erlangen.de\\\/WP\\\/\"},{\"@type\":\"ListItem\",\"position\":2,\"name\":\"Netzwerk\"}]},{\"@type\":\"WebSite\",\"@id\":\"https:\\\/\\\/www.efie-erlangen.de\\\/WP\\\/#website\",\"url\":\"https:\\\/\\\/www.efie-erlangen.de\\\/WP\\\/\",\"name\":\"EFIE\",\"description\":\"Ehrenamtliche Fl\u00fcchtlingsbetreuung in Erlangen EFIE e.V.\",\"potentialAction\":[{\"@type\":\"SearchAction\",\"target\":{\"@type\":\"EntryPoint\",\"urlTemplate\":\"https:\\\/\\\/www.efie-erlangen.de\\\/WP\\\/?s={search_term_string}\"},\"query-input\":{\"@type\":\"PropertyValueSpecification\",\"valueRequired\":true,\"valueName\":\"search_term_string\"}}],\"inLanguage\":\"de\"}]}<\/script>\n<!-- \/ Yoast SEO plugin. -->","yoast_head_json":{"title":"Netzwerk - EFIE","robots":{"index":"index","follow":"follow","max-snippet":"max-snippet:-1","max-image-preview":"max-image-preview:large","max-video-preview":"max-video-preview:-1"},"canonical":"https:\/\/www.efie-erlangen.de\/WP\/netzwerk\/","og_locale":"de_DE","og_type":"article","og_title":"Netzwerk - EFIE","og_description":"EFIE arbeitet vernetzt mit anderen Organisationen, Institutionen, Helferkreisen und Vereinen. Hier sind unsere Partner: Fl\u00fcchtlings- und Integrationsberatung bei der Stadt Erlangen Die Fl\u00fcchtlings- &amp; Integrationsberatung und die Migrationsberatung der Arbeiterwohlfahrt bieten zusammen mit der Stadt&hellip;","og_url":"https:\/\/www.efie-erlangen.de\/WP\/netzwerk\/","og_site_name":"EFIE","article_modified_time":"2024-04-14T10:03:22+00:00","og_image":[{"url":"https:\/\/www.efie-erlangen.de\/WP\/wp-content\/uploads\/2023\/03\/500_Erlangen_AWO.jpg","type":"","width":"","height":""}],"twitter_card":"summary_large_image","twitter_misc":{"Gesch\u00e4tzte Lesezeit":"12\u00a0Minuten","Written by":"Philipp"},"schema":{"@context":"https:\/\/schema.org","@graph":[{"@type":"WebPage","@id":"https:\/\/www.efie-erlangen.de\/WP\/netzwerk\/","url":"https:\/\/www.efie-erlangen.de\/WP\/netzwerk\/","name":"Netzwerk - EFIE","isPartOf":{"@id":"https:\/\/www.efie-erlangen.de\/WP\/#website"},"primaryImageOfPage":{"@id":"https:\/\/www.efie-erlangen.de\/WP\/netzwerk\/#primaryimage"},"image":{"@id":"https:\/\/www.efie-erlangen.de\/WP\/netzwerk\/#primaryimage"},"thumbnailUrl":"https:\/\/www.efie-erlangen.de\/WP\/wp-content\/uploads\/2023\/03\/500_Erlangen_AWO.jpg","datePublished":"2021-11-21T15:10:56+00:00","dateModified":"2024-04-14T10:03:22+00:00","breadcrumb":{"@id":"https:\/\/www.efie-erlangen.de\/WP\/netzwerk\/#breadcrumb"},"inLanguage":"de","potentialAction":[{"@type":"ReadAction","target":["https:\/\/www.efie-erlangen.de\/WP\/netzwerk\/"]}]},{"@type":"ImageObject","inLanguage":"de","@id":"https:\/\/www.efie-erlangen.de\/WP\/netzwerk\/#primaryimage","url":"https:\/\/www.efie-erlangen.de\/WP\/wp-content\/uploads\/2023\/03\/500_Erlangen_AWO.jpg","contentUrl":"https:\/\/www.efie-erlangen.de\/WP\/wp-content\/uploads\/2023\/03\/500_Erlangen_AWO.jpg","width":512,"height":958},{"@type":"BreadcrumbList","@id":"https:\/\/www.efie-erlangen.de\/WP\/netzwerk\/#breadcrumb","itemListElement":[{"@type":"ListItem","position":1,"name":"Startseite","item":"https:\/\/www.efie-erlangen.de\/WP\/"},{"@type":"ListItem","position":2,"name":"Netzwerk"}]},{"@type":"WebSite","@id":"https:\/\/www.efie-erlangen.de\/WP\/#website","url":"https:\/\/www.efie-erlangen.de\/WP\/","name":"EFIE","description":"Ehrenamtliche Fl\u00fcchtlingsbetreuung in Erlangen EFIE e.V.","potentialAction":[{"@type":"SearchAction","target":{"@type":"EntryPoint","urlTemplate":"https:\/\/www.efie-erlangen.de\/WP\/?s={search_term_string}"},"query-input":{"@type":"PropertyValueSpecification","valueRequired":true,"valueName":"search_term_string"}}],"inLanguage":"de"}]}},"_links":{"self":[{"href":"https:\/\/www.efie-erlangen.de\/WP\/wp-json\/wp\/v2\/pages\/93","targetHints":{"allow":["GET"]}}],"collection":[{"href":"https:\/\/www.efie-erlangen.de\/WP\/wp-json\/wp\/v2\/pages"}],"about":[{"href":"https:\/\/www.efie-erlangen.de\/WP\/wp-json\/wp\/v2\/types\/page"}],"author":[{"embeddable":true,"href":"https:\/\/www.efie-erlangen.de\/WP\/wp-json\/wp\/v2\/users\/6"}],"replies":[{"embeddable":true,"href":"https:\/\/www.efie-erlangen.de\/WP\/wp-json\/wp\/v2\/comments?post=93"}],"version-history":[{"count":84,"href":"https:\/\/www.efie-erlangen.de\/WP\/wp-json\/wp\/v2\/pages\/93\/revisions"}],"predecessor-version":[{"id":4232,"href":"https:\/\/www.efie-erlangen.de\/WP\/wp-json\/wp\/v2\/pages\/93\/revisions\/4232"}],"wp:attachment":[{"href":"https:\/\/www.efie-erlangen.de\/WP\/wp-json\/wp\/v2\/media?parent=93"}],"wp:term":[{"taxonomy":"author","embeddable":true,"href":"https:\/\/www.efie-erlangen.de\/WP\/wp-json\/wp\/v2\/coauthors?post=93"}],"curies":[{"name":"wp","href":"https:\/\/api.w.org\/{rel}","templated":true}]}}