{"id":3440,"date":"2023-11-19T11:39:45","date_gmt":"2023-11-19T10:39:45","guid":{"rendered":"https:\/\/www.efie-erlangen.de\/WP\/?page_id=3440"},"modified":"2026-02-28T11:05:55","modified_gmt":"2026-02-28T10:05:55","slug":"informationen","status":"publish","type":"page","link":"https:\/\/www.efie-erlangen.de\/WP\/informationen\/","title":{"rendered":"Informationen"},"content":{"rendered":"\n<p>Hier findet ihr wichtige und n\u00fctzliche Informationen, die \u00e4u\u00dferst hilfreich bei der Begleitung von Gefl\u00fcchteten in Erlangen sein k\u00f6nnen.<\/p>\n\n\n\n<p>Falls ein Link nicht funktioniert, der Inhalte veraltet ist oder ihr weitere Themen f\u00fcr diese Seite habt, dann schreib uns \u00fcber unser <a href=\"https:\/\/www.efie-erlangen.de\/WP\/kontakt-2\/\" target=\"_blank\" rel=\"noreferrer noopener\"><strong>Kontaktformular<\/strong><\/a><\/p>\n\n\n\n<p>Das Erlanger B\u00fcndnis f\u00fcr Familien hat auf ihrer Webseite viele hilfreiche Infos: <a href=\"https:\/\/erlanger-familienbuendnis.de\/\"><strong>erlanger-familienbuendnis.de<\/strong><\/a><\/p>\n\n\n\n<p>Ebenso bietet diese Pr\u00e4sentation eine \u00dcbersicht zu <a href=\"https:\/\/www.efie-erlangen.de\/WP\/wp-content\/uploads\/2024\/10\/WIR-Schulungspraesentation-fuer-die-Arbeitsverwaltungen-Stand-Juli-2024_gekuerzt.pdf\" target=\"_blank\" rel=\"noreferrer noopener\"><strong>Flucht, Asyl, (Aus-)Bildung und Arbeit<\/strong><\/a>.<\/p>\n\n\n\n<p>F\u00fcr allgemine Themen (nicht Bayern-\/Erlangen-spezifisch) lohnt es sich immer wieder auf folgenden Seiten vorbeizuschauen:<\/p>\n\n\n\n<ul class=\"wp-block-list\">\n<li><a href=\"https:\/\/www.asyl.net\/themen\" target=\"_blank\" rel=\"noreferrer noopener\"><strong>Informationsverbund Asyl &amp; Migration<\/strong><\/a><\/li>\n\n\n\n<li><a href=\"https:\/\/handbookgermany.de\/de\" target=\"_blank\" rel=\"noreferrer noopener\"><strong>Handbook Germany<\/strong><\/a><\/li>\n\n\n\n<li><a href=\"https:\/\/www.der-paritaetische.de\/suche\/?tx_solr%5Bfilter%5D%5B0%5D=publicType%3APublikation&amp;tx_solr%5Bfilter%5D%5B1%5D=categories%3AMigrationssozialarbeit%2F-politik&amp;tx_solr%5Bfilter%5D%5B2%5D=categories%3AMigrantenselbstorganisation&amp;tx_solr%5Bfilter%5D%5B3%5D=categories%3ABundesprogramme%20Migration&amp;tx_solr%5Bfilter%5D%5B4%5D=categories%3AProjekte%20Migration&amp;tx_solr%5Bfilter%5D%5B5%5D=categories%3AInterkulturelle%20%C3%96ffnung%2FDiversit%C3%A4t&amp;tx_solr%5Bsort%5D=date%20desc\" target=\"_blank\" rel=\"noreferrer noopener\"><strong>Publikationen des Parit\u00e4tischen Gesamtverbands<\/strong><\/a><\/li>\n\n\n\n<li><a href=\"https:\/\/ra-gerloff.de\/\" target=\"_blank\" rel=\"noreferrer noopener\"><strong>Zusammenfassung von Rechtsurteilen Rechtsanwalt Volker Gerloff<\/strong><\/a><\/li>\n<\/ul>\n\n\n\n<div class=\"wp-block-pb-accordion-item c-accordion__item js-accordion-item no-js\" data-initially-open=\"false\" data-click-to-close=\"true\" data-auto-close=\"true\" data-scroll=\"false\" data-scroll-offset=\"0\"><h3 id=\"at-34400\" class=\"c-accordion__title js-accordion-controller\" role=\"button\">Rund um den Menschen<\/h3><div id=\"ac-34400\" class=\"c-accordion__content\">\n<div class=\"wp-block-pb-accordion-item c-accordion__item js-accordion-item no-js\" data-initially-open=\"false\" data-click-to-close=\"true\" data-auto-close=\"true\" data-scroll=\"false\" data-scroll-offset=\"0\"><h3 id=\"at-34401\" class=\"c-accordion__title js-accordion-controller\" role=\"button\">Ablauf des Asylverfahrens<\/h3><div id=\"ac-34401\" class=\"c-accordion__content\">\n<p>Von der Asylantragstellung bis zum Ausgang des Asylverfahrens sind verschiedene Etappen zu durchlaufen. Hier werden die einzelnen Schritte erl\u00e4utert:<\/p>\n\n\n\n<div class=\"wp-block-pb-accordion-item c-accordion__item js-accordion-item no-js\" data-initially-open=\"false\" data-click-to-close=\"true\" data-auto-close=\"true\" data-scroll=\"false\" data-scroll-offset=\"0\"><h5 id=\"at-34402\" class=\"c-accordion__title js-accordion-controller\" role=\"button\">Erstverteilung der Asylsuchenden (EASY)<\/h5><div id=\"ac-34402\" class=\"c-accordion__content\">\n<p>Asylsuchende werden zun\u00e4chst in den n\u00e4chstgelegenen Aufnahmeeinrichtungen des jeweiligen Bundeslandes registriert. Die zust\u00e4ndige Aufnahmeeinrichtung ermittelt das Quotensystem EASY bei der Erstregistrierung.<\/p>\n\n\n\n<p><a href=\"https:\/\/www.bamf.de\/DE\/Themen\/AsylFluechtlingsschutz\/AblaufAsylverfahrens\/Erstverteilung\/erstverteilung-node.html\" target=\"_blank\" rel=\"noreferrer noopener\">Mehr dazu hier<\/a><\/p>\n<\/div><\/div>\n\n\n\n<div class=\"wp-block-pb-accordion-item c-accordion__item js-accordion-item no-js\" data-initially-open=\"false\" data-click-to-close=\"true\" data-auto-close=\"true\" data-scroll=\"false\" data-scroll-offset=\"0\"><h5 id=\"at-34403\" class=\"c-accordion__title js-accordion-controller\" role=\"button\">Zust\u00e4ndige Aufnahmeeinrichtung<\/h5><div id=\"ac-34403\" class=\"c-accordion__content\">\n<p>Die zust\u00e4ndige Aufnahmeeinrichtung ist f\u00fcr die <strong>Versorgung und Unterkunft <\/strong>der Asylsuchenden verantwortlich. Gleichzeitig informiert sie die n\u00e4chstgelegene Au\u00dfenstelle des Bundesamts oder das n\u00e4chstgelegene Ankunftszentrum.<\/p>\n\n\n\n<p><a href=\"https:\/\/www.bamf.de\/DE\/Themen\/AsylFluechtlingsschutz\/AblaufAsylverfahrens\/Aufnahmeeinrichtung\/aufnahmeeinrichtung-node.html\" target=\"_blank\" rel=\"noreferrer noopener\">Mehr dazu hier<\/a><\/p>\n<\/div><\/div>\n\n\n\n<div class=\"wp-block-pb-accordion-item c-accordion__item js-accordion-item no-js\" data-initially-open=\"false\" data-click-to-close=\"true\" data-auto-close=\"true\" data-scroll=\"false\" data-scroll-offset=\"0\"><h5 id=\"at-34404\" class=\"c-accordion__title js-accordion-controller\" role=\"button\">Pers\u00f6nliche Antragstellung<\/h5><div id=\"ac-34404\" class=\"c-accordion__content\">\n<p>In der Au\u00dfenstelle des Bundesamtes (in einem Ankunftszentrum oder einer AnkER-Einrichtung) findet die pers\u00f6nliche Antragstellung statt. Zu diesem Termin steht eine Dolmetscherin oder ein Dolmetscher zur Verf\u00fcgung. Mit ihrer Unterst\u00fctzung werden Antragstellende \u00fcber ihre <strong>Rechte und Pflichten innerhalb des Asylverfahrens<\/strong> aufgekl\u00e4rt \u2013 au\u00dferdem erhalten sie alle wichtigen Informationen auch schriftlich in ihrer Muttersprache.<\/p>\n\n\n\n<p><a href=\"https:\/\/www.bamf.de\/DE\/Themen\/AsylFluechtlingsschutz\/AblaufAsylverfahrens\/Antragstellung\/antragstellung-node.html\" target=\"_blank\" rel=\"noreferrer noopener\">Mehr dazu hier<\/a><\/p>\n<\/div><\/div>\n\n\n\n<div class=\"wp-block-pb-accordion-item c-accordion__item js-accordion-item no-js\" data-initially-open=\"false\" data-click-to-close=\"true\" data-auto-close=\"true\" data-scroll=\"false\" data-scroll-offset=\"0\"><h5 id=\"at-34405\" class=\"c-accordion__title js-accordion-controller\" role=\"button\">Pr\u00fcfung des Dublin-Verfahrens<\/h5><div id=\"ac-34405\" class=\"c-accordion__content\">\n<p>Das <dfn>Dublin-Verfahren<\/dfn> dient der Zust\u00e4ndigkeitsbestimmung zur Durchf\u00fchrung des Asylverfahrens in einem EU-Mitgliedstaat. Die Dublin III-VO (s.u. rechtliche Grundlagen) legt Kriterien und Verfahren fest, die bei der Bestimmung des Mitgliedstaates, der f\u00fcr die Pr\u00fcfung des gestellten Antrags auf internationalen Schutz zust\u00e4ndig ist, zur Anwendung gelangen. Sie findet Anwendung in allen EU-Mitgliedstaaten sowie Norwegen, Island, Liechtenstein und der Schweiz.<br>Das <dfn>Dublin-Verfahren<\/dfn> bezweckt, dass jeder Asylantrag, der auf dem Hoheitsgebiet der Mitgliedstaatengestellt wird, materiell-rechtlich <strong>nur durch einen Staat<\/strong> gepr\u00fcft wird. Damit soll die Sekund\u00e4rwanderung innerhalb Europas gesteuert bzw. begrenzt werden.<\/p>\n\n\n\n<p><a href=\"https:\/\/www.bamf.de\/DE\/Themen\/AsylFluechtlingsschutz\/AblaufAsylverfahrens\/DublinVerfahren\/dublinverfahren-node.html\" target=\"_blank\" rel=\"noreferrer noopener\">Mehr dazu hie<\/a><a href=\"https:\/\/www.bamf.de\/DE\/Themen\/AsylFluechtlingsschutz\/AblaufAsylverfahrens\/Antragstellung\/antragstellung-node.html\" target=\"_blank\" rel=\"noreferrer noopener\">r<\/a><\/p>\n<\/div><\/div>\n\n\n\n<div class=\"wp-block-pb-accordion-item c-accordion__item js-accordion-item no-js\" data-initially-open=\"false\" data-click-to-close=\"true\" data-auto-close=\"true\" data-scroll=\"false\" data-scroll-offset=\"0\"><h5 id=\"at-34406\" class=\"c-accordion__title js-accordion-controller\" role=\"button\">Pers\u00f6nliche Anh\u00f6rung<\/h5><div id=\"ac-34406\" class=\"c-accordion__content\">\n<p>Die pers\u00f6nliche Anh\u00f6rung ist f\u00fcr die Antragstellenden der <strong>wichtigste Termin innerhalb ihres Asylverfahrens<\/strong>. Deswegen bieten in der Vorbereitung auf das Gespr\u00e4ch Hilfsorganisationen, Wohlfahrtsverb\u00e4nde oder st\u00e4dtische Einrichtungen Beratung an. Die Asylsozialberatung kann ebenfalls in Anspruch genommen werden. Seit August 2018 werden in den AnkER-Einrichtungen auch Gruppeninformationen und Einzelberatungen zum Asylverfahren durch das Bundesamt durchgef\u00fchrt.<\/p>\n\n\n\n<p><a href=\"https:\/\/www.bamf.de\/DE\/Themen\/AsylFluechtlingsschutz\/AblaufAsylverfahrens\/Anhoerung\/anhoerung-node.html\" target=\"_blank\" rel=\"noreferrer noopener\">Mehr dazu hie<\/a><a href=\"https:\/\/www.bamf.de\/DE\/Themen\/AsylFluechtlingsschutz\/AblaufAsylverfahrens\/Antragstellung\/antragstellung-node.html\" target=\"_blank\" rel=\"noreferrer noopener\">r<\/a><\/p>\n<\/div><\/div>\n\n\n\n<div class=\"wp-block-pb-accordion-item c-accordion__item js-accordion-item no-js\" data-initially-open=\"false\" data-click-to-close=\"true\" data-auto-close=\"true\" data-scroll=\"false\" data-scroll-offset=\"0\"><h5 id=\"at-34407\" class=\"c-accordion__title js-accordion-controller\" role=\"button\">Entscheidung des Bundesamtes<\/h5><div id=\"ac-34407\" class=\"c-accordion__content\">\n<p>Auf Basis der pers\u00f6nlichen <dfn>Anh\u00f6rung<\/dfn> und der eingehenden \u00dcberpr\u00fcfung von Dokumenten und Beweismitteln entscheidet das Bundesamt \u00fcber den Asylantrag. Dabei gilt das <strong>Einzelschicksal <\/strong>als ma\u00dfgeblich. Die Entscheidung wird <strong>schriftlich begr\u00fcndet <\/strong>undgegebenenfalls mit einer Rechtsbehelfsbelehrung sowie einer \u00dcbersetzung des Tenors der Entscheidung den Beteiligten, den Antragstellenden oder Verfahrensbevollm\u00e4chtigten sowie den zust\u00e4ndigen Ausl\u00e4nderbeh\u00f6rden zugestellt.<\/p>\n\n\n\n<p><a href=\"https:\/\/www.bamf.de\/DE\/Themen\/AsylFluechtlingsschutz\/AblaufAsylverfahrens\/Entscheidung\/entscheidung-node.html\" target=\"_blank\" rel=\"noreferrer noopener\">Mehr dazu hie<\/a><a href=\"https:\/\/www.bamf.de\/DE\/Themen\/AsylFluechtlingsschutz\/AblaufAsylverfahrens\/Antragstellung\/antragstellung-node.html\" target=\"_blank\" rel=\"noreferrer noopener\">r<\/a><\/p>\n<\/div><\/div>\n\n\n\n<div class=\"wp-block-pb-accordion-item c-accordion__item js-accordion-item no-js\" data-initially-open=\"false\" data-click-to-close=\"true\" data-auto-close=\"true\" data-scroll=\"false\" data-scroll-offset=\"0\"><h5 id=\"at-34408\" class=\"c-accordion__title js-accordion-controller\" role=\"button\">Schutzformen<\/h5><div id=\"ac-34408\" class=\"c-accordion__content\">\n<p>Bei jedem Asylantrag pr\u00fcft das Bundesamt f\u00fcr Migration und Fl\u00fcchtlinge auf Grundlage des Asylgesetzes, ob eine der vier Schutzformen \u2013 Asylberechtigung, Fl\u00fcchtlingsschutz, subsidi\u00e4rer Schutz oder ein Abschiebungsverbot \u2013 vorliegt.<\/p>\n\n\n\n<p><a href=\"https:\/\/www.bamf.de\/DE\/Themen\/AsylFluechtlingsschutz\/AblaufAsylverfahrens\/Schutzformen\/schutzformen-node.html\" target=\"_blank\" rel=\"noreferrer noopener\">Mehr dazu hier<\/a><\/p>\n\n\n\n<div class=\"wp-block-pb-accordion-item c-accordion__item js-accordion-item no-js\" data-initially-open=\"false\" data-click-to-close=\"true\" data-auto-close=\"true\" data-scroll=\"false\" data-scroll-offset=\"0\"><h6 id=\"at-34409\" class=\"c-accordion__title js-accordion-controller\" role=\"button\"><a href=\"https:\/\/www.bamf.de\/DE\/Themen\/AsylFluechtlingsschutz\/AblaufAsylverfahrens\/Schutzformen\/Fluechtlingsschutz\/fluechtlingsschutz-node.html\">Fl\u00fcchtlingsschutz<\/a> \u00a7 3 AsylG<\/h6><div id=\"ac-34409\" class=\"c-accordion__content\">\n<p>Der Fl\u00fcchtlingsschutz ist umfangreicher als die Asylberechtigung und basiert auf der Genfer Fl\u00fcchtlingskonvention. Sie greift auch bei der Verfolgung von nichtstaatlichen Akteuren ein.<\/p>\n<\/div><\/div>\n\n\n\n<div class=\"wp-block-pb-accordion-item c-accordion__item js-accordion-item no-js\" data-initially-open=\"false\" data-click-to-close=\"true\" data-auto-close=\"true\" data-scroll=\"false\" data-scroll-offset=\"0\"><h6 id=\"at-344010\" class=\"c-accordion__title js-accordion-controller\" role=\"button\"><a href=\"https:\/\/www.bamf.de\/DE\/Themen\/AsylFluechtlingsschutz\/AblaufAsylverfahrens\/Schutzformen\/Asylberechtigung\/asylberechtigung-node.html\">Asylberechtigung<\/a> Art. 16a GG<\/h6><div id=\"ac-344010\" class=\"c-accordion__content\">\n<p>Asylberechtigte sind politisch Verfolgte, die im Falle der R\u00fcckkehr in ihr Herkunftsland einer schwerwiegenden Menschenrechtsverletzung ausgesetzt sein werden.<\/p>\n<\/div><\/div>\n\n\n\n<div class=\"wp-block-pb-accordion-item c-accordion__item js-accordion-item no-js\" data-initially-open=\"false\" data-click-to-close=\"true\" data-auto-close=\"true\" data-scroll=\"false\" data-scroll-offset=\"0\"><h6 id=\"at-344011\" class=\"c-accordion__title js-accordion-controller\" role=\"button\"><a href=\"https:\/\/www.bamf.de\/DE\/Themen\/AsylFluechtlingsschutz\/AblaufAsylverfahrens\/Schutzformen\/SubisidiaerSchutz\/subisidiaerschutz-node.html\">Subsidi\u00e4rer Schutz<\/a> \u00a7 4 AsylG<\/h6><div id=\"ac-344011\" class=\"c-accordion__content\">\n<p>Der subsidi\u00e4re Schutz greift ein, wenn weder der Fl\u00fcchtlingsschutz noch die Asylberechtigung gew\u00e4hrt werden k\u00f6nnen und im Herkunftsland ernsthafter Schaden droht.<\/p>\n<\/div><\/div>\n\n\n\n<div class=\"wp-block-pb-accordion-item c-accordion__item js-accordion-item no-js\" data-initially-open=\"false\" data-click-to-close=\"true\" data-auto-close=\"true\" data-scroll=\"false\" data-scroll-offset=\"0\"><h6 id=\"at-344012\" class=\"c-accordion__title js-accordion-controller\" role=\"button\"><a href=\"https:\/\/www.bamf.de\/DE\/Themen\/AsylFluechtlingsschutz\/AblaufAsylverfahrens\/Schutzformen\/Abschiebeverbote\/abschiebeverbote-node.html\">Nationales Abschiebungsverbot<\/a> \u00a7 60 Abs. 5 und 7 AufenthG<\/h6><div id=\"ac-344012\" class=\"c-accordion__content\">\n<p>Wenn die drei Schutzformen nicht greifen, kann bei Vorliegen bestimmter Gr\u00fcnde ein Abschiebungsverbot erteilt werden.<\/p>\n<\/div><\/div>\n<\/div><\/div>\n\n\n\n<div class=\"wp-block-pb-accordion-item c-accordion__item js-accordion-item no-js\" data-initially-open=\"false\" data-click-to-close=\"true\" data-auto-close=\"true\" data-scroll=\"false\" data-scroll-offset=\"0\"><h5 id=\"at-344013\" class=\"c-accordion__title js-accordion-controller\" role=\"button\">Rechtsmittel gegen die Entscheidung<\/h5><div id=\"ac-344013\" class=\"c-accordion__content\">\n<p>Nur wenn f\u00fcr keine der vier Schutzformen &#8211; Asylberechtigung, Fl\u00fcchtlingsschutz, subsidi\u00e4rer Schutz oder ein Abschiebungsverbot &#8211; die Voraussetzungen erf\u00fcllt sind, erhalten Antragstellende einen <strong>ablehnenden Bescheid<\/strong>, verbunden mit einer <strong>Abschiebungsandrohung<\/strong>. <\/p>\n<\/div><\/div>\n\n\n\n<div class=\"wp-block-pb-accordion-item c-accordion__item js-accordion-item no-js\" data-initially-open=\"false\" data-click-to-close=\"true\" data-auto-close=\"true\" data-scroll=\"false\" data-scroll-offset=\"0\"><h5 id=\"at-344014\" class=\"c-accordion__title js-accordion-controller\" role=\"button\">Ausgang des Asylverfahrens<\/h5><div id=\"ac-344014\" class=\"c-accordion__content\">\n<p>Auf die endg\u00fcltige Entscheidung des Bundesamts \u2013 den Abschluss des Asylverfahrens \u2013 folgt entweder das Aufenthalts- bzw. Bleiberecht oder aber die Ausreisepflicht.<\/p>\n<\/div><\/div>\n<\/div><\/div>\n\n\n\n<div class=\"wp-block-pb-accordion-item c-accordion__item js-accordion-item no-js\" data-initially-open=\"false\" data-click-to-close=\"true\" data-auto-close=\"true\" data-scroll=\"false\" data-scroll-offset=\"0\"><h3 id=\"at-344015\" class=\"c-accordion__title js-accordion-controller\" role=\"button\">Themen f\u00fcr Kinder<\/h3><div id=\"ac-344015\" class=\"c-accordion__content\">\n<div class=\"wp-block-pb-accordion-item c-accordion__item js-accordion-item no-js\" data-initially-open=\"false\" data-click-to-close=\"true\" data-auto-close=\"true\" data-scroll=\"false\" data-scroll-offset=\"0\"><h4 id=\"at-344016\" class=\"c-accordion__title js-accordion-controller\" role=\"button\">Rund um Krippe, Kindergarten und Kindertagespflege<\/h4><div id=\"ac-344016\" class=\"c-accordion__content\">\n<p>In Krippen und Kindertagespflege (Tagesmutter) werden Kleinkinder bis zum Alter von 3 Jahren betreut (hier evtl. der Link), in Kinderg\u00e4rten Kinder ab 2,5 Jahren bis zum Schuleintritt.<\/p>\n\n\n\n<p>Die Anmeldung in einer Kindertageseinrichtung und in der Kindertagespflege in der Stadt Erlangen erfolgt \u00fcber das zentrale Portal Kitafinder: <a href=\"http:\/\/kitafinder.erlangen.de\">kitafinder.erlangen.de<\/a><\/p>\n\n\n\n<p>Sie k\u00f6nnen Ihr Kind \u00fcber den Kitafinder bei einer st\u00e4dtischen Kindertageseinrichtung anmelden. Auch f\u00fcr die allermeisten Kindertageseinrichtungen der freien Tr\u00e4ger (hierzu geh\u00f6ren kirchliche und private Krippen, Kinderg\u00e4rten und Horte) erfolgt die Anmeldung \u00fcber das Portal Kitafinder. Bei Fragen zum Portal Kitafinder helfen Ihnen sicher die Antworten zu den FAQ Kitafinder weiter.<\/p>\n\n\n\n<p>Wenn Sie weitere Fragen haben oder Unterst\u00fctzung ben\u00f6tigen, k\u00f6nnen Sie sich an die Servicestelle Kitaplatz wenden. Tel<strong>. <\/strong>09131 86 1958; E-Mail: <a href=\"mailto:kitaplatz@stadt.erlangen.de\">kitaplatz@stadt.erlangen.de<\/a><\/p>\n\n\n\n<p>Mehr zum Thema: <a href=\"https:\/\/erlangen.de\/themenseite\/menschen\/service-eltern-kinder\/kinderbetreuung\" target=\"_blank\" rel=\"noreferrer noopener\">Kinderbetreuung | Stadt Erlangen<\/a><\/p>\n\n\n\n<p>Sobald ein Platz in einer Kita oder in der Kindertagespflege gebucht ist, kann eine Geb\u00fchren\u00fcbernahme bei der Stadt Erlangen beantragt werden. Falls die Familie relevante Sozialleistungen (Asylleistungen, Wohngeld, Leistungen vom Jobcenter, Kinderzuschlag, Sozialhilfe, \u2026) bezieht, kann man davon ausgehen, dass die Kita- \/ Kindertagespflegegeb\u00fchren in vollem Umfang \u00fcbernommen werden.<\/p>\n\n\n\n<p>Achtung: Geb\u00fchren werden nicht r\u00fcckwirkend, sondern erst ab dem Monat der Antragstellung \u00fcbernommen.<\/p>\n\n\n\n<p>Zum Antrag auf Geb\u00fchrenerm\u00e4\u00dfigung: <a href=\"https:\/\/secure.erlangen.de\/erlangen\/form\/provide\/5515\/\" target=\"_blank\" rel=\"noreferrer noopener\">Antrag auf \u00dcbernahme von Kosten f\u00fcr die Kinderbetreuung<\/a><\/p>\n<\/div><\/div>\n\n\n\n<div class=\"wp-block-pb-accordion-item c-accordion__item js-accordion-item no-js\" data-initially-open=\"false\" data-click-to-close=\"true\" data-auto-close=\"true\" data-scroll=\"false\" data-scroll-offset=\"0\"><h4 id=\"at-344017\" class=\"c-accordion__title js-accordion-controller\" role=\"button\">Schule<\/h4><div id=\"ac-344017\" class=\"c-accordion__content\">\n<p>In Deutschland besteht neben dem Recht auf Schulbesuch auch eine Schulpflicht. Dieser unterliegen alle Personen ungeachtet ihrer Nationalit\u00e4t. Die Schulpflicht verlangt von Eltern unter Strafandrohung, ihre Kinder in die Schule zu schicken. Sie verpflichtet au\u00dferdem die \u00f6rtlichen Schulen, Kinder aufzunehmen. Die Schulpflicht regeln die Bundesl\u00e4nder in ihren Schulgesetzen. Sie beginnt in der Regel im Alter von sechs Jahren und besteht aus zwei Teilen:<\/p>\n\n\n\n<p>Die sogenannte Vollzeitschulpflicht umfasst neun, in manchen Bundesl\u00e4ndern auch zehn Jahre an einer allgemeinbildenden Schule. Anschlie\u00dfend kann man:<\/p>\n\n\n\n<ul class=\"wp-block-list\">\n<li>weiter in Vollzeit die Schule bis zum Abitur besuchen (Sekundarstufe II)<\/li>\n\n\n\n<li>eine Berufsfachschule in Vollzeit besuchen<\/li>\n\n\n\n<li>eine Berufsschule in Teilzeit besuchen (duale Berufsausbildung)<\/li>\n<\/ul>\n\n\n\n<p>Die Schulpflicht endet in der Regel mit der Vollj\u00e4hrigkeit oder, wenn man nach Vollendung des 18. Lebensjahres noch in einer Berufsausbildung ist, mit deren Ende. In Hessen und Rheinland-Pfalz gilt die Schulpflicht bis zum 21. Lebensjahr, in Berlin nur bis zum 16. Lebensjahr.<\/p>\n\n\n\n<p>In den Schulgesetzen der meisten Bundesl\u00e4nder ist ausdr\u00fccklich geregelt, dass die Schulpflicht auch f\u00fcr Personen mit Duldung sowie f\u00fcr Personen mit einer Aufenthaltsgestattung besteht. Ansonsten ergibt sich die Schulpflicht daraus, dass diese Personen ihren gew\u00f6hnlichen Aufenthalt \u2013 also ihren Lebensmittelpunkt \u2013 in dem jeweiligen Bundesland haben.<\/p>\n\n\n\n<p>Ausgenommen von der Schulpflicht sind dagegen Kinder und Jugendliche ohne Dokumente. Sie k\u00f6nnen die Schule zwar besuchen, haben aber keinen Anspruch auf einen Platz. Ausnahmen k\u00f6nnen auch f\u00fcr Kinder von Asylsuchenden gelten, die sich in der ersten Phase des Asylverfahrens in einer Erstaufnahmeeinrichtung befinden. Au\u00dfer im Saarland und in Berlin gelten f\u00fcr sie besondere Regelungen. In den meisten Bundesl\u00e4ndern haben sie in dieser Zeit nur ein Schulbesuchsrecht, jedoch keine Pflicht.<\/p>\n\n\n\n<p><strong>Pers\u00f6nlicher Schulbedarf<\/strong><\/p>\n\n\n\n<p>Sch\u00fclerinnen und Sch\u00fcler erhalten f\u00fcr die Schulausstattung (z. B. f\u00fcr Schulranzen, Sportzeug und Schreib-, Rechen- und Zeichenmaterialien) im Kalenderjahr 2024 einen Zuschuss von 195 EUR in zwei Teilbetr\u00e4gen (grunds\u00e4tzlich zum 1. August 130 EUR und zum 1. Februar 65 EUR). Der pers\u00f6nliche Schulbedarf wird j\u00e4hrlich mit dem gleichen Prozentwert wie der Regelbedarf angepasst. Der pers\u00f6nliche Schulbedarf ist ein Unterpunkt auf dieser Seite unter <strong>Sozialleistungen &#8211; Bildung und Teilhabe (BuT)<\/strong><\/p>\n<\/div><\/div>\n\n\n\n<div class=\"wp-block-pb-accordion-item c-accordion__item js-accordion-item no-js\" data-initially-open=\"false\" data-click-to-close=\"true\" data-auto-close=\"true\" data-scroll=\"false\" data-scroll-offset=\"0\"><h4 id=\"at-344018\" class=\"c-accordion__title js-accordion-controller\" role=\"button\">Interkulturelle Elternarbeit<\/h4><div id=\"ac-344018\" class=\"c-accordion__content\">\n<p>Mit den Angeboten der \u201eInterkulturellen Elternarbeit\u201c m\u00f6chten wir die Integrations- und Bildungschancen von Kindern zugewanderter Familien in Erlangen verbessern sowie interkulturell lebende Familien bei der vorschulischen und schulischen Entwicklung ihrer Kinder unterst\u00fctzen. Die Kommunikation zwischen Eltern und Tageseinrichtungen, Schulen und anderen sozialen Bereichen soll durch den Abbau von Sprachbarrieren erleichtert werden. Unsere Zielgruppen sind alle interkulturell lebenden Familien in Erlangen, Fachkr\u00e4fte und Multiplikatoren in Kindertageseinrichtungen, Schulen und Jugendhilfeeinrichtungen der Stadt Erlangen.<\/p>\n\n\n\n<p><a href=\"https:\/\/integrierte-beratungsstelle.de\/interkulturelle-elternarbeit\/\" target=\"_blank\" rel=\"noreferrer noopener\">Mehr dazu hier<\/a><\/p>\n<\/div><\/div>\n\n\n\n<div class=\"wp-block-pb-accordion-item c-accordion__item js-accordion-item no-js\" data-initially-open=\"false\" data-click-to-close=\"true\" data-auto-close=\"true\" data-scroll=\"false\" data-scroll-offset=\"0\"><h4 id=\"at-344019\" class=\"c-accordion__title js-accordion-controller\" role=\"button\">Kinderkulturb\u00fcro<\/h4><div id=\"ac-344019\" class=\"c-accordion__content\">\n<p>Auf den Seiten des Kinderkulturb\u00fcros pr\u00e4sentiert euch das Maskottchen Simson unterschiedliche Angebote aus den Bereichen Kindertheater und Kinderkulturveranstaltungen, sowie ein buntes Ferienprogramm in den Oster- und Sommerferien. Ausflugs-, Spiel- und Basteltipps und ein \u00dcberblick \u00fcber die anstehenden Basare in der Region runden unser Angebot ab.<\/p>\n\n\n\n<p><a href=\"https:\/\/kinderkulturbuero-erlangen.de\/\" target=\"_blank\" rel=\"noreferrer noopener\">Mehr dazu hier<\/a><\/p>\n<\/div><\/div>\n\n\n\n<div class=\"wp-block-pb-accordion-item c-accordion__item js-accordion-item no-js\" data-initially-open=\"false\" data-click-to-close=\"true\" data-auto-close=\"true\" data-scroll=\"false\" data-scroll-offset=\"0\"><h4 id=\"at-344020\" class=\"c-accordion__title js-accordion-controller\" role=\"button\">Koordinationsstelle Fr\u00fche Hilfen (KoKi)<\/h4><div id=\"ac-344020\" class=\"c-accordion__content\">\n<p>Beratung und Unterst\u00fctzung f\u00fcr werdende Eltern, Alleinerziehende und Familien mit Kindern von 0 &#8211; 3 Jahren im Stadtgebiet Erlangen<\/p>\n\n\n\n<p><strong>Ziel:<\/strong> <\/p>\n\n\n\n<p>Die Koordinationsstelle Fr\u00fche Hilfen unterst\u00fctzt Eltern, ihrer Erziehungsverantwortung auch in schwierigen Lebenssituationen gerecht zu werden.<\/p>\n\n\n\n<p><strong>Angebote:<\/strong><\/p>\n\n\n\n<ul class=\"wp-block-list\">\n<li>Beratung und Unterst\u00fctzung der (werdenden) Eltern<\/li>\n\n\n\n<li>Ausbau, sowie Pflege und Koordination eines zuverl\u00e4ssigen Netzwerkes mit allem Einrichtungen, Diensten und Berufsgruppen aus dem Gesundheitswesen und der Jugendhilfe, die bereits unterst\u00fctzend mit den betroffenen Familien zusammenarbeiten<\/li>\n\n\n\n<li>Beratung und Unterst\u00fctzung von (werdenden) Eltern, Alleinerziehenden und Familien mit Kindern von 0 bis 3 Jahren u.a. bei Bindungs- und Beziehungsschwierigkeiten mit dem Kind, Unsicherheiten bei der Bew\u00e4ltigung der Alltagssituationen sowie bei finanziellen und Wohnungsproblemen.<\/li>\n\n\n\n<li>Zusammenarbeit mit Fachkr\u00e4ften aus dem Gesundheitswesen (z.B. \u00c4rztinnen und \u00c4rzten, Hebammen, Fr\u00fchf\u00f6rderstellen) und der Jugendhilfe (z.B. Kinderbetreuungseinrichtungen, Tagespflege, Familienp\u00e4dagogische Einrichtungen)<\/li>\n\n\n\n<li>Vermittlung von weiterf\u00fchrenden Hilfen<\/li>\n<\/ul>\n\n\n\n<p><a href=\"https:\/\/erlangen.de\/aktuelles\/koki-fruehe-hilfen\" target=\"_blank\" rel=\"noreferrer noopener\">Mehr dazu hier<\/a><\/p>\n<\/div><\/div>\n\n\n\n<div class=\"wp-block-pb-accordion-item c-accordion__item js-accordion-item no-js\" data-initially-open=\"false\" data-click-to-close=\"true\" data-auto-close=\"true\" data-scroll=\"false\" data-scroll-offset=\"0\"><h4 id=\"at-344021\" class=\"c-accordion__title js-accordion-controller\" role=\"button\">Jugendmigrationsdienst<\/h4><div id=\"ac-344021\" class=\"c-accordion__content\">\n<p>Der Jugendmigrationsdienst hat als zentrale Aufgabe die Beratung und Begleitung junger Migranten*Migrantinnen im Alter zwischen 12 und 27 Jahren. Mit differenzierten Eingliederungshilfen wird der sprachliche, schulische, berufliche und soziale Integrationsprozess unterst\u00fctzt. Angestrebtes Ziel ist die Hilfe zur Selbsthilfe.<\/p>\n\n\n\n<h6 class=\"wp-block-heading\"><strong>Ziele<\/strong><\/h6>\n\n\n\n<ul class=\"wp-block-list\">\n<li>Unterst\u00fctzung junger Menschen mit Migrationshintergrund<\/li>\n\n\n\n<li>Hilfe bei der sprachlichen und gesellschaftlichen Integration inklusive Begleitung des schulischen und beruflichen Werdegangs<\/li>\n\n\n\n<li>Engagement f\u00fcr junge Menschen mit Migrationshintergrund<\/li>\n\n\n\n<li>F\u00f6rderung der Teilhabem\u00f6glichkeiten in allen Bereichen des sozialen, kulturellen und politischen Lebens<\/li>\n<\/ul>\n\n\n\n<h6 class=\"wp-block-heading\"><strong>Zielgruppen<\/strong><\/h6>\n\n\n\n<ul class=\"wp-block-list\">\n<li>Junge Migranten*Migrantinnen zwischen 12 und 27 Jahren<\/li>\n\n\n\n<li>Eltern dieser jungen Menschen bei Fragen rund um Ausbildung\/Bildung f\u00fcr ihre Kinder<\/li>\n\n\n\n<li>Mitarbeiter*innen von \u00c4mtern, Betrieben, Einrichtungen und anderen Institutionen<\/li>\n<\/ul>\n\n\n\n<p><a href=\"https:\/\/www.internationaler-bund.de\/standort\/211713\" target=\"_blank\" rel=\"noreferrer noopener\">Mehr dazu hier<\/a><\/p>\n<\/div><\/div>\n<\/div><\/div>\n\n\n\n<div class=\"wp-block-pb-accordion-item c-accordion__item js-accordion-item no-js\" data-initially-open=\"false\" data-click-to-close=\"true\" data-auto-close=\"true\" data-scroll=\"false\" data-scroll-offset=\"0\"><h3 id=\"at-344022\" class=\"c-accordion__title js-accordion-controller\" role=\"button\">Themen f\u00fcr Frauen<\/h3><div id=\"ac-344022\" class=\"c-accordion__content\">\n<div class=\"wp-block-pb-accordion-item c-accordion__item js-accordion-item no-js\" data-initially-open=\"false\" data-click-to-close=\"true\" data-auto-close=\"true\" data-scroll=\"false\" data-scroll-offset=\"0\"><h4 id=\"at-344023\" class=\"c-accordion__title js-accordion-controller\" role=\"button\">Schwangerschaft<\/h4><div id=\"ac-344023\" class=\"c-accordion__content\">\n<p>Dei Schwangerschaftsberatung der Stadt Erlangen findet man <a href=\"https:\/\/erlangen.de\/service\/26343\" target=\"_blank\" rel=\"noreferrer noopener\">hier<\/a><\/p>\n\n\n\n<p>KoKi &#8211; Fr\u00fche Hilfen Beratungsstelle der Stadt Erlangen. Informationen und Unterst\u00fctzung f\u00fcr werdende und junge Eltern f\u00fcr alles rund um Schwangerschaft, Geburt, Babyausstattung usw. <a href=\"https:\/\/erlangen.de\/aktuelles\/koki-fruehe-hilfen\" target=\"_blank\" rel=\"noreferrer noopener\">Mehr dazu hier<\/a><\/p>\n\n\n\n<p>Au\u00dferdem kann die <a href=\"https:\/\/hebammenzentrale-erlangen.de\/\" target=\"_blank\" rel=\"noreferrer noopener\">Hebammenzentrale Erlangen<\/a> helfen <\/p>\n\n\n\n<p>Anmeldung zur Entbindung in der Frauenklinik und weitere  Informationen <a href=\"https:\/\/www.perinatalzentrum.uk-erlangen.de\/patientinnen\/entbindung\">hier<\/a><\/p>\n<\/div><\/div>\n\n\n\n<div class=\"wp-block-pb-accordion-item c-accordion__item js-accordion-item no-js\" data-initially-open=\"false\" data-click-to-close=\"true\" data-auto-close=\"true\" data-scroll=\"false\" data-scroll-offset=\"0\"><h4 id=\"at-344024\" class=\"c-accordion__title js-accordion-controller\" role=\"button\">Bewegungsangebote von Frauen f\u00fcr Frauen<\/h4><div id=\"ac-344024\" class=\"c-accordion__content\">\n<p>BIG bietet Sport- und Bewegungsangebote von Frauen f\u00fcr Frauen an \u2013 von A wie Aquafitness bis Z wie Zumba. Die Teilnahme ist ganz unkompliziert: keine Mitgliedschaft, kein Leistungsdruck, kein Zwang. Stattdessen kurze Wege, leichte Anmeldung und niedrige Preise. Frauen mit ErlangenPass oder Schwerbehindertenausweis erhalten auf die meisten Kurse zus\u00e4tzlich 50 % Erm\u00e4\u00dfigung. F\u00fcr unsere Kinderbetreuung berechnen wir pauschal nur 10 \u20ac pro Teilnehmerin und Kurs, d. h. auch Geschwisterkinder sind damit abgedeckt.<\/p>\n\n\n\n<p>BIG-Teilnehmerinnen kommen aus allen L\u00e4ndern und Kulturen. Um dieser Vielfalt gerecht zu werden, sind die Turn- und Schwimmhallen nicht einsehbar und stehen w\u00e4hrend der Kurszeiten nur den BIG-Frauen zur Verf\u00fcgung. Alle Trainerinnen sind weiblich. In unseren BIG-Kursen dreht sich alles um Bewegungsfreude. Politik und Religion sind hier kein Thema. Wir legen Wert auf Freundlichkeit, Toleranz und Respekt. Unsere Kurse machen gro\u00dfen Spa\u00df und oft w\u00e4chst die Gruppe zu einer tollen Gemeinschaft zusammen. Deshalb knipsen wir gerne mal ein Erinnerungsfoto, aber wir fragen vorher immer um Erlaubnis. Wenn jemand nicht aufs Bild m\u00f6chte, finden wir das v\u00f6llig in Ordnung.<\/p>\n\n\n\n<p>Mehr dazu und das akteulle Programm findet ihr auf der <a href=\"https:\/\/big-erlangen.de\/\" target=\"_blank\" rel=\"noreferrer noopener\">Webseite von BIG Erlangen<\/a><\/p>\n<\/div><\/div>\n\n\n\n<div class=\"wp-block-pb-accordion-item c-accordion__item js-accordion-item no-js\" data-initially-open=\"false\" data-click-to-close=\"true\" data-auto-close=\"true\" data-scroll=\"false\" data-scroll-offset=\"0\"><h4 id=\"at-344025\" class=\"c-accordion__title js-accordion-controller\" role=\"button\">Heimat ERlangen<\/h4><div id=\"ac-344025\" class=\"c-accordion__content\">\n<p>Die Anlaufstelle f\u00fcr Frauen und Familien mit Migrationshintergrund. Wir schaffen Raum f\u00fcr interkulturelle Kommunikation und soziale Zusammengeh\u00f6rigkeit.<br><strong>Unsere Angebote:<\/strong><br><em>Treffpunkt und internationales Caf\u00e9<br>Informationsveranstaltungen und Workshops<br>kultureller Austausch und Gespr\u00e4che<br>internationale Frauen und Familien.<\/em><\/p>\n\n\n\n<p><a href=\"https:\/\/www.heimat-erlangen.de\/\" target=\"_blank\" rel=\"noreferrer noopener\">Mehr dazu findet ihr hier<\/a><\/p>\n<\/div><\/div>\n\n\n\n<div class=\"wp-block-pb-accordion-item c-accordion__item js-accordion-item no-js\" data-initially-open=\"false\" data-click-to-close=\"true\" data-auto-close=\"true\" data-scroll=\"false\" data-scroll-offset=\"0\"><h4 id=\"at-344026\" class=\"c-accordion__title js-accordion-controller\" role=\"button\">Sprachkurse f\u00fcr Frauen mit Kinderbetreuung<\/h4><div id=\"ac-344026\" class=\"c-accordion__content\">\n<p>Die Deutsch-Offensive bietet Deutschkurse f\u00fcr Kinder, Jugendliche und Erwachsene sowie Eltern- und Frauenkurse mit kostenloser Kinderbetreuung auf dem Anf\u00e4nger- und fortgeschrittenen Niveau.<\/p>\n\n\n\n<p>Mehr dazu auf dieser Seit unter <strong>N\u00fctzliche Adressen &#8211; Sprach- und Integrationskurse &#8211; Deutsch-Offensive<\/strong><\/p>\n<\/div><\/div>\n\n\n\n<div class=\"wp-block-pb-accordion-item c-accordion__item js-accordion-item no-js\" data-initially-open=\"false\" data-click-to-close=\"true\" data-auto-close=\"true\" data-scroll=\"false\" data-scroll-offset=\"0\"><h4 id=\"at-344027\" class=\"c-accordion__title js-accordion-controller\" role=\"button\">Internationales Frauencaf\u00e9<\/h4><div id=\"ac-344027\" class=\"c-accordion__content\">\n<p>Egal, ob du neu in Erlangen bist oder schon lange hier wohnst und Fragen zu bestimmten Bereichen deines Alltags hast: Wir sind eine Gruppe von Frauen, die sich zu Tee, Kaffee, Kuchen und Austausch trifft, um gemeinsam neue R\u00e4ume in Erlangen zu erobern, um sich gegenseitig zu unterst\u00fctzen, um unabh\u00e4ngig von Religion und Herkunft ein aktives, selbstbestimmtes Leben in Erlangen zu f\u00fchren.<br>Ihr k\u00f6nnt jederzeit gerne eure Kinder mitbringen!&nbsp;<\/p>\n\n\n\n<p>Kontakt? <a href=\"mailto:int.frauengruppeerlangen@gmail.com\" target=\"_blank\" rel=\"noreferrer noopener\">int.frauengruppeerlangen@gmail.com<\/a> oder 09131 20 23 55<\/p>\n\n\n\n<p>Wo? Frauenzentrum Erlangen e.V. &#8211; Gerberei 4; 91054 Erlangen<\/p>\n\n\n\n<p>Wann? Jeden 1, und 3. Freitag im Monat<\/p>\n<\/div><\/div>\n<\/div><\/div>\n\n\n\n<div class=\"wp-block-pb-accordion-item c-accordion__item js-accordion-item no-js\" data-initially-open=\"false\" data-click-to-close=\"true\" data-auto-close=\"true\" data-scroll=\"false\" data-scroll-offset=\"0\"><h3 id=\"at-344028\" class=\"c-accordion__title js-accordion-controller\" role=\"button\">Wohnen<\/h3><div id=\"ac-344028\" class=\"c-accordion__content\">\n<div class=\"wp-block-pb-accordion-item c-accordion__item js-accordion-item no-js\" data-initially-open=\"false\" data-click-to-close=\"true\" data-auto-close=\"true\" data-scroll=\"false\" data-scroll-offset=\"0\"><h4 id=\"at-344029\" class=\"c-accordion__title js-accordion-controller\" role=\"button\">Wohnung<\/h4><div id=\"ac-344029\" class=\"c-accordion__content\">\n<p>Wohnen in Erlangen: Wohnen geh\u00f6rt zu den Grundbed\u00fcrfnissen eines Menschen und bleibt das soziale Thema in der Stadt Erlangen. Das Anliegen ist es, Wohnraum zu schaffen, zu erhalten und bezahlbar zu machen.<\/p>\n\n\n\n<p><a href=\"https:\/\/erlangen.de\/themenseite\/aktiv\/wohnen\" target=\"_blank\" rel=\"noreferrer noopener\">Mehr dazu hier<\/a><\/p>\n\n\n\n<p>Ansprechpartnerin bei Miet- oder Stromschulden oder f\u00fcr von Wohnungsnot betroffene Personen gist Frau Andrea Behringer (Mail: <a href=\"mailto:andrea.behringer@stadt.erlangen.de\">andrea.behringer@stadt.erlangen.de<\/a> Telefon: 09131-863441)<\/p>\n\n\n\n<p>Sie sei auch Ansprechperson in Bezug auf den Notfallfonds des Sozialamtes, der in diesen F\u00e4llen einspringen kann.<\/p>\n\n\n\n<p>Bei schwierigen Fallsituationen und Kl\u00e4rungsbedarf in Bezug auf das Jobcenter kann man sich auch direkt an das Sozialreferat wenden <a href=\"mailto:sozialreferat@stadt.erlangen.de\">sozialreferat@stadt.erlangen.de<\/a>.<\/p>\n\n\n\n<p><a href=\"https:\/\/erlangen.de\/de\/aktuelles\/jobcenter-mietobergrenzen\" target=\"_blank\" rel=\"noreferrer noopener\">Eine \u00dcbersicht der aktuellen Mietobergrenzen des Jobcenters findet man hier<\/a><\/p>\n\n\n\n<p><a href=\"https:\/\/erlangen.de\/aktuelles\/wohnungsvermittlung\" target=\"_blank\" rel=\"noreferrer noopener\">Wichtige Fragen und Antworten zur Wohnungsvermittlung findet man hier<\/a><\/p>\n\n\n\n<p>Finanzielle Hilfen f\u00fcr Miete und Kaution bekommt man bei <a href=\"https:\/\/www.refugium-erlangen.de\/\" target=\"_blank\" rel=\"noreferrer noopener\">Refugium Erlangen<\/a><\/p>\n\n\n\n<p>Wohnungsbaugesellschaften, die Sozialwohnungen vermieten sind zum Beispiel:<\/p>\n\n\n\n<ul class=\"wp-block-list\">\n<li>GeWoBau<\/li>\n\n\n\n<li>Josphstiftung<\/li>\n\n\n\n<li>Wohnbau GmbH<\/li>\n\n\n\n<li>Baugenossenschaft Erlangen<\/li>\n\n\n\n<li>Dawonia<\/li>\n<\/ul>\n\n\n\n<p>Au\u00dferdem gibt es beim Sozialamt die Wohnungsnotfallberatungsstelle, die in genau den gleichen F\u00e4llen einschreitet, ber\u00e4t und direkten Kontakt zum Jobcenter aufnimmt.<\/p>\n\n\n\n<p>Telefon.: 09131 861764<\/p>\n\n\n\n<p><a href=\"mailto:wohnungsnotfallberatung@stadt.erlangen.de\" target=\"_blank\" rel=\"noreferrer noopener\">wohnungsnotfallberatung@stadt.erlangen.de<\/a><\/p>\n\n\n\n<p>Wir haben auch ein paar Informationsbl\u00e4tter zusammengertragen:<\/p>\n\n\n\n<div data-wp-interactive=\"core\/file\" class=\"wp-block-file\"><object data-wp-bind--hidden=\"!state.hasPdfPreview\" hidden class=\"wp-block-file__embed\" data=\"https:\/\/www.efie-erlangen.de\/WP\/wp-content\/uploads\/2024\/03\/Infoblatt_Soziale-Wohnungsvermittlung-der-Stadt-Erlangen.pdf\" type=\"application\/pdf\" style=\"width:100%;height:600px\" aria-label=\"Einbettung von Infoblatt_Soziale Wohnungsvermittlung der Stadt Erlangen.\"><\/object><a id=\"wp-block-file--media-12b0e05c-9717-4d33-b348-0a1d1705488e\" href=\"https:\/\/www.efie-erlangen.de\/WP\/wp-content\/uploads\/2024\/03\/Infoblatt_Soziale-Wohnungsvermittlung-der-Stadt-Erlangen.pdf\">Infoblatt_Soziale Wohnungsvermittlung der Stadt Erlangen<\/a><a href=\"https:\/\/www.efie-erlangen.de\/WP\/wp-content\/uploads\/2024\/03\/Infoblatt_Soziale-Wohnungsvermittlung-der-Stadt-Erlangen.pdf\" class=\"wp-block-file__button wp-element-button\" download aria-describedby=\"wp-block-file--media-12b0e05c-9717-4d33-b348-0a1d1705488e\">Herunterladen<\/a><\/div>\n\n\n\n<div data-wp-interactive=\"core\/file\" class=\"wp-block-file\"><object data-wp-bind--hidden=\"!state.hasPdfPreview\" hidden class=\"wp-block-file__embed\" data=\"https:\/\/www.efie-erlangen.de\/WP\/wp-content\/uploads\/2024\/03\/Infoblatt_Recherchemoeglichkeiten-und-Adressen-zur-Wohnungssuche.pdf\" type=\"application\/pdf\" style=\"width:100%;height:600px\" aria-label=\"Einbettung von Infoblatt_Recherchem\u00f6glichkeiten und Adressen zur Wohnungssuche.\"><\/object><a id=\"wp-block-file--media-ce70dd89-0932-4ce6-b18f-65305d604836\" href=\"https:\/\/www.efie-erlangen.de\/WP\/wp-content\/uploads\/2024\/03\/Infoblatt_Recherchemoeglichkeiten-und-Adressen-zur-Wohnungssuche.pdf\">Infoblatt_Recherchem\u00f6glichkeiten und Adressen zur Wohnungssuche<\/a><a href=\"https:\/\/www.efie-erlangen.de\/WP\/wp-content\/uploads\/2024\/03\/Infoblatt_Recherchemoeglichkeiten-und-Adressen-zur-Wohnungssuche.pdf\" class=\"wp-block-file__button wp-element-button\" download aria-describedby=\"wp-block-file--media-ce70dd89-0932-4ce6-b18f-65305d604836\">Herunterladen<\/a><\/div>\n\n\n\n<div data-wp-interactive=\"core\/file\" class=\"wp-block-file\"><object data-wp-bind--hidden=\"!state.hasPdfPreview\" hidden class=\"wp-block-file__embed\" data=\"https:\/\/www.efie-erlangen.de\/WP\/wp-content\/uploads\/2024\/03\/Infoblatt_Bewerbungsmappe.pdf\" type=\"application\/pdf\" style=\"width:100%;height:600px\" aria-label=\"Einbettung von Infoblatt_Bewerbungsmappe.\"><\/object><a id=\"wp-block-file--media-ba0a9e7e-f413-4bc4-bc87-36b749dab8ac\" href=\"https:\/\/www.efie-erlangen.de\/WP\/wp-content\/uploads\/2024\/03\/Infoblatt_Bewerbungsmappe.pdf\">Infoblatt_Bewerbungsmappe<\/a><a href=\"https:\/\/www.efie-erlangen.de\/WP\/wp-content\/uploads\/2024\/03\/Infoblatt_Bewerbungsmappe.pdf\" class=\"wp-block-file__button wp-element-button\" download aria-describedby=\"wp-block-file--media-ba0a9e7e-f413-4bc4-bc87-36b749dab8ac\">Herunterladen<\/a><\/div>\n\n\n\n<div data-wp-interactive=\"core\/file\" class=\"wp-block-file\"><object data-wp-bind--hidden=\"!state.hasPdfPreview\" hidden class=\"wp-block-file__embed\" data=\"https:\/\/www.efie-erlangen.de\/WP\/wp-content\/uploads\/2024\/03\/Infoblatt_gute-Adressen.pdf\" type=\"application\/pdf\" style=\"width:100%;height:600px\" aria-label=\"Einbettung von Infoblatt_gute Adressen.\"><\/object><a id=\"wp-block-file--media-eae97241-ebd0-40dc-985a-bdb6b75973f2\" href=\"https:\/\/www.efie-erlangen.de\/WP\/wp-content\/uploads\/2024\/03\/Infoblatt_gute-Adressen.pdf\">Infoblatt_gute Adressen<\/a><a href=\"https:\/\/www.efie-erlangen.de\/WP\/wp-content\/uploads\/2024\/03\/Infoblatt_gute-Adressen.pdf\" class=\"wp-block-file__button wp-element-button\" download aria-describedby=\"wp-block-file--media-eae97241-ebd0-40dc-985a-bdb6b75973f2\">Herunterladen<\/a><\/div>\n\n\n\n<p>Mehr dazu hier auf dieser Seite unter: <strong>Beh\u00f6rden der Stadt Erlangen<\/strong> <strong>&#8211; Wohnungsamt<\/strong><\/p>\n<\/div><\/div>\n\n\n\n<div class=\"wp-block-pb-accordion-item c-accordion__item js-accordion-item no-js\" data-initially-open=\"false\" data-click-to-close=\"true\" data-auto-close=\"true\" data-scroll=\"false\" data-scroll-offset=\"0\"><h4 id=\"at-344030\" class=\"c-accordion__title js-accordion-controller\" role=\"button\">Fernsehen<\/h4><div id=\"ac-344030\" class=\"c-accordion__content\">\n<p>Die meisten Wohnungen in Erlangen bieten Sattelideenschluss oder Kabelanschluss f\u00fcr das Fernsehen. I. d. R. ist dies auch in den Nebenkosten inklusive. Sollte dies nicht der Fall sein, dann lohnen sich evtl. TV \u00fcber Internet oder ein eigener Kabelvertrag. Hierzu gern die g\u00e4ngigen Vergleichsportale studieren.<\/p>\n<\/div><\/div>\n\n\n\n<div class=\"wp-block-pb-accordion-item c-accordion__item js-accordion-item no-js\" data-initially-open=\"false\" data-click-to-close=\"true\" data-auto-close=\"true\" data-scroll=\"false\" data-scroll-offset=\"0\"><h4 id=\"at-344031\" class=\"c-accordion__title js-accordion-controller\" role=\"button\">Rundfunkbeitrag (GEZ)<\/h4><div id=\"ac-344031\" class=\"c-accordion__content\">\n<p>Wenn Sie be\u00adstimmte Sozial\u00adleistungen wie zum Bei\u00adspiel Grund\u00adsiche\u00adrung oder B\u00fcrger\u00adgeld (fr\u00fcher Arbeits\u00adlosen\u00adgeld II) er\u00adhalten, k\u00f6nnen Sie sich von der Rund\u00adfunk\u00adbeitrags\u00adpflicht be\u00adfreien lassen. Empf\u00e4nger von Arbeits\u00adlosen\u00adgeld I, Wohn\u00adgeld oder \u00dcber\u00adgangs\u00adgeld haben keinen An\u00adspruch auf eine Be\u00adfreiung.<\/p>\n\n\n\n<p><a href=\"https:\/\/www.rundfunkbeitrag.de\/buergerinnen_und_buerger\/formulare\/befreiung_oder_ermaessigung_beantragen\/index_ger.html\" target=\"_blank\" rel=\"noreferrer noopener\">Eine Befreiung oder Erm\u00e4\u00dfigung kann man hier beantragen<\/a><\/p>\n<\/div><\/div>\n\n\n\n<div class=\"wp-block-pb-accordion-item c-accordion__item js-accordion-item no-js\" data-initially-open=\"false\" data-click-to-close=\"true\" data-auto-close=\"true\" data-scroll=\"false\" data-scroll-offset=\"0\"><h4 id=\"at-344032\" class=\"c-accordion__title js-accordion-controller\" role=\"button\">DSL<\/h4><div id=\"ac-344032\" class=\"c-accordion__content\">\n<p>Hier empfielt sich ebenfalls g\u00fcnstige Preis in Preisvergleichsportalen zu recherchieren. In Gesch\u00e4fter der Innenstadt sind die Preise oft sehr hoch, jedoch hat man hier Ansprechpartner vor Ort. Man sollte also abw\u00e4gen.<\/p>\n\n\n\n<p><a href=\"https:\/\/www.verivox.de\/preisvergleich\/\" target=\"_blank\" rel=\"noreferrer noopener\">Verivox<\/a>, <a href=\"https:\/\/www.check24.de\/internet\/\" target=\"_blank\" rel=\"noreferrer noopener\">Check24<\/a> oder <a href=\"https:\/\/geizhals.de\/?service=dsl-tarifrechner\" target=\"_blank\" rel=\"noreferrer noopener\">Geizhals <\/a>sind hier Vergleichsportale. Bitte auf das Kleingedruckte achten und nach der Vertragsalufzeit schauen.<\/p>\n<\/div><\/div>\n\n\n\n<div class=\"wp-block-pb-accordion-item c-accordion__item js-accordion-item no-js\" data-initially-open=\"false\" data-click-to-close=\"true\" data-auto-close=\"true\" data-scroll=\"false\" data-scroll-offset=\"0\"><h4 id=\"at-344033\" class=\"c-accordion__title js-accordion-controller\" role=\"button\">Handy<\/h4><div id=\"ac-344033\" class=\"c-accordion__content\">\n<p>Hier empfielt sich g\u00fcnstige Preis in Preisvergleichsportalen zu recherchieren. In Gesch\u00e4fter der Innenstadt sind die Preise oft sehr hoch, jedoch hat man hier Ansprechpartner vor Ort. Man sollte also abw\u00e4gen.<\/p>\n\n\n\n<p>Unsere Empfehlung sind Prepaid-Vertr\u00e4ge, diese kann man monatlich k\u00fcndigen und man verpflichtet sich zu nix l\u00e4ngerem.<\/p>\n\n\n\n<p><a href=\"https:\/\/www.verivox.de\/handy\/prepaidtarife\/\" target=\"_blank\" rel=\"noreferrer noopener\">Verivox<\/a>, <a href=\"https:\/\/handytarife.check24.de\/lp\/handy?context=mexit\" target=\"_blank\" rel=\"noreferrer noopener\">Check24<\/a> oder <a href=\"https:\/\/geizhals.de\/?service=handy-tarifrechner\" target=\"_blank\" rel=\"noreferrer noopener\">Geizhals <\/a>sind hier Vergleichsportale. Bitte auf das Kleingedruckte achten und nach der Vertragsalufzeit schauen.<\/p>\n<\/div><\/div>\n<\/div><\/div>\n\n\n\n<div class=\"wp-block-pb-accordion-item c-accordion__item js-accordion-item no-js\" data-initially-open=\"false\" data-click-to-close=\"true\" data-auto-close=\"true\" data-scroll=\"false\" data-scroll-offset=\"0\"><h3 id=\"at-344034\" class=\"c-accordion__title js-accordion-controller\" role=\"button\">Anwalt<\/h3><div id=\"ac-344034\" class=\"c-accordion__content\">\n<p>Gefl\u00fcchtete im Asylverfahren haben oft einen Anwalt. Dies lohnt sich! Wenn ihr dazu Fragen habt oder einen Anwalt sucht, dann meldet euch bei uns \u00fcber unser <a data-type=\"page\" data-id=\"168\" href=\"https:\/\/www.efie-erlangen.de\/WP\/kontakt-2\/\">Kontaktformular<\/a>.<\/p>\n\n\n\n<p><strong><a href=\"https:\/\/rlc-erlangen.de\/\" target=\"_blank\" rel=\"noreferrer noopener\">Refugee Law Clinic Erlangen-Nuremberg<\/a><\/strong><\/p>\n\n\n\n<p>Die Refugee Law Clinic Erlangen-Nuremberg ist eine  Initiative Erlanger Jurastudenten zur Unterst\u00fctzung von Gefl\u00fcchteten. Sie bietet Gefl\u00fcchteten eine kostenfreie Rechtsberatung zu Fragen rund um das Asyl- und Aufenthaltsrecht und arbeiten dabei eng mit Frau Prof. Farahat, Rechtsanw\u00e4lten und anderen Hilfsorganisationen zusammen.<\/p>\n\n\n\n<p>Das Angebot: Wir bieten AsylbewerberInnen und Fl\u00fcchtlingen eine kostenlose Anlaufstelle und stehen bei juristischen, administrativen und sonstigen Fragen mit Rat und Tat zur Seite. Dabei stehen wir in st\u00e4ndigem Kontakt mit den Juristen aus unserem Beirat.<\/p>\n<\/div><\/div>\n\n\n\n<div class=\"wp-block-pb-accordion-item c-accordion__item js-accordion-item no-js\" data-initially-open=\"false\" data-click-to-close=\"true\" data-auto-close=\"true\" data-scroll=\"false\" data-scroll-offset=\"0\"><h3 id=\"at-344035\" class=\"c-accordion__title js-accordion-controller\" role=\"button\">Arbeit<\/h3><div id=\"ac-344035\" class=\"c-accordion__content\">\n<p>Diese Pr\u00e4sentation bietet eine ganz gute \u00dcbersicht zu <a href=\"https:\/\/www.efie-erlangen.de\/WP\/wp-content\/uploads\/2024\/10\/WIR-Schulungspraesentation-fuer-die-Arbeitsverwaltungen-Stand-Juli-2024_gekuerzt.pdf\" target=\"_blank\" rel=\"noreferrer noopener\"><strong>Flucht, Asyl, (Aus-)Bildung und Arbeit<\/strong><\/a><\/p>\n\n\n\n<div class=\"wp-block-pb-accordion-item c-accordion__item js-accordion-item no-js\" data-initially-open=\"false\" data-click-to-close=\"true\" data-auto-close=\"true\" data-scroll=\"false\" data-scroll-offset=\"0\"><h4 id=\"at-344036\" class=\"c-accordion__title js-accordion-controller\" role=\"button\">Arbeitserlaubnis<\/h4><div id=\"ac-344036\" class=\"c-accordion__content\">\n<p>Asylbewerber und Geduldete ben\u00f6tigen grunds\u00e4tzlich eine Arbeitserlaubnis, die durch die \u00f6rtliche Ausl\u00e4nderbeh\u00f6rde erteilt wird. Die Bundesagentur f\u00fcr Arbeit (BA) muss der Besch\u00e4ftigung in der Regel zustimmen. Sie pr\u00fcft die Besch\u00e4ftigungsbedingungen, d.h. ob vergleichbare Arbeitsbedingungen mit Inl\u00e4ndern vorliegen (z.B. beim Lohnniveau); diese Pr\u00fcfung gilt auch f\u00fcr Zeitarbeitsfirmen.<\/p>\n\n\n\n<p><a href=\"https:\/\/www.bmas.de\/DE\/Arbeit\/Migration-und-Arbeit\/Flucht-und-Aysl\/Arbeitsmarktzugang-fuer-Gefluechtete\/arbeitsmarktzugang-fuer-gefluechtete.html\" target=\"_blank\" rel=\"noreferrer noopener\">Eine ausf\u00fchrlichere Beschreibung dazu gibt es hier<\/a><\/p>\n\n\n\n<p><a href=\"https:\/\/www.der-paritaetische.de\/fileadmin\/user_upload\/Publikationen\/doc\/sozialleistungen-fluechtlinge-2019-aufl3_web.pdf\">Ebenso ist diese Dokument ggf. hilfreich<\/a><\/p>\n<\/div><\/div>\n\n\n\n<div class=\"wp-block-pb-accordion-item c-accordion__item js-accordion-item no-js\" data-initially-open=\"false\" data-click-to-close=\"true\" data-auto-close=\"true\" data-scroll=\"false\" data-scroll-offset=\"0\"><h4 id=\"at-344037\" class=\"c-accordion__title js-accordion-controller\" role=\"button\">Steuererkl\u00e4rung<\/h4><div id=\"ac-344037\" class=\"c-accordion__content\">\n<p>Sollten Gefl\u00fcchtet einer Arbeit nachgehen, dann wird idR auch eine Steuererkl\u00e4rung f\u00e4lltig. Hier empfehlen wir entweder Hilfe durch einen Steuerberater in Anspruch zu nehemn oder die mithilfe eines Online Programms\/Apps durchzuf\u00fchren.<\/p>\n\n\n\n<p>Bei Fragen einfach an das <a href=\"https:\/\/www.finanzamt.bayern.de\/Erlangen\" target=\"_blank\" rel=\"noreferrer noopener\">Finanzamt Erlangen <\/a>wenden.<\/p>\n<\/div><\/div>\n<\/div><\/div>\n\n\n\n<div class=\"wp-block-pb-accordion-item c-accordion__item js-accordion-item no-js\" data-initially-open=\"false\" data-click-to-close=\"true\" data-auto-close=\"true\" data-scroll=\"false\" data-scroll-offset=\"0\"><h3 id=\"at-344038\" class=\"c-accordion__title js-accordion-controller\" role=\"button\">Mobilit\u00e4t<\/h3><div id=\"ac-344038\" class=\"c-accordion__content\">\n<p>Gefl\u00fcchtete mit dem ErlangenPass bekommen auf ihre Tickets (inkl. Deutschlandticket) bestimmt Erm\u00e4\u00dfigungen.<\/p>\n\n\n\n<p>Eine aktuelle \u00dcbersicht dazu findet man hier: <a href=\"https:\/\/stadtbus.estw.de\/de\/Tickets-Verbundpaesse\/Tickets1\/#ErlangenPass\" target=\"_blank\" rel=\"noreferrer noopener\">ESTW-ErlangenPass<\/a><\/p>\n<\/div><\/div>\n\n\n\n<div class=\"wp-block-pb-accordion-item c-accordion__item js-accordion-item no-js\" data-initially-open=\"false\" data-click-to-close=\"true\" data-auto-close=\"true\" data-scroll=\"false\" data-scroll-offset=\"0\"><h3 id=\"at-344039\" class=\"c-accordion__title js-accordion-controller\" role=\"button\">Reisen<\/h3><div id=\"ac-344039\" class=\"c-accordion__content\">\n<p>Auslandsreisen und Reisen von Schutzberechtigten in ihre Herkunftsl\u00e4nder sind in den vergangenen Jahren wiederholt kontrovers diskutiert worden. Hintergrund ist die Frage, inwiefern Reisen in das Herkunftsland zum Verlust des Schutzes f\u00fchren, den das Bundesamt f\u00fcr Migration und Fl\u00fcchtlinge den Personen im Rahmen ihres Asylverfahrens erteilt hat. Schutzberechtigte haben grunds\u00e4tzlich das Recht auf Bewegungsfreiheit, wie sie auch anderen Drittstaatsangeh\u00f6rigen zusteht, die sich legal im Land aufhalten. Dies schlie\u00dft Reisen ins Ausland mit ein. Anders verh\u00e4lt es sich mit Reisen in das Herkunftsland. Diese sind nur unter spezifischen Voraussetzungen erlaubt bzw. k\u00f6nnen unter bestimmten Voraussetzungen zum Widerruf des Schutz- und Aufenthaltsstatus f\u00fchren.<\/p>\n\n\n\n<p><a href=\"https:\/\/www.bamf.de\/SharedDocs\/Anlagen\/DE\/EMN\/Studien\/wp84-reise-ins-hkl.html?nn=282104\" target=\"_blank\" rel=\"noreferrer noopener\">Eine ausf\u00fchrlichere Beschreibung dazu gibt es hier<\/a><\/p>\n\n\n\n<p>In den ersten drei Monaten und solange Gefl\u00fcchtete in einer&nbsp;Erstaufnahmeeinrichtung&nbsp;wohnen, d\u00fcrfen sie auch innerhalb Deutschlands nicht reisen. Das bedeutet, dass sie Ihre Stadt nicht verlassen d\u00fcrfen. Diese Regelung nennt man \u201eResidenzpflicht\u201c. Wenn Gefl\u00fcchtete Ihre Stadt wegen eines wichtigen Termins verlassen m\u00fcssen, m\u00fcssen sie daf\u00fcr eine Erlaubnis haben. Diese Erlaubnis bekommen sie bei der Ausl\u00e4nderbeh\u00f6rde. Nur wenn sie Termine bei Beh\u00f6rden oder bei einem Gericht haben, brauchen Sie keine Erlaubnis. Hier gen\u00fcgt es, der Ausl\u00e4nderbeh\u00f6rde und dem Bundesamt f\u00fcr Migration und Fl\u00fcchtlinge (BAMF) schriftlich Bescheid zu geben. Wenn Gefl\u00fcchtete ohne Erlaubnis Ihre Stadt verlassen und dabei erwischt werden, m\u00fcssen sie ein Bu\u00dfgeld bezahlen. Wenn sie \u00f6fter ohne Erlaubnis erwischt werden, k\u00f6nnen sie eine Geld- oder Gef\u00e4ngnisstrafe bekommen. Eine Geld- oder Gef\u00e4ngnisstrafe kann f\u00fcr Ihr sp\u00e4teres Aufenthaltsrecht zu einem Problem werden.<\/p>\n\n\n\n<p>Sie d\u00fcrfen w\u00e4hrend Ihres Asylverfahrens nicht ins Ausland reisen.<\/p>\n\n\n\n<p>Ausl\u00e4nder*innen in Deutschland sind generell verpflichtet einen g\u00fcltigen Pass oder Passersatz zu besitzen. F\u00fcr die Ausstellung und Verl\u00e4ngerung von P\u00e4ssen sind in der Regel die Botschaft oder das Konsulat des Herkunftsstaats zust\u00e4ndig. Ausgenommen von dieser Regelung sind jedoch bestimmte Personengruppen, denen ein Passersatz ausgestellt werden kann:<\/p>\n\n\n\n<ul class=\"wp-block-list\">\n<li>Asylberechtigte und &#8222;anerkannte Fl\u00fcchtlinge&#8220; nach der Genfer Fl\u00fcchtlingskonvention<\/li>\n\n\n\n<li>Staatenlose<\/li>\n\n\n\n<li>Personen, die subsidi\u00e4ren Schutz haben<\/li>\n\n\n\n<li>Personen, bei denen ein nationales Abschiebungsverbot festgestellt wurde und die keine zumutbare M\u00f6glichkeit haben, einen Pass ihres Heimatstaates zu erlangen.<\/li>\n<\/ul>\n\n\n\n<p>Diese Personengruppen bekommen in der Regel ein Passersatzpapier aus Deutschland, das es in drei Arten gibt:<\/p>\n\n\n\n<ul class=\"wp-block-list\">\n<li>Den Reiseausweis f\u00fcr Fl\u00fcchtlinge (\u201eBlauer Pass\u201c)<\/li>\n\n\n\n<li>Den Reiseausweis f\u00fcr Staatenlose<\/li>\n\n\n\n<li>Den Reiseausweis f\u00fcr Ausl\u00e4nder &nbsp;<\/li>\n<\/ul>\n\n\n\n<p>Den Reiseausweis f\u00fcr Fl\u00fcchtlinge bekommen Sie in der Regel gemeinsam mit Ihrem&nbsp;Aufenthaltstitel&nbsp;in der Ausl\u00e4nderbeh\u00f6rde. Mehr dazu erfahren Sie unter \u201e<a href=\"https:\/\/handbookgermany.de\/de\/blue-passport\">Blauer Pass<\/a>\u201c. Als Staatenlose*r oder Ausl\u00e4nder*in mit einer Aufenthaltserlaubnis als subsidi\u00e4r Schutzberechtigter oder aufgrund eines nationalen Abschiebungsverbots, m\u00fcssen Gefl\u00fcchtete den Reiseausweis f\u00fcr Ausl\u00e4nder und Staatenlose (\u201eGrauer Pass\u201c) in der f\u00fcr Sie zust\u00e4ndigen Ausl\u00e4nderbeh\u00f6rde beantragen. Dazu m\u00fcssen Sie nachweisen, dass es f\u00fcr Sie nicht m\u00f6glich oder zumutbar ist, einen Pass von Ihren Heimatbeh\u00f6rden zu bekommen.<\/p>\n<\/div><\/div>\n<\/div><\/div>\n\n\n\n<div class=\"wp-block-pb-accordion-item c-accordion__item js-accordion-item no-js\" data-initially-open=\"false\" data-click-to-close=\"true\" data-auto-close=\"true\" data-scroll=\"false\" data-scroll-offset=\"0\"><h3 id=\"at-344040\" class=\"c-accordion__title js-accordion-controller\" role=\"button\">Sozialleistungen<\/h3><div id=\"ac-344040\" class=\"c-accordion__content\">\n<p>Gefl\u00fcchtete k\u00f6nnen in Deutschland Sozialleistungen erhalten, wenn Ihr Einkommen und gegebenenfalls ihr Verm\u00f6gen nicht ausreichen, um Ihre Lebenshaltungskosten zu decken. Wenn Sie erwerbsf\u00e4hig sind, k\u00f6nnen Sie f\u00fcr sich und Ihre Familie B\u00fcrgergeld vom Jobcenter erhalten. Wenn Sie nur eingeschr\u00e4nkt erwerbsf\u00e4hig sind oder eine Altersrente beziehen, k\u00f6nnen Sie Geld vom Sozialamt (Sozialhilfe) erhalten.<\/p>\n\n\n\n<p>Voraussetzung f\u00fcr B\u00fcrgergeld und Sozialhilfe ist u.a., dass sie eine Aufenthaltserlaubnis (nach \u00a7 24 des Aufenthaltsgesetzes) oder eine entsprechende \u201eFiktionsbescheinigung\u201c von der Ausl\u00e4nderbeh\u00f6rde erhalten. Das Jobcenter Erlangen oder das Sozialamt beraten dazu.<\/p>\n\n\n\n<p>In Betracht kommen unter bestimmten Voraussetzungen auch Leistungen nach dem Asylbewerberleistungsgesetz (AsylbLG).<\/p>\n\n\n\n<p><a href=\"https:\/\/www.betanet.de\/sozialhilfe.html\" target=\"_blank\" rel=\"noreferrer noopener\">Noch mehr Informationen findet man hier<\/a><\/p>\n\n\n\n<p>Ein Tipp zum Einreichen von Kontoausz\u00fcgen (i. d. R. letzten 3 Monate): Kontoausz\u00fcge gern als Excel,-Tabelle oder gesammelte A4 PDFs von der Sparkasse an das Jobcenters senden. Dabei bitte auch unter der Angabe des Zeichens [Unser Zeichen\/Schreiben (X\/XXX\/LSB\/1234.5.6789)] per Mail (Mailadresse im Briefkopf oben rechts) an die entsprechende Stelle senden. Das erspart den Digitalisierungsaufwand, den jeder ausgedruckte und per Post gesendete Kontoauszug mit sich bring.<\/p>\n\n\n\n<p>Eine Anleitung f\u00fcr den Excel Export findet ihr hier: <a href=\"https:\/\/www.efie-erlangen.de\/WP\/wp-content\/uploads\/2024\/05\/Export_Kontoumsaetze_Internet-Filiale.pdf\" target=\"_blank\" rel=\"noreferrer noopener\">Export der Kontoums\u00e4tze in der Internet-Filiale<\/a><\/p>\n\n\n\n<p>Zum Digitalisieren von Briefen, Rechnungen oder anderen Zetteln, die ihr der Mail anh\u00e4ngen wollt, empfiehlt sich der CamScanner &#8211; PDF-Scanner App. Diesen und eine jeweilige Anleitung findet ihr <a href=\"https:\/\/play.google.com\/store\/apps\/details?id=com.intsig.camscanner&amp;hl=de\" target=\"_blank\" rel=\"noreferrer noopener\">f\u00fcr Android hier<\/a> und <a href=\"https:\/\/apps.apple.com\/us\/app\/camscanner-pdf-scanner-app\/id388627783\" target=\"_blank\" rel=\"noreferrer noopener\">f\u00fcr Apple hier<\/a><\/p>\n\n\n\n<div class=\"wp-block-pb-accordion-item c-accordion__item js-accordion-item no-js\" data-initially-open=\"false\" data-click-to-close=\"true\" data-auto-close=\"true\" data-scroll=\"false\" data-scroll-offset=\"0\"><h4 id=\"at-344041\" class=\"c-accordion__title js-accordion-controller\" role=\"button\">Elektronischen Zugang einrichten (nur einmalig)<\/h4><div id=\"ac-344041\" class=\"c-accordion__content\">\n<p>Das Ausf\u00fcllen von einigen Antr\u00e4gen ist online m\u00f6glich. Dies erleichtert das Einreichen und bei einem erneuten Antrag kann man Informationen einfach vom letzten Antrag \u00fcbernehmen. Einige Voraussetzungen m\u00fcssen dazu jedoch erf\u00fcllt sein. Mehr dazu findet ihr hier:<\/p>\n\n\n\n<ul class=\"wp-block-list\">\n<li>Um den Antrag komplett ohne Unterschrift einreichen zu k\u00f6nnen, wird der <strong>Aufenthaltstitel<\/strong> (=Ausweiskarte) ben\u00f6tigt.<\/li>\n\n\n\n<li>Zus\u00e4tzlich braucht man die <strong>PIN<\/strong>, die man mit dem Ausweis als Brief erhalten hat. Ist die Pin verloren, kann diese ohne Termin an der Theke der Ausl\u00e4nderbeh\u00f6rde im Rathaus (2. OG) sofort neu eingerichtet werden (Geb\u00fchr: 6 EUR).<\/li>\n\n\n\n<li>Zun\u00e4chst wird die <strong>AusweisApp2 am Handy installiert<\/strong>\n<ul class=\"wp-block-list\">\n<li><a target=\"_blank\" rel=\"noreferrer noopener\" href=\"https:\/\/www.ausweisapp.bund.de\/download\">https:\/\/www.ausweisapp.bund.de\/download<\/a><\/li>\n<\/ul>\n<\/li>\n\n\n\n<li>Nun wird ausprobiert, ob das <strong>Handy den Ausweis erkennen<\/strong> kann.\n<ul class=\"wp-block-list\">\n<li>Dazu wird die App gestartet und der Ausweis unter das Handy gelegt. Ggf Handy aus der H\u00fclle nehmen und mehrere Positionen probieren.<\/li>\n\n\n\n<li>Wichtig: Am Handy muss NFC als Verbindungsm\u00f6glichkeit eingeschaltet sein (geht wie WLAN einschalten, nur anderes Symbol).<\/li>\n<\/ul>\n<\/li>\n\n\n\n<li>Nun muss in der App aus der 5-stelligen TransportPIN aus dem Brief eine <strong>neue 6 stellige eigene PIN erzeugt<\/strong> werden.\n<ul class=\"wp-block-list\">\n<li>Die neue eigene sechsstellige PIN schreibt man am besten gleich auf den Brief, um sie nicht zu vergessen.<\/li>\n\n\n\n<li>Wenn man nicht zuerst die f\u00fcnfstellige TransportPIN in eine eigene sechsstellige PIN umwandelt, funktioniert es nicht.<\/li>\n<\/ul>\n<\/li>\n\n\n\n<li>Nun wird die <strong>AusweisApp2 auch auf dem Computer installiert.<\/strong>\n<ul class=\"wp-block-list\">\n<li><a target=\"_blank\" rel=\"noreferrer noopener\" href=\"https:\/\/www.ausweisapp.bund.de\/download\">https:\/\/www.ausweisapp.bund.de\/download<\/a><\/li>\n\n\n\n<li>Das Handy dient am Ende nur als &#8222;Kartenleser&#8220; f\u00fcr den Computer.<\/li>\n\n\n\n<li>Bei der Installation am Computer muss das Handy deshalb auch als Kartenleser installiert werden (das hei\u00dft <strong>koppeln<\/strong>). Dazu muss:\n<ul class=\"wp-block-list\">\n<li>Die AusweisApp2 am Handy gestartet sein,<\/li>\n\n\n\n<li>dort Koppeln \/ Fernzugriff eingestellt werden und<\/li>\n\n\n\n<li>der dort angezeigte Kopplungscode am Computer eingegeben werden.<\/li>\n<\/ul>\n<\/li>\n<\/ul>\n<\/li>\n\n\n\n<li>Schlie\u00dflich muss nun noch <strong>in zwei Schritten ein BayernID Konto angelegt<\/strong> werden:\n<ul class=\"wp-block-list\">\n<li>Zun\u00e4chst wird auf <a target=\"_blank\" rel=\"noreferrer noopener\" href=\"https:\/\/bayernid.freistaat.bayern\">https:\/\/bayernid.freistaat.bayern<\/a> ein <strong>neues Konto mit Benutzername und Passwort<\/strong> angelegt.<\/li>\n\n\n\n<li>Die dort eingegebene Emailadresse muss im Emailkonto best\u00e4tigt werden (Klick auf Link in zugesandter Mail).<\/li>\n\n\n\n<li>Nun meldet man sich mit Benutzername und Passwort beim BayernID Konto an.<\/li>\n\n\n\n<li>Als zweiter Schritt wird nun im BayernID Konto <strong>ein weiterer Zugang f\u00fcr eID angelegt<\/strong> (auf den Reiter Zugang klicken, und als Zugangsart dort eID w\u00e4hlen, und dann mit Ausweis unter dem Handy und Eingabe des AusweisApp2-Passworts authentifizieren).<\/li>\n<\/ul>\n<\/li>\n\n\n\n<li><strong>Sofern alles erfolgreich geklappt hat, kann man nun in Zukunft immer mit der BayernID elektronisch unterschreiben.<\/strong><\/li>\n<\/ul>\n<\/div><\/div>\n\n\n\n<div class=\"wp-block-pb-accordion-item c-accordion__item js-accordion-item no-js\" data-initially-open=\"false\" data-click-to-close=\"true\" data-auto-close=\"true\" data-scroll=\"false\" data-scroll-offset=\"0\"><h4 id=\"at-344042\" class=\"c-accordion__title js-accordion-controller\" role=\"button\">Asylbewerberleistungsgesetz<\/h4><div id=\"ac-344042\" class=\"c-accordion__content\">\n<p>Das Asylbewerberleistungsgesetz (AsylbLG) regelt den Leistungsbezug von Personen im Asylverfahren, geduldeten und ausreisepflichtigen Personen sowie weiteren Personengruppen (siehe \u00a7 1 Abs. 1 AsylbLG), sofern sie hilfsbed\u00fcrftig sind.<\/p>\n\n\n\n<p>Anspruchsberechtigte nach dem Asylbewerberleistungsgesetz sind von anderen Sozialleistungen wie der Sozialhilfe nach dem SGB XII oder dem B\u00fcrgergeld nach dem SGB II ausgeschlossen und erhalten im Vergleich nur deutlich geringere Leistungen. Erst nach 18-monatigem ununterbrochenem Aufenthalt in Deutschland k\u00f6nnen Schutzsuchende unter bestimmten Voraussetzungen Leistungen entsprechend der Sozialhilfe erhalten.<\/p>\n\n\n\n<p>Das Asylbewerberleistungsgesetz enth\u00e4lt im Wesentlichen Regelungen zur H\u00f6he und Form von Grundleistungen, zu Leistungen in besonderen F\u00e4llen, zu Arbeitsgelegenheiten sowie zur Gesundheitsversorgung.<\/p>\n\n\n\n<p>Leistungsberechtigte erhalten Geld- und Sachleistungen f\u00fcr Unterkunft, Ern\u00e4hrung, Kleidung, Hygienebedarf, medizinische Versorgung und Leistungen f\u00fcr Ihren pers\u00f6nlichen Bedarf.<\/p>\n\n\n\n<p>Dar\u00fcber hinaus regelt das AsylbLG auch die Voraussetzungen f\u00fcr m\u00f6gliche Leistungsk\u00fcrzungen. Diese wurden durch das Migrationspaket 2019 teilweise neu gefasst und bilden nun eine sehr umfangreiche Eingriffsgrundlage f\u00fcr Leistungsk\u00fcrzungen aus unterschiedlichen Gr\u00fcnden.<\/p>\n\n\n\n<p><a href=\"https:\/\/erlangen.de\/service\/26624\" target=\"_blank\" rel=\"noreferrer noopener\">Informationen, zur zust\u00e4ndigen Beh\u00f6rde und Antr\u00e4ge findet man hier<\/a><\/p>\n<\/div><\/div>\n\n\n\n<div class=\"wp-block-pb-accordion-item c-accordion__item js-accordion-item no-js\" data-initially-open=\"false\" data-click-to-close=\"true\" data-auto-close=\"true\" data-scroll=\"false\" data-scroll-offset=\"0\"><h4 id=\"at-344043\" class=\"c-accordion__title js-accordion-controller\" role=\"button\">B\u00fcrgergeld<\/h4><div id=\"ac-344043\" class=\"c-accordion__content\">\n<p>Das B\u00fcrgergeld, auch bekannt als Grundsicherung f\u00fcr Arbeitsuchende, ist eine Leistung des Sozialstaats f\u00fcr erwerbsf\u00e4hige Menschen, die ihren Lebensunterhalt nicht aus eigenem Einkommen oder Verm\u00f6gen decken k\u00f6nnen. Es ist im Zweiten Buch Sozialgesetzbuch (SGB II) geregelt. Das B\u00fcrgergeld sichert das wirtschaftliche Existenzminimum und erm\u00f6glicht Ihnen die Teilhabe am kulturellen und sozialen Leben unserer Gesellschaft. Gleichzeitig erhalten erwerbsf\u00e4hige B\u00fcrgergeld-Berechtigte umfassende Unterst\u00fctzung von den Jobcentern bei der Suche nach einer Arbeit oder Qualifikationsm\u00f6glichkeiten. Wer Leistungen des Staates, also der Steuerzahlerinnen und Steuerzahler bekommt, muss umgekehrt aktiv daran mitwirken, dass er oder sie m\u00f6glichst schnell wieder auf eigenen Beinen stehen kann. Die Jobcenter unterst\u00fctzen Sie dabei. Auch hilfebed\u00fcrftige Kinder erhalten B\u00fcrgergeld und werden von den Jobcentern in den Blick genommen, um ihnen Zugang zu Bildung und Teilhabe zu erm\u00f6glichen.<\/p>\n\n\n\n<p>Wichtig: Das B\u00fcrgergeld wird nur auf Antrag gezahlt.<\/p>\n\n\n\n<p>Wenn Sie bisher Arbeitslosengeld II oder Sozialgeld bezogen haben, bekommen Sie seit dem 01.01.2023 B\u00fcrgergeld. Die Grundsicherungsleistungen werden jeden Monat im Voraus auf Ihr Konto \u00fcberwiesen.<\/p>\n\n\n\n<p><a href=\"https:\/\/erlangen.de\/service\/97514\">Den Antrag, eine weitere Beschreibung und Ansprechpartner findet man hier<\/a><\/p>\n<\/div><\/div>\n\n\n\n<div class=\"wp-block-pb-accordion-item c-accordion__item js-accordion-item no-js\" data-initially-open=\"false\" data-click-to-close=\"true\" data-auto-close=\"true\" data-scroll=\"false\" data-scroll-offset=\"0\"><h4 id=\"at-344044\" class=\"c-accordion__title js-accordion-controller\" role=\"button\">Arbeitslosengeld<\/h4><div id=\"ac-344044\" class=\"c-accordion__content\">\n<p>Damit Sie Anspruch auf Arbeitslosengeld haben, m\u00fcssen Sie im Wesentlichen folgende Voraussetzungen erf\u00fcllen:<\/p>\n\n\n\n<ul class=\"wp-block-list\">\n<li>Sie sind ohne Besch\u00e4ftigung, k\u00f6nnen aber mindestens 15&nbsp;Stunden pro Woche einer versicherungspflichtigen&nbsp;Besch\u00e4ftigung nachgehen.<\/li>\n\n\n\n<li>Sie haben sich&nbsp;<strong>online<\/strong>&nbsp;\u00fcber unseren <a href=\"https:\/\/www.arbeitsagentur.de\/arbeitslos-melden\/\">Digitalen Service<\/a>&nbsp;oder in Ihrer&nbsp;<a href=\"https:\/\/www.arbeitsagentur.de\/arbeitslos-arbeit-finden\/arbeitslosengeld\/finanzielle-hilfen\/arbeitslosengeld-anspruch-hoehe-dauer\">Agentur f\u00fcr Arbeit<\/a>&nbsp;pers\u00f6nlich arbeitslos gemeldet.<\/li>\n\n\n\n<li>Sie suchen eine Stelle, die versicherungspflichtig ist. Dabei arbeiten Sie mit Ihrer Agentur f\u00fcr Arbeit zusammen.<\/li>\n\n\n\n<li>Sie erf\u00fcllen die Anwartschaftszeit<\/li>\n<\/ul>\n\n\n\n<h6 class=\"wp-block-heading\">Begriffskl\u00e4rung: Anwartschaftszeit<\/h6>\n\n\n\n<p>Um Anspruch auf Arbeitslosengeld zu haben, m\u00fcssen Sie die sogenannte&nbsp;Anwartschaftszeit erf\u00fcllen. Das ist der Fall, wenn Sie in den&nbsp;<strong>30&nbsp;Monaten<\/strong>&nbsp;vor Ihrer Arbeitslosmeldung und Arbeitslosigkeit in der Arbeitslosenversicherung&nbsp;<strong>mindestens 12&nbsp;Monate<\/strong>&nbsp;pflicht- oder freiwillig versichert waren.&nbsp;In der Regel werden versicherungspflichtige Zeiten in Besch\u00e4ftigungsverh\u00e4ltnissen zur\u00fcckgelegt. Zur Berechnung, ob die Anwartschaftszeit erf\u00fcllt ist, werden die Zeiten aller versicherungspflichtigen Besch\u00e4ftigungen innerhalb des 30-Monate-Zeitraumes zusammengerechnet.<\/p>\n\n\n\n<p><a href=\"https:\/\/www.arbeitsagentur.de\/arbeitslos-arbeit-finden\/arbeitslosengeld\/finanzielle-hilfen\/arbeitslosengeld-anspruch-hoehe-dauer\">Mehr Informationen und einen Arbeitslosengeldrechner findet man hier<\/a><\/p>\n\n\n\n<p><a href=\"https:\/\/www.arbeitsagentur.de\/vor-ort\/fuerth\/erlangen\" target=\"_blank\" rel=\"noreferrer noopener\">Die Agentur in Erlangen findet man hier<\/a><\/p>\n\n\n\n<p><a href=\"https:\/\/www.arbeitsagentur.de\/arbeitslos-melden\/\" target=\"_blank\" rel=\"noreferrer noopener\">Wie man sich arbeitslos melden kann findet man hier<\/a><\/p>\n<\/div><\/div>\n\n\n\n<div class=\"wp-block-pb-accordion-item c-accordion__item js-accordion-item no-js\" data-initially-open=\"false\" data-click-to-close=\"true\" data-auto-close=\"true\" data-scroll=\"false\" data-scroll-offset=\"0\"><h4 id=\"at-344045\" class=\"c-accordion__title js-accordion-controller\" role=\"button\">Familienleistungen<\/h4><div id=\"ac-344045\" class=\"c-accordion__content\">\n<p>Anliegen rund um das Thema Familie geh\u00f6ren zu den h\u00e4ufigsten Beratungsthemen in der Migrationsberatung f\u00fcr Erwachsene Zuwanderer (MBE). Dazu geh\u00f6ren, neben den Themen wie Familienzusammenf\u00fchrung, schulische Bildung oder Erziehung auch die Fragen nach entsprechenden Familienleistungen. Dabei handelt es sich um einein umfangreichen Themenkomplex, der sowohl das Sozialrecht, das Steuerrecht als auch das Ausl\u00e4nderrecht ber\u00fchrt.<br>Die Anspr\u00fcche auf Familienleistungen sind gerade vor dem Hintergrund ausl\u00e4nderrechtlicher Sonder regelungen und -voraussetzungen von gro\u00dfer Bedeutung f\u00fcr die Beratungspraxis in der MBE. Dies gilt zum einen, weil die Leistungen \u201eunsch\u00e4dlich\u201c sind im Sinne eines gesicherten Lebensunterhalts, der f\u00fcr die Erteilung und Verl\u00e4ngerung der meisten Aufenthaltstitel vorausgesetzt wird. Zum anderen bestehen f\u00fcr viele Gruppen ausl\u00e4ndischer Staatsangeh\u00f6riger besondere Voraussetzungen f\u00fcr den Anspruch auf die jeweiligen Leistungen: Hier hat sich die Rechtslage am 1. M\u00e4rz 2020 weitreichend ge\u00e4ndert. F\u00fcr den Bereich Kindergeld gelten zudem gesetzliche \u00c4nderungen der Anspruchsvoraussetzungen seit dem Inkrafttreten des \u201eGesetzes gegen illegale Besch\u00e4fti-<br>gung und Sozialleistungsmissbrauch\u201c im Juli 2019.<\/p>\n\n\n\n<p><a href=\"https:\/\/www.ggua.de\/fileadmin\/downloads\/tabellen_und_uebersichten\/Tabelle_Familienleistungen_2020.pdf\" target=\"_blank\" rel=\"noreferrer noopener\">Eine tabellarische \u00dcbersicht, welche Leistungen mit welchem Status m\u00f6glich sind, findet man hier<\/a><\/p>\n\n\n\n<div class=\"wp-block-pb-accordion-item c-accordion__item js-accordion-item no-js\" data-initially-open=\"false\" data-click-to-close=\"true\" data-auto-close=\"true\" data-scroll=\"false\" data-scroll-offset=\"0\"><h4 id=\"at-344046\" class=\"c-accordion__title js-accordion-controller\" role=\"button\">Kindergeld<\/h4><div id=\"ac-344046\" class=\"c-accordion__content\">\n<p>Das Kindergeld ist eine Familienleistung im Rahmen des so genannten \u201eFamilienleistungsausgleichs\u201c.<br>Hiermit soll der Mehraufwand ausgeglichen werden, der Familien wegen Unterhalt und Ausbildung der Kinder entsteht. Mit dem Kindergeld soll die verfassungsrechtlich garantierte steuerliche Freistellung des Existenzminimums der Kinder gew\u00e4hrleistet werden.<\/p>\n\n\n\n<p><a href=\"https:\/\/familienportal.de\/familienportal\/familienleistungen\/kindergeld\/faq\" target=\"_blank\" rel=\"noreferrer noopener\">Voraussetzungen und wichtige Informationen findet man hier<\/a><\/p>\n\n\n\n<p><a href=\"https:\/\/www.bayernportal.de\/dokumente\/leistung\/141312744444?plz=91058&amp;behoerde=06998201388&amp;gemeinde=0006662347249\" target=\"_blank\" rel=\"noreferrer noopener\">Der Antrag kann hier gestellt werden<\/a><\/p>\n<\/div><\/div>\n\n\n\n<div class=\"wp-block-pb-accordion-item c-accordion__item js-accordion-item no-js\" data-initially-open=\"false\" data-click-to-close=\"true\" data-auto-close=\"true\" data-scroll=\"false\" data-scroll-offset=\"0\"><h4 id=\"at-344047\" class=\"c-accordion__title js-accordion-controller\" role=\"button\">Kinderzuschlag (KiZ)<\/h4><div id=\"ac-344047\" class=\"c-accordion__content\">\n<p>Wenn Ihr Einkommen f\u00fcr Ihre Familie nicht reicht, bekommen Sie unter bestimmten Voraussetzungen Kinderzuschlag (KiZ). Er wird auch Kindergeldzuschlag genannt. Pr\u00fcfen Sie mit dem KiZ-Lotsen, ob Ihre Familie die Voraussetzungen f\u00fcr den KiZ erf\u00fcllt.<\/p>\n\n\n\n<p><a href=\"https:\/\/www.arbeitsagentur.de\/familie-und-kinder\/kinderzuschlag-verstehen\/kiz-lotse\" target=\"_blank\" rel=\"noreferrer noopener\">Mehr dazu hier<\/a><\/p>\n\n\n\n<p><a href=\"https:\/\/www.kinderzuschlag.org\/rechner\/\" target=\"_blank\" rel=\"noreferrer noopener\">Der Kinderzuschlag-Rechner kann einen guten Anhaltspunkt geben, ob man den Zuschlag bekommen kann<\/a><\/p>\n<\/div><\/div>\n\n\n\n<div class=\"wp-block-pb-accordion-item c-accordion__item js-accordion-item no-js\" data-initially-open=\"false\" data-click-to-close=\"true\" data-auto-close=\"true\" data-scroll=\"false\" data-scroll-offset=\"0\"><h4 id=\"at-344048\" class=\"c-accordion__title js-accordion-controller\" role=\"button\">Unterhaltsvorschuss<\/h4><div id=\"ac-344048\" class=\"c-accordion__content\">\n<p>Der Unterhaltsvorschuss nach dem Unterhaltsvorschussgesetz (UhVorschG) ist eine Sozialleistung f\u00fcr Kinder unter 18 Jahren mit alleinerziehenden M\u00fcttern oder V\u00e4tern, die dann erbracht wird, wenn der andere Elternteil keinen oder einen unterhalb des Unterhaltsvorschusssatzes liegenden Unterhaltsbeitrag leistet. In den letzten Jahren ist die M\u00f6glichkeit, Unterhaltsvorschuss zu beantragen, deutlich ausgeweitet worden. Der Unterhaltsvorschuss ist gem. \u00a7 68 Nr. 14 SGB I in die Sozialgesetzb\u00fccher eingegliedert. Daher gelten f\u00fcr den Unterhaltsvorschuss die \u00fcblichen Verfahrensregelungen des Sozialrechts.<\/p>\n\n\n\n<p><a href=\"https:\/\/familienportal.de\/familienportal\/familienleistungen\/unterhaltsvorschuss\" target=\"_blank\" rel=\"noreferrer noopener\">Mehr Informationen dazu hier<\/a><\/p>\n<\/div><\/div>\n\n\n\n<div class=\"wp-block-pb-accordion-item c-accordion__item js-accordion-item no-js\" data-initially-open=\"false\" data-click-to-close=\"true\" data-auto-close=\"true\" data-scroll=\"false\" data-scroll-offset=\"0\"><h4 id=\"at-344049\" class=\"c-accordion__title js-accordion-controller\" role=\"button\">Elterngeld<\/h4><div id=\"ac-344049\" class=\"c-accordion__content\">\n<p>Elterngeld ist eine Sozialleistung f\u00fcr Eltern von neu geborenen Kindern und Kleinkindern, die f\u00fcr einen finanziellen Ausgleich sorgen soll, wenn Eltern nach der Geburt ihres Kindes nicht oder weniger arbeiten k\u00f6nnen. Elterngeld gibt es in drei Varianten, die miteinander kombiniert werden k\u00f6nnen:<\/p>\n\n\n\n<ul class=\"wp-block-list\">\n<li>Basiselterngeld<\/li>\n\n\n\n<li>ElterngeldPlus<\/li>\n\n\n\n<li>Partnerschaftsbonus<\/li>\n<\/ul>\n\n\n\n<p><br>Das Elterngeld ist im Bundeselterngeld- und Elternzeitgesetz (BEEG) geregelt. Es ist gem. \u00a7 68 Nr. 15 SGB<br>I in die Sozialgesetzb\u00fccher eingegliedert. Daher gelten f\u00fcr das Elterngeld die \u00fcblichen Verfahrensregelungen des Sozialrechts.<\/p>\n\n\n\n<p><a href=\"https:\/\/www.zbfs.bayern.de\/familie\/elterngeld\/\" target=\"_blank\" rel=\"noreferrer noopener\">Mehr Informationen dazu hier<\/a><\/p>\n<\/div><\/div>\n<\/div><\/div>\n\n\n\n<div class=\"wp-block-pb-accordion-item c-accordion__item js-accordion-item no-js\" data-initially-open=\"false\" data-click-to-close=\"true\" data-auto-close=\"true\" data-scroll=\"false\" data-scroll-offset=\"0\"><h4 id=\"at-344050\" class=\"c-accordion__title js-accordion-controller\" role=\"button\">Wohngeld<\/h4><div id=\"ac-344050\" class=\"c-accordion__content\">\n<p>Haushalte mit geringem Einkommen k\u00f6nnen unter bestimmten Voraussetzungen Wohngeld als staatlichen Zuschuss zu den Wohnkosten erhalten. Der Antrag ist bei der Wohngeldstelle Erlangen einzureichen.<\/p>\n\n\n\n<p><a href=\"https:\/\/erlangen.de\/service\/24752\" target=\"_blank\" rel=\"noreferrer noopener\">Mehr dazu hier<\/a><\/p>\n<\/div><\/div>\n\n\n\n<div class=\"wp-block-pb-accordion-item c-accordion__item js-accordion-item no-js\" data-initially-open=\"false\" data-click-to-close=\"true\" data-auto-close=\"true\" data-scroll=\"false\" data-scroll-offset=\"0\"><h4 id=\"at-344051\" class=\"c-accordion__title js-accordion-controller\" role=\"button\">Bildung und Teilhabe (BuT)<\/h4><div id=\"ac-344051\" class=\"c-accordion__content\">\n<p>F\u00fcr Kinder, Jugendliche und junge Erwachsene k\u00f6nnen Leistungen f\u00fcr Bildung und Teilhabe durch Empf\u00e4ngerinnen und Empf\u00e4nger von Grundsicherung f\u00fcr Arbeitsuchende, Sozialhilfe, Leistungen nach dem Asylbewerberleistungsgesetz, Kinderzuschlag oder Wohngeld beantragt werden.<\/p>\n\n\n\n<p>Beispiel: Pers\u00f6nlicher Schulbedarf &#8211; Sch\u00fclerinnen und Sch\u00fcler erhalten f\u00fcr die Schulausstattung (z. B. f\u00fcr Schulranzen, Sportzeug und Schreib-, Rechen- und Zeichenmaterialien) im Kalenderjahr 2024 einen Zuschuss von 195 EUR in zwei Teilbetr\u00e4gen (grunds\u00e4tzlich zum 1. August 130 EUR und zum 1. Februar 65 EUR). Der pers\u00f6nliche Schulbedarf wird j\u00e4hrlich mit dem gleichen Prozentwert wie der Regelbedarf angepasst.<\/p>\n\n\n\n<p><a href=\"https:\/\/erlangen.de\/amt\/304635\">Mehr dazu hier<\/a><\/p>\n\n\n\n<p><a href=\"https:\/\/erlangen.de\/service\/28980\" target=\"_blank\" rel=\"noreferrer noopener\">Leistungen kann man hier benatragen<\/a><\/p>\n<\/div><\/div>\n\n\n\n<div class=\"wp-block-pb-accordion-item c-accordion__item js-accordion-item no-js\" data-initially-open=\"false\" data-click-to-close=\"true\" data-auto-close=\"true\" data-scroll=\"false\" data-scroll-offset=\"0\"><h4 id=\"at-344052\" class=\"c-accordion__title js-accordion-controller\" role=\"button\">ErlangenPass<\/h4><div id=\"ac-344052\" class=\"c-accordion__content\">\n<p>Den Erlangen-Pass bekommen alle Personen, die Sozialleistungen beziehen. F\u00fcr Kinder und Jugendliche werden Leistungen aus dem Bildungs- und Teilhabegesetz (Mittagessen in KiTa und Schule, Ausfl\u00fcge, Vereinsbeitrag Sportverein u.a.) \u00fcber den Erlangen-Pass abgerechnet.<\/p>\n\n\n\n<p><a href=\"https:\/\/erlangen.de\/themenseite\/informationsservice\/erlangenpass\" target=\"_blank\" rel=\"noreferrer noopener\">Informationen einen Rechner und noch mehr dazu gibt es hier<\/a> und <a href=\"https:\/\/erlangen.de\/amt\/304635\">auch hier<\/a> <\/p>\n<\/div><\/div>\n\n\n\n<div class=\"wp-block-pb-accordion-item c-accordion__item js-accordion-item no-js\" data-initially-open=\"false\" data-click-to-close=\"true\" data-auto-close=\"true\" data-scroll=\"false\" data-scroll-offset=\"0\"><h4 id=\"at-344053\" class=\"c-accordion__title js-accordion-controller\" role=\"button\">Gesundheitsversorgung<\/h4><div id=\"ac-344053\" class=\"c-accordion__content\">\n<p>Die Gesundheitsversorgung von Asylsuchenden sowie geduldeten und ausreisepflichtigen Personen ist im Asylbewerberleistungsgesetz geregelt. Sie beschr\u00e4nkt sich im Wesentlichen auf die Behandlung akuter Erkrankungen und Schmerzzust\u00e4nde (siehe \u00a7 4 AsylbLG). Daneben k\u00f6nnen im Einzelfall zus\u00e4tzliche Leistungen gew\u00e4hrt werden, wenn dies zur Sicherung der Gesundheit unerl\u00e4sslich ist. Besonders schutzbed\u00fcrftige Personen wie z.B. schwangere, minderj\u00e4hrige, traumatisierte oder Menschen mit Behinderungen haben dar\u00fcber hinaus einen Anspruch auf die erforderliche medizinische Versorgung.<\/p>\n\n\n\n<p>Durch die Zuerkennung eines Schutzstatus oder nach 18-monatigem Aufenthalt erhalten Leistungsberechtigte dann Zugang zu den regul\u00e4ren Gesundheitsleistungen.<\/p>\n<\/div><\/div>\n<\/div><\/div>\n\n\n\n<div class=\"wp-block-pb-accordion-item c-accordion__item js-accordion-item no-js\" data-initially-open=\"false\" data-click-to-close=\"true\" data-auto-close=\"true\" data-scroll=\"false\" data-scroll-offset=\"0\"><h3 id=\"at-344054\" class=\"c-accordion__title js-accordion-controller\" role=\"button\">Hauptamtliche Stellen<\/h3><div id=\"ac-344054\" class=\"c-accordion__content\">\n<div class=\"wp-block-pb-accordion-item c-accordion__item js-accordion-item no-js\" data-initially-open=\"false\" data-click-to-close=\"true\" data-auto-close=\"true\" data-scroll=\"false\" data-scroll-offset=\"0\"><h4 id=\"at-344055\" class=\"c-accordion__title js-accordion-controller\" role=\"button\">Fl\u00fcchtlings- und Integrationsberatung<\/h4><div id=\"ac-344055\" class=\"c-accordion__content\">\n<p>Die Fl\u00fcchtlings- und Integrationsberatung (FIB) bietet kostenlose Beratung und Unterst\u00fctzung f\u00fcr Migrant*innen und Asylbewerber*innen aus EU- und Drittstaaten an. Im Mittelpunkt stehen F\u00f6rderung von Integration und Orientierungshilfe f\u00fcr Neuzuwander*innen in Erlangen. In schwierigen Lebenslagen ist auch eine Beratung f\u00fcr Zuwander*innen, die schon l\u00e4nger in Deutschland leben, m\u00f6glich.<\/p>\n\n\n\n<p>Jede in Erlangen registrierte gefl\u00fcchtete Person, hat eine hauptamtliche Person der FIB, die direkt f\u00fcr sie zust\u00e4ndig ist.<\/p>\n\n\n\n<p>Das Team spricht: Englisch, Griechisch, T\u00fcrkisch, Arabisch, Russisch, Ukrainisch.<\/p>\n\n\n\n<p><a href=\"https:\/\/www.efie-erlangen.de\/WP\/wp-content\/uploads\/2024\/05\/Flyer-FIB-MBE-Mai-2024.pdf\" target=\"_blank\" rel=\"noreferrer noopener\">Den aktuellen Flyer findet ihr hier <\/a><\/p>\n\n\n\n<p><a href=\"https:\/\/www.efie-erlangen.de\/WP\/wp-content\/uploads\/2024\/12\/FIB_Teamliste_EXTERN_10.24.pdf\">Die aktuellste Teamliste ist hier<\/a><\/p>\n\n\n\n<p><a href=\"https:\/\/erlangen.de\/aktuelles\/beratung-flucht-integration\" target=\"_blank\" rel=\"noreferrer noopener\">Und noch mehr zu FIB hier<\/a><\/p>\n<\/div><\/div>\n\n\n\n<div class=\"wp-block-pb-accordion-item c-accordion__item js-accordion-item no-js\" data-initially-open=\"false\" data-click-to-close=\"true\" data-auto-close=\"true\" data-scroll=\"false\" data-scroll-offset=\"0\"><h4 id=\"at-344056\" class=\"c-accordion__title js-accordion-controller\" role=\"button\">Asylverfahrensberatung (AWO)<\/h4><div id=\"ac-344056\" class=\"c-accordion__content\">\n<p>Seit Januar 2023 wird die&nbsp; <a href=\"https:\/\/www.bamf.de\/DE\/Themen\/AsylFluechtlingsschutz\/AVB\/avb-node.html\" target=\"_blank\" rel=\"noreferrer noopener\">Asylverfahrensberatung AVB<\/a> vom BAMF gef\u00f6rder. Hier in Erlangen ist die AWO der Tr\u00e4ger.<\/p>\n\n\n\n<p>Die Kolleginnen der Asylverfahrensberatung sind auch \u00fcber WhatsApp unter der Nummer +49 175 3244037 erreichbar!<\/p>\n\n\n\n<p>Das Team der AVB ist zust\u00e4ndig f\u00fcr alle Themen, die das Asylverfahren und den Aufenthalt von Asylsuchenden betrifft. Also von der Umverteilung nach der Erstaufnahme in Zirndorf \u00fcber die Anh\u00f6rung und Gerichtsverfahren bis zum Ende des Asylverfahrens. Sie k\u00f6nnen auf Anh\u00f6rungen vorbereiten, Anw\u00e4lte organisieren, zu Anh\u00f6rungen begleiten und vieles mehr.<\/p>\n\n\n\n<p>F\u00fcr Fragen zu Wohnung und Arbeit von Asylsuchenden sind sie nicht zust\u00e4ndig.<\/p>\n\n\n\n<p>Ihr erreicht sie unter der Mailadresse <a href=\"mailto:avb@awo-erlangen.de\">avb@awo-erlangen.de<\/a><\/p>\n\n\n\n<p>Sie k\u00f6nnen auch zum sogenannten Spurwechsel oder dem Chancenaufenthaltsrecht informieren.<\/p>\n<\/div><\/div>\n\n\n\n<div class=\"wp-block-pb-accordion-item c-accordion__item js-accordion-item no-js\" data-initially-open=\"false\" data-click-to-close=\"true\" data-auto-close=\"true\" data-scroll=\"false\" data-scroll-offset=\"0\"><h4 id=\"at-344057\" class=\"c-accordion__title js-accordion-controller\" role=\"button\">Integrationslotsin<\/h4><div id=\"ac-344057\" class=\"c-accordion__content\">\n<p>Als hauptamtliche Integrationslotsin istsie zentrale Ansprechpartnerin bei der Stadt Erlangen zum Thema freiwilliges Engagement im Bereich Migration, Asyl und Integration.<\/p>\n\n\n\n<p>Interessierte und engagierte Erlanger*innen, migrantische Organisationen, sowie Vereine und Initiativen, die in diesem Bereich aktiv sind oder aktiv werden m\u00f6chten, erhalten Unterst\u00fctzung und Information.<\/p>\n\n\n\n<p>Erlanger*innen mit Flucht- und Migrationshintergrund sollen ermutigt und unterst\u00fctzt werden ein Ehrenamt aufzunehmen. Dabei informiert, beratet und begleitet sie bei den ersten Schritten.<\/p>\n\n\n\n<p><a href=\"https:\/\/erlangen.de\/aktuelles\/engagiert-integriert\" target=\"_blank\" rel=\"noreferrer noopener\">Mehr dazu hier<\/a><\/p>\n<\/div><\/div>\n\n\n\n<div class=\"wp-block-pb-accordion-item c-accordion__item js-accordion-item no-js\" data-initially-open=\"false\" data-click-to-close=\"true\" data-auto-close=\"true\" data-scroll=\"false\" data-scroll-offset=\"0\"><h4 id=\"at-344058\" class=\"c-accordion__title js-accordion-controller\" role=\"button\">Sozialamt<\/h4><div id=\"ac-344058\" class=\"c-accordion__content\">\n<p>Die Dienstleistungen aus dem Bereich der Sozialhilfe sind Teil des Gesamtsystems \u00f6ffentlicher F\u00fcrsorge und F\u00f6rderung. Die Mitarbeiterinnen und Mitarbeiter unterst\u00fctzen hilfebed\u00fcrftige Menschen sowohl beratend als auch finanziell. Sie sind Ansprechpartner f\u00fcr Menschen, die aufgrund ihrer pers\u00f6nlichen oder sozialen Schwierigkeiten wie Behinderung, Krankheit, Alter oder Pflegebed\u00fcrftigkeit ein der Menschenw\u00fcrde entsprechendes Leben nicht aus eigenen Mitteln und Kr\u00e4ften bestreiten k\u00f6nnen.<\/p>\n\n\n\n<p>Ein gutes Organigram des Sozialamts der Stadt Erlangen findet man hier:<\/p>\n\n\n\n<figure class=\"wp-block-image size-large\"><img loading=\"lazy\" decoding=\"async\" width=\"1024\" height=\"526\" src=\"https:\/\/www.efie-erlangen.de\/WP\/wp-content\/uploads\/2024\/04\/Uebersicht-Sozialamt-1024x526.png\" alt=\"\" class=\"wp-image-4373\" srcset=\"https:\/\/www.efie-erlangen.de\/WP\/wp-content\/uploads\/2024\/04\/Uebersicht-Sozialamt-1024x526.png 1024w, https:\/\/www.efie-erlangen.de\/WP\/wp-content\/uploads\/2024\/04\/Uebersicht-Sozialamt-300x154.png 300w, https:\/\/www.efie-erlangen.de\/WP\/wp-content\/uploads\/2024\/04\/Uebersicht-Sozialamt-768x395.png 768w, https:\/\/www.efie-erlangen.de\/WP\/wp-content\/uploads\/2024\/04\/Uebersicht-Sozialamt-1536x789.png 1536w, https:\/\/www.efie-erlangen.de\/WP\/wp-content\/uploads\/2024\/04\/Uebersicht-Sozialamt-2048x1052.png 2048w, https:\/\/www.efie-erlangen.de\/WP\/wp-content\/uploads\/2024\/04\/Uebersicht-Sozialamt-1360x699.png 1360w, https:\/\/www.efie-erlangen.de\/WP\/wp-content\/uploads\/2024\/04\/Uebersicht-Sozialamt-1320x678.png 1320w\" sizes=\"auto, (max-width: 1024px) 100vw, 1024px\" \/><\/figure>\n\n\n\n<p><a href=\"https:\/\/erlangen.de\/amt\/37707\" target=\"_blank\" rel=\"noreferrer noopener\">Erreichbarkeit, \u00f6ffnungszeite und Seviceleistungen findet man hier<\/a><\/p>\n<\/div><\/div>\n\n\n\n<div class=\"wp-block-pb-accordion-item c-accordion__item js-accordion-item no-js\" data-initially-open=\"false\" data-click-to-close=\"true\" data-auto-close=\"true\" data-scroll=\"false\" data-scroll-offset=\"0\"><h4 id=\"at-344059\" class=\"c-accordion__title js-accordion-controller\" role=\"button\">Jobcenter<\/h4><div id=\"ac-344059\" class=\"c-accordion__content\">\n<p>Erlangen ist eine sogenannte Optionskommune, kann also in eigener Zust\u00e4ndigkeit handeln. Das Jobcenter in Erlangen ist eine eigenst\u00e4ndige Einrichtung der Kommune. Es wird nicht gemeinsam mit der Bundesagentur f\u00fcr Arbeit (BA) betrieben. Die Online Services der Bundesagentur f\u00fcr Arbeit zum B\u00fcrgergeld stehen f\u00fcr Kundinnen und Kunden dieses Jobcenters <strong>nicht<\/strong> zur Verf\u00fcgung.<\/p>\n\n\n\n<p>Mit dem Jobcenter steht man in Kontakt, wenn man folgende Leistungen ben\u00f6tigt:<\/p>\n\n\n\n<ul class=\"wp-block-list\">\n<li><a href=\"https:\/\/erlangen.de\/amt\/219548\" target=\"_blank\" rel=\"noreferrer noopener\">B\u00fcrgergeld<\/a><\/li>\n\n\n\n<li><a href=\"https:\/\/erlangen.de\/amt\/307237\" target=\"_blank\" rel=\"noreferrer noopener\">Eingliederungsleistungen<\/a><\/li>\n<\/ul>\n\n\n\n<p><a href=\"https:\/\/erlangen.de\/amt\/37716\" target=\"_blank\" rel=\"noreferrer noopener\">Mehr dazu hier<\/a><\/p>\n<\/div><\/div>\n\n\n\n<div class=\"wp-block-pb-accordion-item c-accordion__item js-accordion-item no-js\" data-initially-open=\"false\" data-click-to-close=\"true\" data-auto-close=\"true\" data-scroll=\"false\" data-scroll-offset=\"0\"><h4 id=\"at-344060\" class=\"c-accordion__title js-accordion-controller\" role=\"button\">GGFA A\u00f6R<\/h4><div id=\"ac-344060\" class=\"c-accordion__content\">\n<p>Die <strong>Gesellschaft zur F\u00f6rderung der Arbeit A\u00f6R (GGFA)<\/strong> ist ein modernes Dienstleistungsunternehmen, das gesetzliche Aufgaben (SGB II) und weitere Anforderungen im Bereich der Arbeitsmarktpolitik schnell und wirkungsvoll umsetzt.<\/p>\n\n\n\n<p>Als Anstalt des \u00f6ffentlichen Rechts ist die GGFA A\u00f6R prim\u00e4r f\u00fcr die Aktivierung und Arbeitsmarktintegration von B\u00fcrgergeld-Beziehenden mit dem kommunalen Jobcenter der Stadt Erlangen zust\u00e4ndig. Dabei arbeitet sie eng mit anderen Akteuren der Sozialverwaltung und Netzwerkpartnern zusammen.<\/p>\n\n\n\n<p>Im Standort Bogenpassage in der N\u00fcrnberger Str. 35 befinden sich die Abteilungen <strong>Personal- und Arbeitsvermittlung, Werkakademie, Fallmanagement<\/strong> und Teile des <strong>Integrationsmanagements<\/strong>. Zudem gibt es im dortigen <strong>Bewerbungszentrum<\/strong> die M\u00f6glichkeit f\u00fcr Kunden, Unterst\u00fctzung beim Bewerbungsprozess zu erhalten.<\/p>\n\n\n\n<p>Sollten  Ansprechpartner*innen nicht erreichbar sein, dann steht w\u00e4hrend der Servicezeiten bei dringenden Anliegen eine Telefon-Service-Hotline unter der Nummer 09131 9200-1000 zur Verf\u00fcgung.<\/p>\n<\/div><\/div>\n\n\n\n<div class=\"wp-block-pb-accordion-item c-accordion__item js-accordion-item no-js\" data-initially-open=\"false\" data-click-to-close=\"true\" data-auto-close=\"true\" data-scroll=\"false\" data-scroll-offset=\"0\"><h4 id=\"at-344061\" class=\"c-accordion__title js-accordion-controller\" role=\"button\">Ausl\u00e4nderbeh\u00f6rde<\/h4><div id=\"ac-344061\" class=\"c-accordion__content\">\n<p>Die Ausl\u00e4nderbeh\u00f6rde (\u00a7 71 AufenthG) ist f\u00fcr die aufenthalts- und passrechtliche Ma\u00dfnahmen und Entscheidungen nach dem Gesetz \u00fcber den Aufenthalt, die Erwerbst\u00e4tigkeit und die Integration von Ausl\u00e4ndern im Bundesgebiet (AufenthG) und nach ausl\u00e4nderrechtlichen Bestimmungen in anderen Gesetzen zust\u00e4ndige Stelle. Sie ist damit auch erste Ansprechstelle f\u00fcr alle Fragen zu einem konkreten Einzelfall in diesen Bereichen.<\/p>\n\n\n\n<p>Allgemeine B\u00fcrgeranfragen zum Aufenthaltsgesetz beantwortet auch das Bundesamt f\u00fcr Migration und Fl\u00fcchtlinge (BAMF) unter folgender Telefonnummer: 0911 943-0.<\/p>\n\n\n\n<p>Die Ausl\u00e4nderbeh\u00f6rde ist f\u00fcr Ausl\u00e4nderangelegenheiten und Einb\u00fcrgerungen zust\u00e4ndig. Genauer gesagt:<\/p>\n\n\n\n<ul class=\"wp-block-list\">\n<li>Aufenthalt zum Zweck der <a href=\"https:\/\/erlangen.de\/amt\/304113\" target=\"_blank\" rel=\"noreferrer noopener\">Ausbildung, zum Studium oder zur Erwerbst\u00e4tigkeit<\/a>Aufenthalt aus <a href=\"https:\/\/erlangen.de\/amt\/304114\" target=\"_blank\" rel=\"noreferrer noopener\">v\u00f6lkerrechtlichen, <\/a><\/li>\n\n\n\n<li><a href=\"https:\/\/erlangen.de\/amt\/304114\" target=\"_blank\" rel=\"noreferrer noopener\">humanit\u00e4ren oder politischen Gr\u00fcnden<\/a>Aufenthalt zum Familiennachzug zu Ausl\u00e4ndern: <a href=\"https:\/\/erlangen.de\/amt\/304113\" target=\"_blank\" rel=\"noreferrer noopener\">Vor\u00fcbergehende Aufenthalte<\/a>, <a href=\"https:\/\/erlangen.de\/amt\/304112\" target=\"_blank\" rel=\"noreferrer noopener\">Daueraufenthalte<\/a>, <a href=\"https:\/\/erlangen.de\/amt\/304114\" target=\"_blank\" rel=\"noreferrer noopener\">Humanit\u00e4re Aufenthalte<\/a><\/li>\n\n\n\n<li>Aufenthalt zum <a href=\"https:\/\/erlangen.de\/amt\/304112\" target=\"_blank\" rel=\"noreferrer noopener\">Familiennachzug zu Deutschen<\/a><\/li>\n\n\n\n<li><a href=\"https:\/\/erlangen.de\/service\/29674\" target=\"_blank\" rel=\"noreferrer noopener\">Verpflichtungserkl\u00e4rung<\/a><\/li>\n\n\n\n<li><a href=\"https:\/\/erlangen.de\/amt\/304134\" target=\"_blank\" rel=\"noreferrer noopener\">Einb\u00fcrgerungen und Staatsangeh\u00f6rigkeitsrecht<\/a>&nbsp;(Hier geht&#8217;s zum <a href=\"https:\/\/formularserver.bayern.de\/intelliform\/forms\/bayernportal\/bayernportal\/Ministerien\/stmi\/einbuergerung_quick_check\/index\" target=\"_blank\" rel=\"noreferrer noopener\">Quick Check Einb\u00fcrgerung<\/a>)<\/li>\n<\/ul>\n\n\n\n<p><a href=\"https:\/\/erlangen.de\/amt\/37702\" target=\"_blank\" rel=\"noreferrer noopener\">Mehr dazu hier<\/a><\/p>\n<\/div><\/div>\n\n\n\n<div class=\"wp-block-pb-accordion-item c-accordion__item js-accordion-item no-js\" data-initially-open=\"false\" data-click-to-close=\"true\" data-auto-close=\"true\" data-scroll=\"false\" data-scroll-offset=\"0\"><h4 id=\"at-344062\" class=\"c-accordion__title js-accordion-controller\" role=\"button\">Wohnungsamt<\/h4><div id=\"ac-344062\" class=\"c-accordion__content\">\n<p>Bei der Wohnungsvermittlungsstelle der Stadt Erlangen kann man sich f\u00fcr eine Sozialwohnung oder eine EOF-Wohnung (einkommensorientierte F\u00f6rderung) bewerben<br>Wichtig: wenn man eine angebotene Wohnung nicht nehmen will, unbedingt gut begr\u00fcnden, sonst wird man in der Warteliste nach hinten geschoben.<\/p>\n\n\n\n<p><a href=\"https:\/\/erlangen.de\/amt\/37718\" target=\"_blank\" rel=\"noreferrer noopener\">Mehr dazu hier<\/a> und auf dieser Seite unter: <strong>Rund um den Menschen &#8211; Wohnen -Wohnung<\/strong><\/p>\n<\/div><\/div>\n<\/div><\/div>\n\n\n\n<div class=\"wp-block-pb-accordion-item c-accordion__item js-accordion-item no-js\" data-initially-open=\"false\" data-click-to-close=\"true\" data-auto-close=\"true\" data-scroll=\"false\" data-scroll-offset=\"0\"><h3 id=\"at-344063\" class=\"c-accordion__title js-accordion-controller\" role=\"button\">N\u00fctzliche Adressen<\/h3><div id=\"ac-344063\" class=\"c-accordion__content\">\n<div class=\"wp-block-pb-accordion-item c-accordion__item js-accordion-item no-js\" data-initially-open=\"false\" data-click-to-close=\"true\" data-auto-close=\"true\" data-scroll=\"false\" data-scroll-offset=\"0\"><h4 id=\"at-344064\" class=\"c-accordion__title js-accordion-controller\" role=\"button\">Dolmetscher \/ \u00dcbersetzer<\/h4><div id=\"ac-344064\" class=\"c-accordion__content\">\n<p><strong>Kostenloser Dolmetscherpool der AWO Erlangen<\/strong>. Diese k\u00f6nnen bei Beh\u00f6rdeng\u00e4ngen wie zum Sozialamt oder Ausl\u00e4nderamt, bei Arztbesuchen oder bei Gespr\u00e4chen mit der Schule oder Kita begleiten. Die AWO kann einen kostenlosen Dolmetscher vermitteln.<\/p>\n\n\n\n<p>Wenn Sie schon gut Deutsch (oder Englisch) sprechen, k\u00f6nnen Sie selbst zum ehrenamtlichen Dolmetscher\/Sprachmittler werden. Melden Sie sich daf\u00fcr auch bei der AWO Erlangen: <a href=\"mailto:dolmetscherpool@awo-erlangen.de\" target=\"_blank\" rel=\"noreferrer noopener\">dolmetscherpool@awo-erlangen.de<\/a><\/p>\n\n\n\n<p><a href=\"https:\/\/www.erlangen-hoechstadt.de\/leben-in-erh\/fluechtlinge\/dolmetscher\/\" target=\"_blank\" rel=\"noreferrer noopener\">Mehr dazu hier<\/a><\/p>\n\n\n\n<p>Ebenso bietet die Stelle der <strong>Interkulturellen Elternarbeit<\/strong> (vom Stadtjugendamt) kostenlose Sprachmittler*innen\/\u00dcbersetzer*innen f\u00fcr Elterngespr\u00e4che an.<\/p>\n\n\n\n<p>M\u00f6gliche Sprchen sind bspw.: Arabisch, Albanisch, Amharisch, Bosnisch, Kroatisch, Serbisch, Chinesisch, Englisch, Franz\u00f6sisch, Griechisch, Bulgarisch, Spanisch, Ungarisch, Persisch Dari (in Afghanistan), Portugiesisch, Polnisch, Russisch, Rum\u00e4nisch, Kurdisch, Indisch (Hindi), Italienisch, Punjabi, Urdu (in Pakistan und Afghanistan), T\u00fcrkisch, Thail\u00e4ndisch, Vietnamesisch, Japanisch, Tschechisch,<\/p>\n\n\n\n<p><a href=\"https:\/\/integrierte-beratungsstelle.de\/interkulturelle-elternarbeit\/\" target=\"_blank\" rel=\"noreferrer noopener\">Mehr dazu hier<\/a><\/p>\n<\/div><\/div>\n\n\n\n<div class=\"wp-block-pb-accordion-item c-accordion__item js-accordion-item no-js\" data-initially-open=\"false\" data-click-to-close=\"true\" data-auto-close=\"true\" data-scroll=\"false\" data-scroll-offset=\"0\"><h4 id=\"at-344065\" class=\"c-accordion__title js-accordion-controller\" role=\"button\">Sprach- und Integrationskurse<\/h4><div id=\"ac-344065\" class=\"c-accordion__content\">\n<div class=\"wp-block-pb-accordion-item c-accordion__item js-accordion-item no-js\" data-initially-open=\"false\" data-click-to-close=\"true\" data-auto-close=\"true\" data-scroll=\"false\" data-scroll-offset=\"0\"><h5 id=\"at-344066\" class=\"c-accordion__title js-accordion-controller\" role=\"button\"><strong>vhs Erlangen<\/strong><\/h5><div id=\"ac-344066\" class=\"c-accordion__content\">\n<p>Die <strong>vhs Erlangen<\/strong> ist Koordinationsstelle f\u00fcr die in Erlangen stattfindenden Integrationskurse. Neben Information und Beratung, der Durchf\u00fchrung der Einstufungstests und des Abschlusstests, f\u00fchrt die Volkshochschule selbst Integrationskurse durch.<\/p>\n\n\n\n<p>Alle Informationen findet ihr hier: <a href=\"https:\/\/www.vhs-erlangen.de\/p\/480-CAT-KAT151\" target=\"_blank\" rel=\"noreferrer noopener\">Volkshochschule Erlangen<\/a><\/p>\n<\/div><\/div>\n\n\n\n<div class=\"wp-block-pb-accordion-item c-accordion__item js-accordion-item no-js\" data-initially-open=\"false\" data-click-to-close=\"true\" data-auto-close=\"true\" data-scroll=\"false\" data-scroll-offset=\"0\"><h5 id=\"at-344067\" class=\"c-accordion__title js-accordion-controller\" role=\"button\"><strong>vhs-Lerntreff<\/strong><\/h5><div id=\"ac-344067\" class=\"c-accordion__content\">\n<p>Es gibt an der Volkshochschule Erlangen (vhs) einen vhs-Lerntreff f\u00fcr erwachsene Personen, die Unterst\u00fctzungsbedarf beim Lesen oder Schreiben ben\u00f6tigen. Willkommen sind alle Menschen, denen die deutsche Sprache Probleme bereitet. Das k\u00f6nnen Menschen mit Migrationshintergrund oder Muttersprachler sein. Bei dem vhs-Lerntreff handelt es sich um ein vom Bundesministerium f\u00fcr Bildung und Forschung (BMBF) gef\u00f6rdertes Projekt zur Grundbildung und Alphabetisierung.<\/p>\n\n\n\n<p><strong>Kostenloses Angebot &#8211; Anmeldung nicht notwendig<\/strong><\/p>\n\n\n\n<p>Der vhs-Lerntreff wird betreut von erfahrenen Deutsch-Dozentinnen und -Dozenten. Arbeitsmaterialien k\u00f6nnen mitgebracht werden. Sie sind aber auch vor Ort vorhanden. Der vhs-Lerntreff hat zwei Mal in der Woche ge\u00f6ffnet:&nbsp;<\/p>\n\n\n\n<ul class=\"wp-block-list\">\n<li>dienstags von 10:00 bis 14:00 Uhr&nbsp;<\/li>\n\n\n\n<li>donnerstags von 12:00 bis 15:00 Uhr.&nbsp;<\/li>\n<\/ul>\n\n\n\n<p>An Feiertagen und w\u00e4hrend der Ferien ist der vhs-Lerntreff geschlossen. Das Angebot ist kostenlos. Eine Anmeldung ist nicht erforderlich.<\/p>\n\n\n\n<p>Weitere Informationen findet ihr hier: <a href=\"https:\/\/www.vhs-erlangen.de\/p\/integration\/vhs-lerntreff-besser-lesen-und-schreiben-480-C-26S217003\" target=\"_blank\" rel=\"noreferrer noopener\">vhs-Lerntreff<\/a><\/p>\n<\/div><\/div>\n\n\n\n<div class=\"wp-block-pb-accordion-item c-accordion__item js-accordion-item no-js\" data-initially-open=\"false\" data-click-to-close=\"true\" data-auto-close=\"true\" data-scroll=\"false\" data-scroll-offset=\"0\"><h5 id=\"at-344068\" class=\"c-accordion__title js-accordion-controller\" role=\"button\"><strong><strong>Deutsch-Offensive<\/strong><\/strong><\/h5><div id=\"ac-344068\" class=\"c-accordion__content\">\n<p>Sie sind neu in Erlangen und m\u00f6chten Deutsch lernen? Die Deutsch-Offensive Kurse unterst\u00fctzen Sie effektiv beim Deutschlernen. Sie sind eine sehr gute Vorbereitung auf den Integrationskurs. In diesen Kursen lernen Sie ohne Druck und Stress, weil es am Ende keinen Test gibt.<\/p>\n\n\n\n<p>Die Deutsch-Offensive bietet Deutschkurse f\u00fcr Kinder,&nbsp;Jugendliche und Erwachsene sowie Eltern- und Frauenkurse mit kostenloser Kinderbetreuung auf dem Anf\u00e4nger- und fortgeschrittenen Niveau:<\/p>\n\n\n\n<ul class=\"wp-block-list\">\n<li><strong>A1<\/strong>: Lernende ohne Vorkenntnisse<\/li>\n\n\n\n<li><strong>A2<\/strong>: Lernende mit Grundkenntnissen (Verwendung von vertrauten, allt\u00e4glichen Ausdr\u00fccken und einfachen S\u00e4tzen)<\/li>\n\n\n\n<li><strong>B1<\/strong>: Fortgeschrittene Lernende mit sehr guten Grundkenntnissen (Unterhaltung \u00fcber vertraute Themen)<\/li>\n<\/ul>\n\n\n\n<p><strong>Nur 1\u20ac pro Unterrichtsstunde!<\/strong><br>Geb\u00fchrenreduzierung oder -befreiung f\u00fcr ErlangenPass-Inhaber*innen, Familien, Gefl\u00fcchtete und in anderen F\u00e4llen m\u00f6glich. Fragen Sie bitte bei der Anmeldung nach.<\/p>\n\n\n\n<p><a href=\"https:\/\/erlangen.de\/themenseite\/menschen\/international\/deutsch-offensive\" target=\"_blank\" rel=\"noreferrer noopener\">Aktuelle Deutschkurse und noch mehr Informationen findet man hier<\/a><\/p>\n<\/div><\/div>\n<\/div><\/div>\n\n\n\n<div class=\"wp-block-pb-accordion-item c-accordion__item js-accordion-item no-js\" data-initially-open=\"false\" data-click-to-close=\"true\" data-auto-close=\"true\" data-scroll=\"false\" data-scroll-offset=\"0\"><h4 id=\"at-344069\" class=\"c-accordion__title js-accordion-controller\" role=\"button\">Alphabetisierungskurse<\/h4><div id=\"ac-344069\" class=\"c-accordion__content\">\n<p>Der B\u00fcrgertreff ISAR 12 ist Treffpunkt f\u00fcr soziale und kulturelle Gruppen und Vereine. Hier begegnen sich Menschen jeden Alters und aus unterschiedlichen Kulturen, um gemeinsam ihren Interessen und Hobbys nachzugehen. Es werden von der Deutsch-Offensive hier Deutsch-Kurse und Alphabetisierungskurse angeboten.<\/p>\n<\/div><\/div>\n\n\n\n<div class=\"wp-block-pb-accordion-item c-accordion__item js-accordion-item no-js\" data-initially-open=\"false\" data-click-to-close=\"true\" data-auto-close=\"true\" data-scroll=\"false\" data-scroll-offset=\"0\"><h4 id=\"at-344070\" class=\"c-accordion__title js-accordion-controller\" role=\"button\">Interkulturelle Vereine<\/h4><div id=\"ac-344070\" class=\"c-accordion__content\">\n<p>In Erlangen gibt es diverse interkulturelle Vereine, bei denen man sich angegieren kann.<\/p>\n\n\n\n<p><a href=\"https:\/\/erlanger-kulturvereine.de\/interkulturelle-vereine\/\" target=\"_blank\" rel=\"noreferrer noopener\">Eine \u00dcbersicht dazu findet man hier<\/a><\/p>\n<\/div><\/div>\n\n\n\n<div class=\"wp-block-pb-accordion-item c-accordion__item js-accordion-item no-js\" data-initially-open=\"false\" data-click-to-close=\"true\" data-auto-close=\"true\" data-scroll=\"false\" data-scroll-offset=\"0\"><h4 id=\"at-344071\" class=\"c-accordion__title js-accordion-controller\" role=\"button\">Stadtteilh\u00e4user<\/h4><div id=\"ac-344071\" class=\"c-accordion__content\">\n<p>Vielfalt als Prinzip: Das ist das Motto soziokultureller Einrichtungen. Und dieses Motto gilt f\u00fcr die Stadtteilzentren, Jugendclubs, Spielpl\u00e4tze, die Kulturf\u00f6rderung und Freizeith\u00e4user.<\/p>\n\n\n\n<p>Allen Menschen, unabh\u00e4ngig von ihrer sozialen oder nationalen Herkunft und f\u00fcr jedes Alter wird die M\u00f6glichkeit geboten, ihre Freizeit aktiv zu gestalten, Kunst und Kultur zu erleben und selbst kreativ zu werden.<\/p>\n\n\n\n<p>Ganz nach Schillers Wort, der Mensch sei \u201enur da ganz Mensch, wo er spielt\u201c, schaffen sie Frei-R\u00e4ume. Frei-R\u00e4ume, um selbst aktiv zu werden, sich zu engagieren, um Neues kennenzulernen, Gewohntes zu hinterfragen und die eigene Kreativit\u00e4t zu erleben. Im Mittelpunkt steht dabei nicht allein das Ergebnis, sondern vor allem das kreative Tun und Ausprobieren und das gemeinsame Miteinander.<\/p>\n\n\n\n<p><a href=\"https:\/\/stadtteilarbeit-erlangen.de\/\" target=\"_blank\" rel=\"noreferrer noopener\">Mehr dazu hier<\/a><\/p>\n\n\n\n<div class=\"wp-block-pb-accordion-item c-accordion__item js-accordion-item no-js\" data-initially-open=\"false\" data-click-to-close=\"true\" data-auto-close=\"true\" data-scroll=\"false\" data-scroll-offset=\"0\"><h6 id=\"at-344072\" class=\"c-accordion__title js-accordion-controller\" role=\"button\">Stadtteilzentrum Die Villa<\/h6><div id=\"ac-344072\" class=\"c-accordion__content\">\n<p>Das Stadtteilzentrum Die Villa ist ein Ort der Begegnung f\u00fcr Kinder, Jugendliche und Erwachsene im Erlanger Stadtteil Am Anger.<br>Dabei kann man Kultur erleben, Familienfeste feiern, Hobbys nachgehen, Erfahrungen austauschen, etwas f\u00fcr die Gesundheit tun, selbst aktiv werden und das Programm mitgestalten.<br>Im idyllisch gelegenen Park der Villa bietet ein kleines Amphitheater den idealen Rahmen f\u00fcr Sommerfeste, Tanz im Park, Kindertheater und andere Veranstaltungen.<\/p>\n\n\n\n<p><a href=\"https:\/\/stadtteilarbeit-erlangen.de\/die-villa\/\" target=\"_blank\" rel=\"noreferrer noopener\">Mehr dazu hier<\/a><\/p>\n<\/div><\/div>\n\n\n\n<div class=\"wp-block-pb-accordion-item c-accordion__item js-accordion-item no-js\" data-initially-open=\"false\" data-click-to-close=\"true\" data-auto-close=\"true\" data-scroll=\"false\" data-scroll-offset=\"0\"><h6 id=\"at-344073\" class=\"c-accordion__title js-accordion-controller\" role=\"button\">Kulturpunkt Bruck<\/h6><div id=\"ac-344073\" class=\"c-accordion__content\">\n<p>Das soziokulturelle Stadtteilzentrum ist ein Treffpunkt f\u00fcr alle Stadtteilbewohner*innen aus Bruck und nat\u00fcrlich f\u00fcr alle Menschen aus Erlangen. Wesentliches Ziel ist es, das soziale Miteinander zu erm\u00f6glichen und zu f\u00f6rdern, auch zwischen den verschiedenen Altersgruppen und zwischen Angeh\u00f6rigen verschiedener L\u00e4nder.<\/p>\n\n\n\n<p>Hier k\u00f6nnen Feste, Salsadiscos, Tanzabende, Diavortr\u00e4ge, Ausstellungen, Tauschb\u00f6rsen, Konzerte, Theaterauff\u00fchrungen stattfinden. Man kann an einem der vielen Kreativ- und Bewegungskurse, wie T\u00f6pfern, Kochen, Salsa, sowohl f\u00fcr Erwachsene als auch f\u00fcr Kinder, teilnehmen.<\/p>\n\n\n\n<p>Der Kulturpunkt Bruck unterst\u00fctzt die Stadtteilbewohner*innen bei ihren Anliegen (zum Beispiel Verbesserungen im Stadtteil) und arbeitet mit Brucker Vereinen, Initiativen, Kirchengemeinden und anderen sozialen Institutionen zusammen. Der Kulturpunkt Bruck hilft bei allen Fragen, Problemen und Anliegen, die richtigen Ansprechpartner*innen zu finden.<\/p>\n\n\n\n<p><a href=\"https:\/\/stadtteilarbeit-erlangen.de\/kulturpunkt-bruck\/\" target=\"_blank\" rel=\"noreferrer noopener\">Mehr dazu hier<\/a><\/p>\n<\/div><\/div>\n\n\n\n<div class=\"wp-block-pb-accordion-item c-accordion__item js-accordion-item no-js\" data-initially-open=\"false\" data-click-to-close=\"true\" data-auto-close=\"true\" data-scroll=\"false\" data-scroll-offset=\"0\"><h6 id=\"at-344074\" class=\"c-accordion__title js-accordion-controller\" role=\"button\">Stadtteilzentrum Die Scheune<\/h6><div id=\"ac-344074\" class=\"c-accordion__content\">\n<p>Das Stadtteilzentrum Die Scheune in B\u00fcchenbach ist ein Ort, an dem alle Mitb\u00fcrger*innen ihre Ideen und F\u00e4higkeiten einbringen, ihre Freizeit aktiv genie\u00dfen, gemeinsam feiern und andere Leute treffen k\u00f6nnen. Bei uns darf sich jede*r willkommen f\u00fchlen.<\/p>\n\n\n\n<p>Die vielf\u00e4ltigen M\u00f6glichkeiten und Angebote in unserem Stadtteilzentrum sorgen dabei f\u00fcr eine lebendige Atmosph\u00e4re. Bei den Stadtteilfesten trifft sich die ganze Nachbarschaft. Zusammen mit neuen Freund*innen und alten Bekannten kann man Kurse besuchen und Konzerte, Lesungen, Kochabende und vor allem auch Gemeinschaft erleben.<\/p>\n\n\n\n<p>Mit Stadtteilfesten und Veranstaltungen au\u00dfer Haus werden regelm\u00e4\u00dfig auch \u00f6ffentliche Pl\u00e4tze in B\u00fcchenbach, zum Beispiel die Freizeitfl\u00e4che am W\u00fcrzburger Ring beim j\u00e4hrlichen \u201eRing Ding!\u201c-Sommerfest bespielt. <\/p>\n\n\n\n<p><a href=\"https:\/\/stadtteilarbeit-erlangen.de\/die-scheune\/\" target=\"_blank\" rel=\"noreferrer noopener\">Mehr dazu hier<\/a><\/p>\n<\/div><\/div>\n\n\n\n<div class=\"wp-block-pb-accordion-item c-accordion__item js-accordion-item no-js\" data-initially-open=\"false\" data-click-to-close=\"true\" data-auto-close=\"true\" data-scroll=\"false\" data-scroll-offset=\"0\"><h6 id=\"at-344075\" class=\"c-accordion__title js-accordion-controller\" role=\"button\">Stadtteilzentrum ISAR 12<\/h6><div id=\"ac-344075\" class=\"c-accordion__content\">\n<p>Hier trifft man sich, erlebt Gemeinschaft, tauscht Erfahrungen aus, tut etwas f\u00fcr seine Gesundheit, wird selbst aktiv und gestaltet das Programm mit \u2013 oder Sie feiern Ihr Fest bei uns.<\/p>\n\n\n\n<p>Das Stadtteilzentrum ISAR 12 vereint unter seinem Dach \u00fcber 30 Gruppen und Vereine von Selbsthilfegruppen \u00fcber deutsch-ausl\u00e4ndische Kulturvereine, der EFIE e.V. bis hin zu Eltern-Kind-Gruppen.<\/p>\n\n\n\n<p><a href=\"https:\/\/stadtteilarbeit-erlangen.de\/isar-12\/\" target=\"_blank\" rel=\"noreferrer noopener\">Mehr dazu hier<\/a><\/p>\n<\/div><\/div>\n\n\n\n<div class=\"wp-block-pb-accordion-item c-accordion__item js-accordion-item no-js\" data-initially-open=\"false\" data-click-to-close=\"true\" data-auto-close=\"true\" data-scroll=\"false\" data-scroll-offset=\"0\"><h6 id=\"at-344076\" class=\"c-accordion__title js-accordion-controller\" role=\"button\">KuBiC \u2013 Kultur- und Bildungscampus<\/h6><div id=\"ac-344076\" class=\"c-accordion__content\">\n<p>Der KuBiC Frankenhof richtet sich mit seinen r\u00e4umlichen M\u00f6glichkeiten an Kulturinitiativen und -vereine, die freie Szene, Bildungseinrichtungen sowie kulturinteressierte B\u00fcrger*innen jeden Alters. Gemeinsam wird so ein Ort f\u00fcr Partizipation, Diversit\u00e4t und Gestaltung entstehen \u2013 f\u00fcr ein lebendiges Quartier im Herzen der Stadt!<\/p>\n\n\n\n<p><a href=\"https:\/\/stadtteilarbeit-erlangen.de\/kubic-frankenhof\/\" target=\"_blank\" rel=\"noreferrer noopener\">Mehr dazu hier<\/a><\/p>\n<\/div><\/div>\n\n\n\n<div class=\"wp-block-pb-accordion-item c-accordion__item js-accordion-item no-js\" data-initially-open=\"false\" data-click-to-close=\"true\" data-auto-close=\"true\" data-scroll=\"false\" data-scroll-offset=\"0\"><h6 id=\"at-344077\" class=\"c-accordion__title js-accordion-controller\" role=\"button\">Stadtteilhaus West<\/h6><div id=\"ac-344077\" class=\"c-accordion__content\">\n<p>In B\u00fcchenbach wird das Stadtteilhaus West \u2013 ein soziokulturelles Zentrum mit Stadtteilbibliothek \u2013 am Rudeltplatz gebaut.<\/p>\n\n\n\n<p><a href=\"https:\/\/stadtteilarbeit-erlangen.de\/stadtteilhaus-west\/\" target=\"_blank\" rel=\"noreferrer noopener\">Mehr dazu hier<\/a><\/p>\n<\/div><\/div>\n<\/div><\/div>\n<\/div><\/div>\n","protected":false},"excerpt":{"rendered":"<p>Hier findet ihr wichtige und n\u00fctzliche Informationen, die \u00e4u\u00dferst hilfreich bei der Begleitung von Gefl\u00fcchteten in Erlangen sein k\u00f6nnen. Falls ein Link nicht funktioniert, der Inhalte veraltet ist oder ihr weitere Themen f\u00fcr diese Seite&hellip;<\/p>\n","protected":false},"author":6,"featured_media":0,"parent":0,"menu_order":0,"comment_status":"closed","ping_status":"closed","template":"templates\/template-full-width.php","meta":{"footnotes":""},"coauthors":[42],"class_list":["post-3440","page","type-page","status-publish","hentry"],"yoast_head":"<!-- This site is optimized with the Yoast SEO plugin v27.4 - https:\/\/yoast.com\/product\/yoast-seo-wordpress\/ -->\n<title>Informationen - EFIE<\/title>\n<meta name=\"robots\" content=\"index, follow, max-snippet:-1, max-image-preview:large, max-video-preview:-1\" \/>\n<link rel=\"canonical\" href=\"https:\/\/www.efie-erlangen.de\/WP\/informationen\/\" \/>\n<meta property=\"og:locale\" content=\"de_DE\" \/>\n<meta property=\"og:type\" content=\"article\" \/>\n<meta property=\"og:title\" content=\"Informationen - EFIE\" \/>\n<meta property=\"og:description\" content=\"Hier findet ihr wichtige und n\u00fctzliche Informationen, die \u00e4u\u00dferst hilfreich bei der Begleitung von Gefl\u00fcchteten in Erlangen sein k\u00f6nnen. Falls ein Link nicht funktioniert, der Inhalte veraltet ist oder ihr weitere Themen f\u00fcr diese Seite&hellip;\" \/>\n<meta property=\"og:url\" content=\"https:\/\/www.efie-erlangen.de\/WP\/informationen\/\" \/>\n<meta property=\"og:site_name\" content=\"EFIE\" \/>\n<meta property=\"article:modified_time\" content=\"2026-02-28T10:05:55+00:00\" \/>\n<meta property=\"og:image\" content=\"https:\/\/www.efie-erlangen.de\/WP\/wp-content\/uploads\/2024\/04\/Uebersicht-Sozialamt.png\" \/>\n\t<meta property=\"og:image:width\" content=\"2732\" \/>\n\t<meta property=\"og:image:height\" content=\"1404\" \/>\n\t<meta property=\"og:image:type\" content=\"image\/png\" \/>\n<meta name=\"twitter:card\" content=\"summary_large_image\" \/>\n<meta name=\"twitter:label1\" content=\"Gesch\u00e4tzte Lesezeit\" \/>\n\t<meta name=\"twitter:data1\" content=\"37\u00a0Minuten\" \/>\n\t<meta name=\"twitter:label2\" content=\"Written by\" \/>\n\t<meta name=\"twitter:data2\" content=\"Philipp\" \/>\n<script type=\"application\/ld+json\" class=\"yoast-schema-graph\">{\"@context\":\"https:\\\/\\\/schema.org\",\"@graph\":[{\"@type\":\"WebPage\",\"@id\":\"https:\\\/\\\/www.efie-erlangen.de\\\/WP\\\/informationen\\\/\",\"url\":\"https:\\\/\\\/www.efie-erlangen.de\\\/WP\\\/informationen\\\/\",\"name\":\"Informationen - EFIE\",\"isPartOf\":{\"@id\":\"https:\\\/\\\/www.efie-erlangen.de\\\/WP\\\/#website\"},\"primaryImageOfPage\":{\"@id\":\"https:\\\/\\\/www.efie-erlangen.de\\\/WP\\\/informationen\\\/#primaryimage\"},\"image\":{\"@id\":\"https:\\\/\\\/www.efie-erlangen.de\\\/WP\\\/informationen\\\/#primaryimage\"},\"thumbnailUrl\":\"https:\\\/\\\/www.efie-erlangen.de\\\/WP\\\/wp-content\\\/uploads\\\/2024\\\/04\\\/Uebersicht-Sozialamt-1024x526.png\",\"datePublished\":\"2023-11-19T10:39:45+00:00\",\"dateModified\":\"2026-02-28T10:05:55+00:00\",\"breadcrumb\":{\"@id\":\"https:\\\/\\\/www.efie-erlangen.de\\\/WP\\\/informationen\\\/#breadcrumb\"},\"inLanguage\":\"de\",\"potentialAction\":[{\"@type\":\"ReadAction\",\"target\":[\"https:\\\/\\\/www.efie-erlangen.de\\\/WP\\\/informationen\\\/\"]}]},{\"@type\":\"ImageObject\",\"inLanguage\":\"de\",\"@id\":\"https:\\\/\\\/www.efie-erlangen.de\\\/WP\\\/informationen\\\/#primaryimage\",\"url\":\"https:\\\/\\\/www.efie-erlangen.de\\\/WP\\\/wp-content\\\/uploads\\\/2024\\\/04\\\/Uebersicht-Sozialamt.png\",\"contentUrl\":\"https:\\\/\\\/www.efie-erlangen.de\\\/WP\\\/wp-content\\\/uploads\\\/2024\\\/04\\\/Uebersicht-Sozialamt.png\",\"width\":2732,\"height\":1404},{\"@type\":\"BreadcrumbList\",\"@id\":\"https:\\\/\\\/www.efie-erlangen.de\\\/WP\\\/informationen\\\/#breadcrumb\",\"itemListElement\":[{\"@type\":\"ListItem\",\"position\":1,\"name\":\"Startseite\",\"item\":\"https:\\\/\\\/www.efie-erlangen.de\\\/WP\\\/\"},{\"@type\":\"ListItem\",\"position\":2,\"name\":\"Informationen\"}]},{\"@type\":\"WebSite\",\"@id\":\"https:\\\/\\\/www.efie-erlangen.de\\\/WP\\\/#website\",\"url\":\"https:\\\/\\\/www.efie-erlangen.de\\\/WP\\\/\",\"name\":\"EFIE\",\"description\":\"Ehrenamtliche Fl\u00fcchtlingsbetreuung in Erlangen EFIE e.V.\",\"potentialAction\":[{\"@type\":\"SearchAction\",\"target\":{\"@type\":\"EntryPoint\",\"urlTemplate\":\"https:\\\/\\\/www.efie-erlangen.de\\\/WP\\\/?s={search_term_string}\"},\"query-input\":{\"@type\":\"PropertyValueSpecification\",\"valueRequired\":true,\"valueName\":\"search_term_string\"}}],\"inLanguage\":\"de\"}]}<\/script>\n<!-- \/ Yoast SEO plugin. -->","yoast_head_json":{"title":"Informationen - EFIE","robots":{"index":"index","follow":"follow","max-snippet":"max-snippet:-1","max-image-preview":"max-image-preview:large","max-video-preview":"max-video-preview:-1"},"canonical":"https:\/\/www.efie-erlangen.de\/WP\/informationen\/","og_locale":"de_DE","og_type":"article","og_title":"Informationen - EFIE","og_description":"Hier findet ihr wichtige und n\u00fctzliche Informationen, die \u00e4u\u00dferst hilfreich bei der Begleitung von Gefl\u00fcchteten in Erlangen sein k\u00f6nnen. Falls ein Link nicht funktioniert, der Inhalte veraltet ist oder ihr weitere Themen f\u00fcr diese Seite&hellip;","og_url":"https:\/\/www.efie-erlangen.de\/WP\/informationen\/","og_site_name":"EFIE","article_modified_time":"2026-02-28T10:05:55+00:00","og_image":[{"width":2732,"height":1404,"url":"https:\/\/www.efie-erlangen.de\/WP\/wp-content\/uploads\/2024\/04\/Uebersicht-Sozialamt.png","type":"image\/png"}],"twitter_card":"summary_large_image","twitter_misc":{"Gesch\u00e4tzte Lesezeit":"37\u00a0Minuten","Written by":"Philipp"},"schema":{"@context":"https:\/\/schema.org","@graph":[{"@type":"WebPage","@id":"https:\/\/www.efie-erlangen.de\/WP\/informationen\/","url":"https:\/\/www.efie-erlangen.de\/WP\/informationen\/","name":"Informationen - EFIE","isPartOf":{"@id":"https:\/\/www.efie-erlangen.de\/WP\/#website"},"primaryImageOfPage":{"@id":"https:\/\/www.efie-erlangen.de\/WP\/informationen\/#primaryimage"},"image":{"@id":"https:\/\/www.efie-erlangen.de\/WP\/informationen\/#primaryimage"},"thumbnailUrl":"https:\/\/www.efie-erlangen.de\/WP\/wp-content\/uploads\/2024\/04\/Uebersicht-Sozialamt-1024x526.png","datePublished":"2023-11-19T10:39:45+00:00","dateModified":"2026-02-28T10:05:55+00:00","breadcrumb":{"@id":"https:\/\/www.efie-erlangen.de\/WP\/informationen\/#breadcrumb"},"inLanguage":"de","potentialAction":[{"@type":"ReadAction","target":["https:\/\/www.efie-erlangen.de\/WP\/informationen\/"]}]},{"@type":"ImageObject","inLanguage":"de","@id":"https:\/\/www.efie-erlangen.de\/WP\/informationen\/#primaryimage","url":"https:\/\/www.efie-erlangen.de\/WP\/wp-content\/uploads\/2024\/04\/Uebersicht-Sozialamt.png","contentUrl":"https:\/\/www.efie-erlangen.de\/WP\/wp-content\/uploads\/2024\/04\/Uebersicht-Sozialamt.png","width":2732,"height":1404},{"@type":"BreadcrumbList","@id":"https:\/\/www.efie-erlangen.de\/WP\/informationen\/#breadcrumb","itemListElement":[{"@type":"ListItem","position":1,"name":"Startseite","item":"https:\/\/www.efie-erlangen.de\/WP\/"},{"@type":"ListItem","position":2,"name":"Informationen"}]},{"@type":"WebSite","@id":"https:\/\/www.efie-erlangen.de\/WP\/#website","url":"https:\/\/www.efie-erlangen.de\/WP\/","name":"EFIE","description":"Ehrenamtliche Fl\u00fcchtlingsbetreuung in Erlangen EFIE e.V.","potentialAction":[{"@type":"SearchAction","target":{"@type":"EntryPoint","urlTemplate":"https:\/\/www.efie-erlangen.de\/WP\/?s={search_term_string}"},"query-input":{"@type":"PropertyValueSpecification","valueRequired":true,"valueName":"search_term_string"}}],"inLanguage":"de"}]}},"_links":{"self":[{"href":"https:\/\/www.efie-erlangen.de\/WP\/wp-json\/wp\/v2\/pages\/3440","targetHints":{"allow":["GET"]}}],"collection":[{"href":"https:\/\/www.efie-erlangen.de\/WP\/wp-json\/wp\/v2\/pages"}],"about":[{"href":"https:\/\/www.efie-erlangen.de\/WP\/wp-json\/wp\/v2\/types\/page"}],"author":[{"embeddable":true,"href":"https:\/\/www.efie-erlangen.de\/WP\/wp-json\/wp\/v2\/users\/6"}],"replies":[{"embeddable":true,"href":"https:\/\/www.efie-erlangen.de\/WP\/wp-json\/wp\/v2\/comments?post=3440"}],"version-history":[{"count":138,"href":"https:\/\/www.efie-erlangen.de\/WP\/wp-json\/wp\/v2\/pages\/3440\/revisions"}],"predecessor-version":[{"id":7760,"href":"https:\/\/www.efie-erlangen.de\/WP\/wp-json\/wp\/v2\/pages\/3440\/revisions\/7760"}],"wp:attachment":[{"href":"https:\/\/www.efie-erlangen.de\/WP\/wp-json\/wp\/v2\/media?parent=3440"}],"wp:term":[{"taxonomy":"author","embeddable":true,"href":"https:\/\/www.efie-erlangen.de\/WP\/wp-json\/wp\/v2\/coauthors?post=3440"}],"curies":[{"name":"wp","href":"https:\/\/api.w.org\/{rel}","templated":true}]}}