{"id":2089,"date":"2023-01-21T21:35:38","date_gmt":"2023-01-21T20:35:38","guid":{"rendered":"https:\/\/www.efie-erlangen.de\/WP\/?page_id=2089"},"modified":"2026-02-08T17:45:00","modified_gmt":"2026-02-08T16:45:00","slug":"spenden","status":"publish","type":"page","link":"https:\/\/www.efie-erlangen.de\/WP\/spenden\/","title":{"rendered":"Spenden"},"content":{"rendered":"\n<h2 class=\"wp-block-heading\" id=\"geldspenden\">Geldspenden<\/h2>\n\n\n\n<p>Unser Verein wird ausschlie\u00dflich \u00fcber Spenden finanziert. Damit unterst\u00fctzen wir Gefl\u00fcchtete unter anderem bei amtlichen Angelegenheiten, Bildung und auch bei der Mobilit\u00e4t.<\/p>\n\n\n\n<p>Wenn Du die Arbeit von EFIE finanziell unterst\u00fctzen m\u00f6chtest, dann kannst Du folgendes Konto f\u00fcr Spenden nutzen:<\/p>\n\n\n<div class=\"wp-block-image\">\n<figure class=\"alignleft size-full is-resized\"><img loading=\"lazy\" decoding=\"async\" width=\"841\" height=\"834\" src=\"https:\/\/www.efie-erlangen.de\/WP\/wp-content\/uploads\/2025\/10\/EFIE-Spendenkonto.png\" alt=\"\" class=\"wp-image-7190\" style=\"aspect-ratio:1.0084033290188787;width:115px;height:auto\" srcset=\"https:\/\/www.efie-erlangen.de\/WP\/wp-content\/uploads\/2025\/10\/EFIE-Spendenkonto.png 841w, https:\/\/www.efie-erlangen.de\/WP\/wp-content\/uploads\/2025\/10\/EFIE-Spendenkonto-300x298.png 300w, https:\/\/www.efie-erlangen.de\/WP\/wp-content\/uploads\/2025\/10\/EFIE-Spendenkonto-150x150.png 150w, https:\/\/www.efie-erlangen.de\/WP\/wp-content\/uploads\/2025\/10\/EFIE-Spendenkonto-768x762.png 768w, https:\/\/www.efie-erlangen.de\/WP\/wp-content\/uploads\/2025\/10\/EFIE-Spendenkonto-70x70.png 70w\" sizes=\"auto, (max-width: 841px) 100vw, 841px\" \/><\/figure>\n<\/div>\n\n\n<p><strong>Stadt- und Kreissparkasse Erlangen<br>Kontoinhaber: EFIE Erlangen<br>IBAN: DE86 7635 0000 0060 0429 05<br>SWIFT BIC: BYLADEM1ERH<\/strong><\/p>\n\n\n\n<p>Oder ganz bequem per PayPal oder Kreditkarte spenden:<\/p>\n\n\n\n<div id=\"donate-button-container\">\n<div id=\"donate-button\"><\/div>\n<script src=\"https:\/\/www.paypalobjects.com\/donate\/sdk\/donate-sdk.js\" charset=\"UTF-8\"><\/script>\n<script>\nPayPal.Donation.Button({\nenv:'production',\nhosted_button_id:'8JM9JFFCQWMAS',\nimage: {\nsrc:'https:\/\/www.paypalobjects.com\/de_DE\/DE\/i\/btn\/btn_donateCC_LG.gif',\nalt:'Spenden mit dem PayPal-Button',\ntitle:'PayPal - The safer, easier way to pay online!',\n}\n}).render('#donate-button');\n<\/script>\n<\/div>\n\n\n\n<p><\/p>\n\n\n\n<p>Au\u00dferdem sind wir auf der Spendenplattform <strong>betterplace <\/strong>vertreten. Dort kannst Du uns einfach, sicher und transparent unterst\u00fctzen. Deine Spende flie\u00dft direkt in die finanzielle Unterst\u00fctzung von Gefl\u00fcchteten und hilft uns, schnell und unb\u00fcrokratisch Hilfe zu leisten. Du kannst dir einfach ein f\u00fcr Dich passendes Unterprojekt aussuchen und spenden.<\/p>\n\n\n\n<p>Hier gelangst Du direkt zu unserer Spendenseite: <a href=\"http:\/\/www.betterplace.org\/p170286\" target=\"_blank\" rel=\"noreferrer noopener\">www.betterplace.org\/p170286<\/a><\/p>\n\n\n\n<p>Spenden ohne Angabe eines bestimmten Zwecks erm\u00f6glichen uns flexibles Arbeiten, wobei die Spendengelder ausschlie\u00dflich f\u00fcr satzungsgem\u00e4\u00dfe Aufgaben ausgegeben werden, also um Gefl\u00fcchtete in Erlangen zu unterst\u00fctzen.<br>Sollte ausnahmsweise mal eine zweckgebundene Spende gegeben werden, bitte unbedingt die gew\u00fcnschte Verwendung zur \u00dcberweisung hinzuf\u00fcgen, damit wir den Wunsch erkennen k\u00f6nnen!<\/p>\n\n\n\n<p>Fragen zum Thema Geldspenden beantworten wir gerne per Mail <a href=\"https:\/\/www.efie-erlangen.de\/WP\/kontakt-2\/\" data-type=\"page\" data-id=\"168\"><\/a><a href=\"https:\/\/www.efie-erlangen.de\/WP\/kontakt-2\/\" data-type=\"page\" data-id=\"168\">Kontaktformular<\/a>.<\/p>\n\n\n\n<p>Wichtig: F\u00fcr eine <strong>Spendenquittung<\/strong> ben\u00f6tigen wir unbedingt die Adressdaten. Nur so k\u00f6nnen wir das Schreiben zusenden!<br>Bei Spenden bis 300 Euro ist kein gesonderter Spendennachweis erforderlich, es reicht der \u00dcberweisungsbeleg.&nbsp;Details dazu siehe z.B. bei: \u201c<a href=\"http:\/\/www.vlh.de\/kaufen-investieren\/spenden-beitraege\/bei-spenden-bis-200-euro-reicht-ein-einfacher-nachweis.html\" target=\"_blank\" rel=\"noreferrer noopener\">Vereinigte Lohnsteuerhilfe e.V.<\/a>\u201d<\/p>\n\n\n\n<p>Herzlichen Dank!<\/p>\n\n\n\n<figure class=\"wp-block-image size-large\"><img loading=\"lazy\" decoding=\"async\" width=\"1024\" height=\"484\" src=\"https:\/\/www.efie-erlangen.de\/WP\/wp-content\/uploads\/2022\/01\/pexels-cottonbro-3943716-1024x484.jpg\" alt=\"\" class=\"wp-image-692\" srcset=\"https:\/\/www.efie-erlangen.de\/WP\/wp-content\/uploads\/2022\/01\/pexels-cottonbro-3943716-1024x484.jpg 1024w, https:\/\/www.efie-erlangen.de\/WP\/wp-content\/uploads\/2022\/01\/pexels-cottonbro-3943716-300x142.jpg 300w, https:\/\/www.efie-erlangen.de\/WP\/wp-content\/uploads\/2022\/01\/pexels-cottonbro-3943716-768x363.jpg 768w, https:\/\/www.efie-erlangen.de\/WP\/wp-content\/uploads\/2022\/01\/pexels-cottonbro-3943716-1536x726.jpg 1536w, https:\/\/www.efie-erlangen.de\/WP\/wp-content\/uploads\/2022\/01\/pexels-cottonbro-3943716-2048x968.jpg 2048w, https:\/\/www.efie-erlangen.de\/WP\/wp-content\/uploads\/2022\/01\/pexels-cottonbro-3943716-1360x643.jpg 1360w\" sizes=\"auto, (max-width: 1024px) 100vw, 1024px\" \/><\/figure>\n\n\n\n<h2 class=\"wp-block-heading\" id=\"sachspenden\">Sachspenden<\/h2>\n\n\n\n<p>EFIE kann aus Kapazit\u00e4tsgr\u00fcnden leider keine Sachspenden annehmen. Du kannst dich aber bei uns melden und uns ein Foto mit einer guten Beschreibung senden und wir ver\u00f6ffentlichen es in unserem w\u00f6chentlichen Newsletter. <\/p>\n\n\n\n<p>Bitte unterst\u00fctze mit Deiner Kleiderspende<\/p>\n\n\n\n<ul class=\"wp-block-list\">\n<li>die <a rel=\"noreferrer noopener\" href=\"https:\/\/www.diakonie-erlangen.de\/ich-brauche-hilfe\/armut-und-arbeitslosigkeit\/fundgrube\/\" target=\"_blank\">Fundgrube der Diakonie Erlangen<\/a><\/li>\n\n\n\n<li>die <a rel=\"noreferrer noopener\" href=\"https:\/\/www.caritas-erlangen.de\/index.php\/de\/?option=com_content&amp;view=category&amp;id=21&amp;Itemid=282\" target=\"_blank\">Boutique der Caritas Erlangen<\/a><\/li>\n\n\n\n<li>das <a rel=\"noreferrer noopener\" href=\"https:\/\/www.asb-erlangen.de\/unsere-angebote1\/kleiderkaffee\" target=\"_blank\">KleiderKaffee des ASB Erlangen<\/a><\/li>\n\n\n\n<li>au\u00dferdem gern bei <a rel=\"noreferrer noopener\" href=\"https:\/\/nebenan.de\/catalog\/bayern\" data-type=\"URL\" data-id=\"https:\/\/nebenan.de\/catalog\/bayern\" target=\"_blank\">nebenan.de<\/a> suchen oder finden<\/li>\n<\/ul>\n\n\n\n<p><strong>Gr\u00f6\u00dfere Sachen<\/strong> (z.B. M\u00f6bel, Matratzen) k\u00f6nnen wir auch nicht mehr annehmen und verteilen. Bitte nutzt die <a rel=\"noreferrer noopener\" href=\"https:\/\/www.erlanger-verschenkboerse.de\/item\/new\" target=\"_blank\">Erlanger Tausch- und Verschenkb\u00f6rse<\/a>.<\/p>\n\n\n\n<p>Deine defekten <strong>Elektroger\u00e4te <\/strong>(auch Wasch- und Sp\u00fclmaschinen) k\u00f6nnen hilfreich sein. Herr Kemal \u00d6zolgun (<a href=\"mailto:kemaloezolgun@gmx.de\">kemaloezolgun@gmx.de<\/a>) repariert sie und stellt die Ger\u00e4te Gefl\u00fcchteten kostenlos bzw. zum Selbstkostenpreis zur Verf\u00fcgung.<\/p>\n\n\n\n<p>Auch <strong>Fahrr\u00e4der<\/strong> k\u00f6nnen nicht mehr angenommen werden. Die Helfer*innen unterst\u00fctzen allerdings Gefl\u00fcchtete bei der Reparatur ihrer R\u00e4der in Kooperation mit dem <a href=\"https:\/\/www.e-werk.de\/mitmachen-initiativen-ehrenamt\/fahrradwerkstatt\/\" target=\"_blank\" rel=\"noreferrer noopener\">Flickwerk<\/a><br>Au\u00dferdem bietet das <a data-type=\"URL\" data-id=\"https:\/\/hergricht.de\/#werkstatt\" href=\"https:\/\/hergricht.de\/#werkstatt\" target=\"_blank\" rel=\"noreferrer noopener\">Caf\u00e9 Hergericht<\/a> Fahrradversteigerungen und Reperaturen an. Einfach bei den Kolleg*innen melden.<\/p>\n","protected":false},"excerpt":{"rendered":"<p>Geldspenden Unser Verein wird ausschlie\u00dflich \u00fcber Spenden finanziert. Damit unterst\u00fctzen wir Gefl\u00fcchtete unter anderem bei amtlichen Angelegenheiten, Bildung und auch bei der Mobilit\u00e4t. Wenn Du die Arbeit von EFIE finanziell unterst\u00fctzen m\u00f6chtest, dann kannst Du&hellip;<\/p>\n","protected":false},"author":6,"featured_media":0,"parent":0,"menu_order":0,"comment_status":"closed","ping_status":"closed","template":"templates\/template-full-width.php","meta":{"footnotes":""},"coauthors":[42],"class_list":["post-2089","page","type-page","status-publish","hentry"],"yoast_head":"<!-- This site is optimized with the Yoast SEO plugin v27.4 - https:\/\/yoast.com\/product\/yoast-seo-wordpress\/ -->\n<title>Spenden - EFIE<\/title>\n<meta name=\"robots\" content=\"index, follow, max-snippet:-1, max-image-preview:large, max-video-preview:-1\" \/>\n<link rel=\"canonical\" href=\"https:\/\/www.efie-erlangen.de\/WP\/spenden\/\" \/>\n<meta property=\"og:locale\" content=\"de_DE\" \/>\n<meta property=\"og:type\" content=\"article\" \/>\n<meta property=\"og:title\" content=\"Spenden - EFIE\" \/>\n<meta property=\"og:description\" content=\"Geldspenden Unser Verein wird ausschlie\u00dflich \u00fcber Spenden finanziert. Damit unterst\u00fctzen wir Gefl\u00fcchtete unter anderem bei amtlichen Angelegenheiten, Bildung und auch bei der Mobilit\u00e4t. Wenn Du die Arbeit von EFIE finanziell unterst\u00fctzen m\u00f6chtest, dann kannst Du&hellip;\" \/>\n<meta property=\"og:url\" content=\"https:\/\/www.efie-erlangen.de\/WP\/spenden\/\" \/>\n<meta property=\"og:site_name\" content=\"EFIE\" \/>\n<meta property=\"article:modified_time\" content=\"2026-02-08T16:45:00+00:00\" \/>\n<meta property=\"og:image\" content=\"https:\/\/www.efie-erlangen.de\/WP\/wp-content\/uploads\/2025\/10\/EFIE-Spendenkonto.png\" \/>\n\t<meta property=\"og:image:width\" content=\"841\" \/>\n\t<meta property=\"og:image:height\" content=\"834\" \/>\n\t<meta property=\"og:image:type\" content=\"image\/png\" \/>\n<meta name=\"twitter:card\" content=\"summary_large_image\" \/>\n<meta name=\"twitter:label1\" content=\"Gesch\u00e4tzte Lesezeit\" \/>\n\t<meta name=\"twitter:data1\" content=\"3\u00a0Minuten\" \/>\n\t<meta name=\"twitter:label2\" content=\"Written by\" \/>\n\t<meta name=\"twitter:data2\" content=\"Philipp\" \/>\n<script type=\"application\/ld+json\" class=\"yoast-schema-graph\">{\"@context\":\"https:\\\/\\\/schema.org\",\"@graph\":[{\"@type\":\"WebPage\",\"@id\":\"https:\\\/\\\/www.efie-erlangen.de\\\/WP\\\/spenden\\\/\",\"url\":\"https:\\\/\\\/www.efie-erlangen.de\\\/WP\\\/spenden\\\/\",\"name\":\"Spenden - EFIE\",\"isPartOf\":{\"@id\":\"https:\\\/\\\/www.efie-erlangen.de\\\/WP\\\/#website\"},\"primaryImageOfPage\":{\"@id\":\"https:\\\/\\\/www.efie-erlangen.de\\\/WP\\\/spenden\\\/#primaryimage\"},\"image\":{\"@id\":\"https:\\\/\\\/www.efie-erlangen.de\\\/WP\\\/spenden\\\/#primaryimage\"},\"thumbnailUrl\":\"https:\\\/\\\/www.efie-erlangen.de\\\/WP\\\/wp-content\\\/uploads\\\/2025\\\/10\\\/EFIE-Spendenkonto.png\",\"datePublished\":\"2023-01-21T20:35:38+00:00\",\"dateModified\":\"2026-02-08T16:45:00+00:00\",\"breadcrumb\":{\"@id\":\"https:\\\/\\\/www.efie-erlangen.de\\\/WP\\\/spenden\\\/#breadcrumb\"},\"inLanguage\":\"de\",\"potentialAction\":[{\"@type\":\"ReadAction\",\"target\":[\"https:\\\/\\\/www.efie-erlangen.de\\\/WP\\\/spenden\\\/\"]}]},{\"@type\":\"ImageObject\",\"inLanguage\":\"de\",\"@id\":\"https:\\\/\\\/www.efie-erlangen.de\\\/WP\\\/spenden\\\/#primaryimage\",\"url\":\"https:\\\/\\\/www.efie-erlangen.de\\\/WP\\\/wp-content\\\/uploads\\\/2025\\\/10\\\/EFIE-Spendenkonto.png\",\"contentUrl\":\"https:\\\/\\\/www.efie-erlangen.de\\\/WP\\\/wp-content\\\/uploads\\\/2025\\\/10\\\/EFIE-Spendenkonto.png\",\"width\":841,\"height\":834},{\"@type\":\"BreadcrumbList\",\"@id\":\"https:\\\/\\\/www.efie-erlangen.de\\\/WP\\\/spenden\\\/#breadcrumb\",\"itemListElement\":[{\"@type\":\"ListItem\",\"position\":1,\"name\":\"Startseite\",\"item\":\"https:\\\/\\\/www.efie-erlangen.de\\\/WP\\\/\"},{\"@type\":\"ListItem\",\"position\":2,\"name\":\"Spenden\"}]},{\"@type\":\"WebSite\",\"@id\":\"https:\\\/\\\/www.efie-erlangen.de\\\/WP\\\/#website\",\"url\":\"https:\\\/\\\/www.efie-erlangen.de\\\/WP\\\/\",\"name\":\"EFIE\",\"description\":\"Ehrenamtliche Fl\u00fcchtlingsbetreuung in Erlangen EFIE e.V.\",\"potentialAction\":[{\"@type\":\"SearchAction\",\"target\":{\"@type\":\"EntryPoint\",\"urlTemplate\":\"https:\\\/\\\/www.efie-erlangen.de\\\/WP\\\/?s={search_term_string}\"},\"query-input\":{\"@type\":\"PropertyValueSpecification\",\"valueRequired\":true,\"valueName\":\"search_term_string\"}}],\"inLanguage\":\"de\"}]}<\/script>\n<!-- \/ Yoast SEO plugin. -->","yoast_head_json":{"title":"Spenden - EFIE","robots":{"index":"index","follow":"follow","max-snippet":"max-snippet:-1","max-image-preview":"max-image-preview:large","max-video-preview":"max-video-preview:-1"},"canonical":"https:\/\/www.efie-erlangen.de\/WP\/spenden\/","og_locale":"de_DE","og_type":"article","og_title":"Spenden - EFIE","og_description":"Geldspenden Unser Verein wird ausschlie\u00dflich \u00fcber Spenden finanziert. Damit unterst\u00fctzen wir Gefl\u00fcchtete unter anderem bei amtlichen Angelegenheiten, Bildung und auch bei der Mobilit\u00e4t. Wenn Du die Arbeit von EFIE finanziell unterst\u00fctzen m\u00f6chtest, dann kannst Du&hellip;","og_url":"https:\/\/www.efie-erlangen.de\/WP\/spenden\/","og_site_name":"EFIE","article_modified_time":"2026-02-08T16:45:00+00:00","og_image":[{"width":841,"height":834,"url":"https:\/\/www.efie-erlangen.de\/WP\/wp-content\/uploads\/2025\/10\/EFIE-Spendenkonto.png","type":"image\/png"}],"twitter_card":"summary_large_image","twitter_misc":{"Gesch\u00e4tzte Lesezeit":"3\u00a0Minuten","Written by":"Philipp"},"schema":{"@context":"https:\/\/schema.org","@graph":[{"@type":"WebPage","@id":"https:\/\/www.efie-erlangen.de\/WP\/spenden\/","url":"https:\/\/www.efie-erlangen.de\/WP\/spenden\/","name":"Spenden - EFIE","isPartOf":{"@id":"https:\/\/www.efie-erlangen.de\/WP\/#website"},"primaryImageOfPage":{"@id":"https:\/\/www.efie-erlangen.de\/WP\/spenden\/#primaryimage"},"image":{"@id":"https:\/\/www.efie-erlangen.de\/WP\/spenden\/#primaryimage"},"thumbnailUrl":"https:\/\/www.efie-erlangen.de\/WP\/wp-content\/uploads\/2025\/10\/EFIE-Spendenkonto.png","datePublished":"2023-01-21T20:35:38+00:00","dateModified":"2026-02-08T16:45:00+00:00","breadcrumb":{"@id":"https:\/\/www.efie-erlangen.de\/WP\/spenden\/#breadcrumb"},"inLanguage":"de","potentialAction":[{"@type":"ReadAction","target":["https:\/\/www.efie-erlangen.de\/WP\/spenden\/"]}]},{"@type":"ImageObject","inLanguage":"de","@id":"https:\/\/www.efie-erlangen.de\/WP\/spenden\/#primaryimage","url":"https:\/\/www.efie-erlangen.de\/WP\/wp-content\/uploads\/2025\/10\/EFIE-Spendenkonto.png","contentUrl":"https:\/\/www.efie-erlangen.de\/WP\/wp-content\/uploads\/2025\/10\/EFIE-Spendenkonto.png","width":841,"height":834},{"@type":"BreadcrumbList","@id":"https:\/\/www.efie-erlangen.de\/WP\/spenden\/#breadcrumb","itemListElement":[{"@type":"ListItem","position":1,"name":"Startseite","item":"https:\/\/www.efie-erlangen.de\/WP\/"},{"@type":"ListItem","position":2,"name":"Spenden"}]},{"@type":"WebSite","@id":"https:\/\/www.efie-erlangen.de\/WP\/#website","url":"https:\/\/www.efie-erlangen.de\/WP\/","name":"EFIE","description":"Ehrenamtliche Fl\u00fcchtlingsbetreuung in Erlangen EFIE e.V.","potentialAction":[{"@type":"SearchAction","target":{"@type":"EntryPoint","urlTemplate":"https:\/\/www.efie-erlangen.de\/WP\/?s={search_term_string}"},"query-input":{"@type":"PropertyValueSpecification","valueRequired":true,"valueName":"search_term_string"}}],"inLanguage":"de"}]}},"_links":{"self":[{"href":"https:\/\/www.efie-erlangen.de\/WP\/wp-json\/wp\/v2\/pages\/2089","targetHints":{"allow":["GET"]}}],"collection":[{"href":"https:\/\/www.efie-erlangen.de\/WP\/wp-json\/wp\/v2\/pages"}],"about":[{"href":"https:\/\/www.efie-erlangen.de\/WP\/wp-json\/wp\/v2\/types\/page"}],"author":[{"embeddable":true,"href":"https:\/\/www.efie-erlangen.de\/WP\/wp-json\/wp\/v2\/users\/6"}],"replies":[{"embeddable":true,"href":"https:\/\/www.efie-erlangen.de\/WP\/wp-json\/wp\/v2\/comments?post=2089"}],"version-history":[{"count":27,"href":"https:\/\/www.efie-erlangen.de\/WP\/wp-json\/wp\/v2\/pages\/2089\/revisions"}],"predecessor-version":[{"id":7687,"href":"https:\/\/www.efie-erlangen.de\/WP\/wp-json\/wp\/v2\/pages\/2089\/revisions\/7687"}],"wp:attachment":[{"href":"https:\/\/www.efie-erlangen.de\/WP\/wp-json\/wp\/v2\/media?parent=2089"}],"wp:term":[{"taxonomy":"author","embeddable":true,"href":"https:\/\/www.efie-erlangen.de\/WP\/wp-json\/wp\/v2\/coauthors?post=2089"}],"curies":[{"name":"wp","href":"https:\/\/api.w.org\/{rel}","templated":true}]}}